{"id":17008,"date":"2023-03-22T16:26:51","date_gmt":"2023-03-22T15:26:51","guid":{"rendered":"https:\/\/la-toussuire.com\/wat-te-doen-in-de-zomer\/verken-onze-bergen\/fietsen\/een-gebied-van-grote-cols\/"},"modified":"2023-03-22T16:26:51","modified_gmt":"2023-03-22T15:26:51","slug":"een-gebied-van-grote-cols","status":"publish","type":"page","link":"https:\/\/la-toussuire.com\/nl\/wat-te-doen-in-de-zomer\/zomer-activiteiten\/fietsen\/een-gebied-van-grote-cols\/","title":{"rendered":"Een gebied van grote cols"},"content":{"rendered":"<div class=\"block block-core-heading\">\n<h2 class=\"wp-block-heading\">De Maurienne, het ideale speelterrein voor fietsers<\/h2>\n<\/div><div class=\"block block-core-paragraph\">\n<p>Op ons gebied ontbreken cols niet ! Wanneer u zin hebt <strong>om u in te spannen, te klimmen,<\/strong> opnieuw af te dalen, terug te komen, terug te vertrekken, kunt u het hier doen ! <em>Ontdek onze selectie en kijk uw ogen uit\u2026<\/em><\/p>\n<\/div><div class=\"block block-lba-apidae-selection\"><!--BEGIN ITEMS APIDAE -->\r\n    <div class=\"selection-mode-selector\" data-selection=\"121480\">\r\n        <ul>\r\n            <li><a href=\"#selection-grid\" class=\"active\">Grid view<\/a><\/li>\r\n            <li><a href=\"#selection-map\">Map view<\/a><\/li>\r\n        <\/ul>\r\n    <\/div>\r\n    <div id=\"selection-grid\" style=\"display: block;\">\r\n\r\n        <!--BEGIN FILTER -->\r\n                <!--BEGIN FILTER -->\r\n\r\n        <div id=\"selection-grid\" class=\"selection-mode-default\">\r\n                            <div class=\"card 0-3pieces\">\r\n                    <div class=\"row\">\r\n                        <div class=\"col-md-3\">\r\n                                                        <img decoding=\"async\" src=\"https:\/\/static.apidae-tourisme.com\/filestore\/objets-touristiques\/images\/214\/182\/8042198-diaporama.jpg\" class=\"w-100\" alt=\"Image Vue vall\u00e9e des Huiles \">\r\n                        <\/div>\r\n                        <div class=\"col-md-9\">\r\n                            <div class=\"card-block px-1\">\r\n                                <h2 class=\"card-title\">\r\n                                    <a href=\"https:\/\/la-toussuire.com\/nl\/details\/ascension-du-col-du-grand-cucheron-5577866-Fr\/\">Ascension du Col du Grand Cucheron<\/a>\r\n                                <\/h2>\r\n                                <p class=\"classement\"><\/p>\r\n                                <p class=\"card-text\">Culminant \u00e0 1188 m d&#8217;altitude, le Col du Grand Cucheron se situe dans le massif de Belledonne et permet de relier la vall\u00e9e des Huiles \u00e0 celle de La Maurienne. Cette ascension offre une vue impressionnante sur le massif de La Lauzi\u00e8re.<\/p>\r\n                                <p class=\"labels\"><\/p>\r\n                            <\/div>\r\n                            <a href=\"https:\/\/la-toussuire.com\/nl\/details\/ascension-du-col-du-grand-cucheron-5577866-Fr\/\" class=\"btn\">Meer zien<\/a>\r\n                        <\/div>\r\n                    <\/div>\r\n                <\/div>\r\n                            <div class=\"card 0-3pieces\">\r\n                    <div class=\"row\">\r\n                        <div class=\"col-md-3\">\r\n                                                            <div class=\"pictos\">\r\n                                    <span class=\"label-animaux_acceptes\" title=\"Animaux accept\u00e9s\">Animaux accept\u00e9s<\/span>                                <\/div>\r\n                                                        <img decoding=\"async\" src=\"https:\/\/static.apidae-tourisme.com\/filestore\/objets-touristiques\/images\/41\/25\/8001833-diaporama.jpg\" class=\"w-100\" alt=\"Image 20200606_101007\">\r\n                        <\/div>\r\n                        <div class=\"col-md-9\">\r\n                            <div class=\"card-block px-1\">\r\n                                <h2 class=\"card-title\">\r\n                                    <a href=\"https:\/\/la-toussuire.com\/nl\/details\/boucle-cyclo-boucle-toussuire-corbier-333127-Fr\/\">Boucle cyclo : Boucle Toussuire\/Corbier<\/a>\r\n                                <\/h2>\r\n                                <p class=\"classement\"><\/p>\r\n                                <p class=\"card-text\">Une mont\u00e9e aux multiples lacets, au bout de laquelle vous d\u00e9couvrirez les contrastes de deux stations jumelles, dont l&#8217;une, La Toussuire, s&#8217;enorgueillit d\u2019accueillir le Tour de France.<\/p>\r\n                                <p class=\"labels\"><\/p>\r\n                            <\/div>\r\n                            <a href=\"https:\/\/la-toussuire.com\/nl\/details\/boucle-cyclo-boucle-toussuire-corbier-333127-Fr\/\" class=\"btn\">Meer zien<\/a>\r\n                        <\/div>\r\n                    <\/div>\r\n                <\/div>\r\n                            <div class=\"card 0-3pieces\">\r\n                    <div class=\"row\">\r\n                        <div class=\"col-md-3\">\r\n                                                            <div class=\"pictos\">\r\n                                    <span class=\"label-animaux_acceptes\" title=\"Animaux accept\u00e9s\">Animaux accept\u00e9s<\/span>                                <\/div>\r\n                                                        <img decoding=\"async\" src=\"https:\/\/static.apidae-tourisme.com\/filestore\/objets-touristiques\/images\/244\/109\/38628852__QUARANTAINE__-diaporama.jpg\" class=\"w-100\" alt=\"Image A117 Circuit de Beau-Plan depuis Saint-Martin-de-la-Porte - Maurienne - Savoie - \u00a9 Savoie Mont Blanc - Anglade\">\r\n                        <\/div>\r\n                        <div class=\"col-md-9\">\r\n                            <div class=\"card-block px-1\">\r\n                                <h2 class=\"card-title\">\r\n                                    <a href=\"https:\/\/la-toussuire.com\/nl\/details\/boucle-cyclo-circuit-de-beau-plan-boucle-de-beaune-761821-Fr\/\">Boucle cyclo : Circuit de Beau Plan \/ Boucle de Beaune<\/a>\r\n                                <\/h2>\r\n                                <p class=\"classement\"><\/p>\r\n                                <p class=\"card-text\">Beaucoup moins connu et parcouru que la mont\u00e9e au col du T\u00e9l\u00e9graphe qui se situe juste en face sur l\u2019autre versant de la vall\u00e9e, cet itin\u00e9raire n\u2019en est pas moins aussi beau et rude&#8230; avec la tranquillit\u00e9 en plus !<\/p>\r\n                                <p class=\"labels\"><\/p>\r\n                            <\/div>\r\n                            <a href=\"https:\/\/la-toussuire.com\/nl\/details\/boucle-cyclo-circuit-de-beau-plan-boucle-de-beaune-761821-Fr\/\" class=\"btn\">Meer zien<\/a>\r\n                        <\/div>\r\n                    <\/div>\r\n                <\/div>\r\n                            <div class=\"card 0-3pieces\">\r\n                    <div class=\"row\">\r\n                        <div class=\"col-md-3\">\r\n                                                            <div class=\"pictos\">\r\n                                    <span class=\"label-animaux_acceptes\" title=\"Animaux accept\u00e9s\">Animaux accept\u00e9s<\/span>                                <\/div>\r\n                                                        <img decoding=\"async\" src=\"https:\/\/static.apidae-tourisme.com\/filestore\/objets-touristiques\/images\/154\/18\/1512090-diaporama.jpg\" class=\"w-100\" alt=\"Image Chaussy - A. GROS (no press B) (126)\">\r\n                        <\/div>\r\n                        <div class=\"col-md-9\">\r\n                            <div class=\"card-block px-1\">\r\n                                <h2 class=\"card-title\">\r\n                                    <a href=\"https:\/\/la-toussuire.com\/nl\/details\/boucle-cyclo-circuit-du-chaussy-333126-Fr\/\">Boucle cyclo : Circuit du Chaussy<\/a>\r\n                                <\/h2>\r\n                                <p class=\"classement\"><\/p>\r\n                                <p class=\"card-text\">Un parcours qui d\u00e9bute par les extraordinaires lacets de Montvernier, avec une suite athl\u00e9tique sous les falaises de Montpascal. La travers\u00e9e du col du Chaussy vers Montaimont s\u2019ach\u00e8ve sur la route du col de la Madeleine. Une boucle de toute beaut\u00e9 !<\/p>\r\n                                <p class=\"labels\"><\/p>\r\n                            <\/div>\r\n                            <a href=\"https:\/\/la-toussuire.com\/nl\/details\/boucle-cyclo-circuit-du-chaussy-333126-Fr\/\" class=\"btn\">Meer zien<\/a>\r\n                        <\/div>\r\n                    <\/div>\r\n                <\/div>\r\n                            <div class=\"card 0-3pieces\">\r\n                    <div class=\"row\">\r\n                        <div class=\"col-md-3\">\r\n                                                            <div class=\"pictos\">\r\n                                    <span class=\"label-animaux_acceptes\" title=\"Animaux accept\u00e9s\">Animaux accept\u00e9s<\/span>                                <\/div>\r\n                                                        <img decoding=\"async\" src=\"https:\/\/static.apidae-tourisme.com\/filestore\/objets-touristiques\/images\/219\/109\/38628827__QUARANTAINE__-diaporama.jpg\" class=\"w-100\" alt=\"Image A110 Lacets de Montvernier - Maurienne - Savoie - \u00a9 Savoie Mont Blanc - Anglade\">\r\n                        <\/div>\r\n                        <div class=\"col-md-9\">\r\n                            <div class=\"card-block px-1\">\r\n                                <h2 class=\"card-title\">\r\n                                    <a href=\"https:\/\/la-toussuire.com\/nl\/details\/boucle-cyclo-lacets-de-montvernier-tour-du-chatel-333125-Fr\/\">Boucle cyclo : Lacets de Montvernier &#8211; Tour du Ch\u00e2tel<\/a>\r\n                                <\/h2>\r\n                                <p class=\"classement\"><\/p>\r\n                                <p class=\"card-text\">Au d\u00e9part de St-Jean-de-Maurienne, prendre la Mauriennaise jusqu&#8217;\u00e0 Pontamafrey. Les lacets de Montvernier, accroch\u00e9s \u00e0 la falaise, forment l&#8217;une des routes les plus spectaculaires qui soient.<\/p>\r\n                                <p class=\"labels\"><\/p>\r\n                            <\/div>\r\n                            <a href=\"https:\/\/la-toussuire.com\/nl\/details\/boucle-cyclo-lacets-de-montvernier-tour-du-chatel-333125-Fr\/\" class=\"btn\">Meer zien<\/a>\r\n                        <\/div>\r\n                    <\/div>\r\n                <\/div>\r\n                            <div class=\"card 0-3pieces\">\r\n                    <div class=\"row\">\r\n                        <div class=\"col-md-3\">\r\n                                                            <div class=\"pictos\">\r\n                                    <span class=\"label-animaux_acceptes\" title=\"Animaux accept\u00e9s\">Animaux accept\u00e9s<\/span>                                <\/div>\r\n                                                        <img decoding=\"async\" src=\"https:\/\/static.apidae-tourisme.com\/filestore\/objets-touristiques\/images\/220\/109\/38628828__QUARANTAINE__-diaporama.jpg\" class=\"w-100\" alt=\"Image A111 Travers\u00e9e du Mollard depuis Villargondran - Maurienne - Savoie - \u00a9 Savoie Mont Blanc - Anglade\">\r\n                        <\/div>\r\n                        <div class=\"col-md-9\">\r\n                            <div class=\"card-block px-1\">\r\n                                <h2 class=\"card-title\">\r\n                                    <a href=\"https:\/\/la-toussuire.com\/nl\/details\/boucle-cyclo-traversee-du-col-du-mollard-333130-Fr\/\">Boucle cyclo : Travers\u00e9e du Col du Mollard<\/a>\r\n                                <\/h2>\r\n                                <p class=\"classement\"><\/p>\r\n                                <p class=\"card-text\">La travers\u00e9e du col du Mollard, rendue c\u00e9l\u00e8bre d\u00e9sormais par le passage du Tour de France, peut-\u00eatre con\u00e7ue comme une prolongation du Tour des Albiez, sous le regard de \u00ab la T\u00eate de Chat \u00bb, la plus proche des trois Aiguilles d\u2019Arves.<\/p>\r\n                                <p class=\"labels\"><\/p>\r\n                            <\/div>\r\n                            <a href=\"https:\/\/la-toussuire.com\/nl\/details\/boucle-cyclo-traversee-du-col-du-mollard-333130-Fr\/\" class=\"btn\">Meer zien<\/a>\r\n                        <\/div>\r\n                    <\/div>\r\n                <\/div>\r\n                            <div class=\"card 0-3pieces\">\r\n                    <div class=\"row\">\r\n                        <div class=\"col-md-3\">\r\n                                                        <img decoding=\"async\" src=\"https:\/\/static.apidae-tourisme.com\/filestore\/objets-touristiques\/images\/243\/51\/37827571-diaporama.jpg\" class=\"w-100\" alt=\"Image Col-de-la-Madeleine-gravel_Jour-1_JGA (1)\">\r\n                        <\/div>\r\n                        <div class=\"col-md-9\">\r\n                            <div class=\"card-block px-1\">\r\n                                <h2 class=\"card-title\">\r\n                                    <a href=\"https:\/\/la-toussuire.com\/nl\/details\/boucle-des-lacets-de-montvernier-5588742-Fr\/\">Boucle des lacets de Montvernier<\/a>\r\n                                <\/h2>\r\n                                <p class=\"classement\"><\/p>\r\n                                <p class=\"card-text\">Les 18 petits lacets, accroch\u00e9s \u00e0 la montagne, constituent une route des plus spectaculaires de Savoie et un v\u00e9ritable d\u00e9fi de plaisir pour les cyclistes. Joli panorama au sommet.<\/p>\r\n                                <p class=\"labels\"><\/p>\r\n                            <\/div>\r\n                            <a href=\"https:\/\/la-toussuire.com\/nl\/details\/boucle-des-lacets-de-montvernier-5588742-Fr\/\" class=\"btn\">Meer zien<\/a>\r\n                        <\/div>\r\n                    <\/div>\r\n                <\/div>\r\n                            <div class=\"card 0-3pieces\">\r\n                    <div class=\"row\">\r\n                        <div class=\"col-md-3\">\r\n                                                        <img decoding=\"async\" src=\"https:\/\/static.apidae-tourisme.com\/filestore\/objets-touristiques\/images\/114\/235\/37809010-diaporama.jpg\" class=\"w-100\" alt=\"Image IMG_2749\">\r\n                        <\/div>\r\n                        <div class=\"col-md-9\">\r\n                            <div class=\"card-block px-1\">\r\n                                <h2 class=\"card-title\">\r\n                                    <a href=\"https:\/\/la-toussuire.com\/nl\/details\/boucle-mauriennaise-761250-Fr\/\">Boucle Mauriennaise<\/a>\r\n                                <\/h2>\r\n                                <p class=\"classement\"><\/p>\r\n                                <p class=\"card-text\">Ce parcours, tr\u00e8s fr\u00e9quent\u00e9 par les cyclistes locaux, permet de r\u00e9aliser une belle boucle en fond de vall\u00e9e, tout en \u00e9vitant les grands axes routiers et les gros d\u00e9nivel\u00e9s.<\/p>\r\n                                <p class=\"labels\"><\/p>\r\n                            <\/div>\r\n                            <a href=\"https:\/\/la-toussuire.com\/nl\/details\/boucle-mauriennaise-761250-Fr\/\" class=\"btn\">Meer zien<\/a>\r\n                        <\/div>\r\n                    <\/div>\r\n                <\/div>\r\n                            <div class=\"card 0-3pieces\">\r\n                    <div class=\"row\">\r\n                        <div class=\"col-md-3\">\r\n                                                        <img decoding=\"async\" src=\"https:\/\/static.apidae-tourisme.com\/filestore\/objets-touristiques\/images\/95\/127\/10387295-diaporama.jpg\" class=\"w-100\" alt=\"Image IMG_20210629_172346\">\r\n                        <\/div>\r\n                        <div class=\"col-md-9\">\r\n                            <div class=\"card-block px-1\">\r\n                                <h2 class=\"card-title\">\r\n                                    <a href=\"https:\/\/la-toussuire.com\/nl\/details\/col-dalbanne-et-lac-de-pramol-par-les-karellis-75248-Fr\/\">Col d&#8217;Albanne et Lac de Pramol par les Karellis<\/a>\r\n                                <\/h2>\r\n                                <p class=\"classement\"><\/p>\r\n                                <p class=\"card-text\">Cette boucle est exigeante sur le plan sportif mais vous m\u00e8ne dans un havre de paix sur les hauteurs du petit village d&#8217;Albanne avec vue sur la majestueuse Croix des T\u00eates ! Elle est id\u00e9ale pour les cyclistes en qu\u00eate de d\u00e9fi et d\u2019authenticit\u00e9 alpine.<\/p>\r\n                                <p class=\"labels\"><\/p>\r\n                            <\/div>\r\n                            <a href=\"https:\/\/la-toussuire.com\/nl\/details\/col-dalbanne-et-lac-de-pramol-par-les-karellis-75248-Fr\/\" class=\"btn\">Meer zien<\/a>\r\n                        <\/div>\r\n                    <\/div>\r\n                <\/div>\r\n                            <div class=\"card 0-3pieces\">\r\n                    <div class=\"row\">\r\n                        <div class=\"col-md-3\">\r\n                                                        <img decoding=\"async\" src=\"https:\/\/static.apidae-tourisme.com\/filestore\/objets-touristiques\/images\/68\/16\/1511492-diaporama.jpg\" class=\"w-100\" alt=\"Image Col du Glandon - juillet 2011 - A. GROS (54)\">\r\n                        <\/div>\r\n                        <div class=\"col-md-9\">\r\n                            <div class=\"card-block px-1\">\r\n                                <h2 class=\"card-title\">\r\n                                    <a href=\"https:\/\/la-toussuire.com\/nl\/details\/col-de-la-croix-de-fer-et-du-glandon-638897-Fr\/\">Col de la Croix de fer et du Glandon<\/a>\r\n                                <\/h2>\r\n                                <p class=\"classement\"><\/p>\r\n                                <p class=\"card-text\">Cet itin\u00e9raire permet de relier trois cols mythiques du Tour de France : le Glandon, la Croix de Fer et le Mollard. Il s\u2019agit de l\u2019une des ascensions les plus difficiles de Savoie, mais aussi de l\u2019une des plus riches en paysages et en patrimoine local.<\/p>\r\n                                <p class=\"labels\"><\/p>\r\n                            <\/div>\r\n                            <a href=\"https:\/\/la-toussuire.com\/nl\/details\/col-de-la-croix-de-fer-et-du-glandon-638897-Fr\/\" class=\"btn\">Meer zien<\/a>\r\n                        <\/div>\r\n                    <\/div>\r\n                <\/div>\r\n                            <div class=\"card 0-3pieces\">\r\n                    <div class=\"row\">\r\n                        <div class=\"col-md-3\">\r\n                                                        <img decoding=\"async\" src=\"https:\/\/static.apidae-tourisme.com\/filestore\/objets-touristiques\/images\/177\/24\/1513649-diaporama.jpg\" class=\"w-100\" alt=\"Image Chaussy - A. GROS (No press B) (2)\">\r\n                        <\/div>\r\n                        <div class=\"col-md-9\">\r\n                            <div class=\"card-block px-1\">\r\n                                <h2 class=\"card-title\">\r\n                                    <a href=\"https:\/\/la-toussuire.com\/nl\/details\/col-du-chaussy-et-de-la-madeleine-776865-Fr\/\">Col du Chaussy et de la Madeleine<\/a>\r\n                                <\/h2>\r\n                                <p class=\"classement\"><\/p>\r\n                                <p class=\"card-text\">Cet itin\u00e9raire difficile permet de boucler 2 merveilleux cols : le chaussy (1533 m) et la Madeleine (2000 m) tout en traversant de tr\u00e8s beaux petits villages et la station de Saint-Fran\u00e7ois Longchamp.<\/p>\r\n                                <p class=\"labels\"><\/p>\r\n                            <\/div>\r\n                            <a href=\"https:\/\/la-toussuire.com\/nl\/details\/col-du-chaussy-et-de-la-madeleine-776865-Fr\/\" class=\"btn\">Meer zien<\/a>\r\n                        <\/div>\r\n                    <\/div>\r\n                <\/div>\r\n                            <div class=\"card 0-3pieces\">\r\n                    <div class=\"row\">\r\n                        <div class=\"col-md-3\">\r\n                                                        <img decoding=\"async\" src=\"https:\/\/static.apidae-tourisme.com\/filestore\/objets-touristiques\/images\/103\/153\/37853543-diaporama.jpg\" class=\"w-100\" alt=\"Image Col-de-la-Madeleine-gravel_Jour-1_JGA (18)\">\r\n                        <\/div>\r\n                        <div class=\"col-md-9\">\r\n                            <div class=\"card-block px-1\">\r\n                                <h2 class=\"card-title\">\r\n                                    <a href=\"https:\/\/la-toussuire.com\/nl\/details\/col-du-chaussy-et-de-la-madeleine-par-les-lacets-de-montvernier-7675704-Fr\/\">Col du Chaussy et de la Madeleine par les lacets de Montvernier<\/a>\r\n                                <\/h2>\r\n                                <p class=\"classement\"><\/p>\r\n                                <p class=\"card-text\">l\u2019Itin\u00e9raire alterne entre passages techniques, portions plus fluides et travers\u00e9es de villages authentiques. C&#8217;est un circuit soutenu mais \u00e9quilibr\u00e9, qui s\u00e9duit autant par son int\u00e9r\u00eat sportif que par la richesse de ses paysages alpins.<\/p>\r\n                                <p class=\"labels\"><\/p>\r\n                            <\/div>\r\n                            <a href=\"https:\/\/la-toussuire.com\/nl\/details\/col-du-chaussy-et-de-la-madeleine-par-les-lacets-de-montvernier-7675704-Fr\/\" class=\"btn\">Meer zien<\/a>\r\n                        <\/div>\r\n                    <\/div>\r\n                <\/div>\r\n                            <div class=\"card 0-3pieces\">\r\n                    <div class=\"row\">\r\n                        <div class=\"col-md-3\">\r\n                                                        <img decoding=\"async\" src=\"https:\/\/static.apidae-tourisme.com\/filestore\/objets-touristiques\/images\/56\/66\/37831224-diaporama.jpg\" class=\"w-100\" alt=\"Image _V6V0549\">\r\n                        <\/div>\r\n                        <div class=\"col-md-9\">\r\n                            <div class=\"card-block px-1\">\r\n                                <h2 class=\"card-title\">\r\n                                    <a href=\"https:\/\/la-toussuire.com\/nl\/details\/col-du-chaussy-par-les-lacets-de-montvernier-7675134-Fr\/\">Col du Chaussy par les lacets de Montvernier<\/a>\r\n                                <\/h2>\r\n                                <p class=\"classement\"><\/p>\r\n                                <p class=\"card-text\">Cette  boucle vous permet de rejoindre le Col du Chaussy en passant par les embl\u00e9matiques lacets de Montvernier. Elle m\u00eale prouesse technique, paysages grandioses et patrimoine. Elle s\u00e9duira autant les sportifs que les amateurs de d\u00e9couvertes alpines.<\/p>\r\n                                <p class=\"labels\"><\/p>\r\n                            <\/div>\r\n                            <a href=\"https:\/\/la-toussuire.com\/nl\/details\/col-du-chaussy-par-les-lacets-de-montvernier-7675134-Fr\/\" class=\"btn\">Meer zien<\/a>\r\n                        <\/div>\r\n                    <\/div>\r\n                <\/div>\r\n                            <div class=\"card 0-3pieces\">\r\n                    <div class=\"row\">\r\n                        <div class=\"col-md-3\">\r\n                                                        <img decoding=\"async\" src=\"https:\/\/static.apidae-tourisme.com\/filestore\/objets-touristiques\/images\/2\/104\/1468418-diaporama.jpg\" class=\"w-100\" alt=\"Image cucheron [bdef]\">\r\n                        <\/div>\r\n                        <div class=\"col-md-9\">\r\n                            <div class=\"card-block px-1\">\r\n                                <h2 class=\"card-title\">\r\n                                    <a href=\"https:\/\/la-toussuire.com\/nl\/details\/col-du-grand-cucheron-638874-Fr\/\">Col du Grand Cucheron<\/a>\r\n                                <\/h2>\r\n                                <p class=\"classement\"><\/p>\r\n                                <p class=\"card-text\">Depuis Aiguebelle, prenez la direction de Saint-Georges-des-Hurti\u00e8res puis traversez Saint-Alban-des-Hurti\u00e8res avant d&#8217;entamer le plus dur de l&#8217;ascension vers le col du Grand Cucheron.<\/p>\r\n                                <p class=\"labels\"><\/p>\r\n                            <\/div>\r\n                            <a href=\"https:\/\/la-toussuire.com\/nl\/details\/col-du-grand-cucheron-638874-Fr\/\" class=\"btn\">Meer zien<\/a>\r\n                        <\/div>\r\n                    <\/div>\r\n                <\/div>\r\n                            <div class=\"card 0-3pieces\">\r\n                    <div class=\"row\">\r\n                        <div class=\"col-md-3\">\r\n                                                        <img decoding=\"async\" src=\"https:\/\/static.apidae-tourisme.com\/filestore\/objets-touristiques\/images\/230\/65\/37831142-diaporama.jpg\" class=\"w-100\" alt=\"Image GRIMPEE OPINEL - SAVOYARDISES 2022 10 \u00a9LAURE\">\r\n                        <\/div>\r\n                        <div class=\"col-md-9\">\r\n                            <div class=\"card-block px-1\">\r\n                                <h2 class=\"card-title\">\r\n                                    <a href=\"https:\/\/la-toussuire.com\/nl\/details\/col-du-mollard-par-albiez-montrond-761442-Fr\/\">Col du Mollard par Albiez-Montrond<\/a>\r\n                                <\/h2>\r\n                                <p class=\"classement\"><\/p>\r\n                                <p class=\"card-text\">Plus dur que la Croix-de-Fer, ce col de 45 lacets pr\u00e9sente en effet une pente moyenne de 6 \u00e0 7 % sur 12 km. En observant les Aiguilles d\u2019Arves, vous comprendrez facilement pourquoi l\u2019une d\u2019elles est appel\u00e9e \u00ab la T\u00eate de Chat \u00bb !<\/p>\r\n                                <p class=\"labels\"><\/p>\r\n                            <\/div>\r\n                            <a href=\"https:\/\/la-toussuire.com\/nl\/details\/col-du-mollard-par-albiez-montrond-761442-Fr\/\" class=\"btn\">Meer zien<\/a>\r\n                        <\/div>\r\n                    <\/div>\r\n                <\/div>\r\n                            <div class=\"card 0-3pieces\">\r\n                    <div class=\"row\">\r\n                        <div class=\"col-md-3\">\r\n                                                        <img decoding=\"async\" src=\"https:\/\/static.apidae-tourisme.com\/filestore\/objets-touristiques\/images\/138\/240\/37875850-diaporama.jpg\" class=\"w-100\" alt=\"Image Col du Sapey 2020 \u00a9Maurienne Tourisme (10)\">\r\n                        <\/div>\r\n                        <div class=\"col-md-9\">\r\n                            <div class=\"card-block px-1\">\r\n                                <h2 class=\"card-title\">\r\n                                    <a href=\"https:\/\/la-toussuire.com\/nl\/details\/col-du-sapey-6113437-Fr\/\">Col du sapey<\/a>\r\n                                <\/h2>\r\n                                <p class=\"classement\"><\/p>\r\n                                <p class=\"card-text\">Petit tr\u00e9sor cach\u00e9 de la Maurienne, le col du Sapey offre une ascension plut\u00f4t sauvage en for\u00eat, loin de la circulation. Il relie les petits hameaux de Montandr\u00e9 et Grenis. Loin de la foule, il vous s\u00e9duira par son c\u00f4t\u00e9 sauvage et authentique.<\/p>\r\n                                <p class=\"labels\"><\/p>\r\n                            <\/div>\r\n                            <a href=\"https:\/\/la-toussuire.com\/nl\/details\/col-du-sapey-6113437-Fr\/\" class=\"btn\">Meer zien<\/a>\r\n                        <\/div>\r\n                    <\/div>\r\n                <\/div>\r\n                            <div class=\"card 0-3pieces\">\r\n                    <div class=\"row\">\r\n                        <div class=\"col-md-3\">\r\n                                                        <img decoding=\"async\" src=\"https:\/\/static.apidae-tourisme.com\/filestore\/objets-touristiques\/images\/44\/229\/12969260-diaporama.jpg\" class=\"w-100\" alt=\"Image 2019 07 02_saint_sorlin_arves_velo_mountain_collection_123 \u00a9 OT Saint Sorlin d'Arves - V Bellot-Mauroz-22\">\r\n                        <\/div>\r\n                        <div class=\"col-md-9\">\r\n                            <div class=\"card-block px-1\">\r\n                                <h2 class=\"card-title\">\r\n                                    <a href=\"https:\/\/la-toussuire.com\/nl\/details\/cyclisme-512157-Fr\/\">Cyclisme<\/a>\r\n                                <\/h2>\r\n                                <p class=\"classement\"><\/p>\r\n                                <p class=\"card-text\">Avec le Col de la Croix de Fer et son voisin le Glandon, Saint Sorlin d&#8217;Arves est un lieu de pr\u00e9dilection pour le cyclisme et le cyclotourisme.<\/p>\r\n                                <p class=\"labels\"><\/p>\r\n                            <\/div>\r\n                            <a href=\"https:\/\/la-toussuire.com\/nl\/details\/cyclisme-512157-Fr\/\" class=\"btn\">Meer zien<\/a>\r\n                        <\/div>\r\n                    <\/div>\r\n                <\/div>\r\n                            <div class=\"card 0-3pieces\">\r\n                    <div class=\"row\">\r\n                        <div class=\"col-md-3\">\r\n                                                        <img decoding=\"async\" src=\"https:\/\/static.apidae-tourisme.com\/filestore\/objets-touristiques\/images\/141\/181\/8041869-diaporama.jpg\" class=\"w-100\" alt=\"Image APernet-MaurienneTourisme-1251\">\r\n                        <\/div>\r\n                        <div class=\"col-md-9\">\r\n                            <div class=\"card-block px-1\">\r\n                                <h2 class=\"card-title\">\r\n                                    <a href=\"https:\/\/la-toussuire.com\/nl\/details\/itineraire-cyclable-lac-et-villages-des-hurtieres-5577843-Fr\/\">Itin\u00e9raire cyclable Lac et villages des Hurti\u00e8res<\/a>\r\n                                <\/h2>\r\n                                <p class=\"classement\"><\/p>\r\n                                <p class=\"card-text\">Petite boucle au d\u00e9part du Lac des Hurti\u00e8res traversant les villages de Saint-Alban et Saint-Georges, agr\u00e9able plateau ensoleill\u00e9 face au Massif de La Lauzi\u00e8re. Partez \u00e0 la d\u00e9couverte de nos villages avec le carnet de jeux Nos Tr\u00e9sors cach\u00e9s !<\/p>\r\n                                <p class=\"labels\"><\/p>\r\n                            <\/div>\r\n                            <a href=\"https:\/\/la-toussuire.com\/nl\/details\/itineraire-cyclable-lac-et-villages-des-hurtieres-5577843-Fr\/\" class=\"btn\">Meer zien<\/a>\r\n                        <\/div>\r\n                    <\/div>\r\n                <\/div>\r\n                            <div class=\"card 0-3pieces\">\r\n                    <div class=\"row\">\r\n                        <div class=\"col-md-3\">\r\n                                                        <img decoding=\"async\" src=\"https:\/\/static.apidae-tourisme.com\/filestore\/objets-touristiques\/images\/103\/84\/8016999-diaporama.jpg\" class=\"w-100\" alt=\"Image Vue vall\u00e9e des Huiles \">\r\n                        <\/div>\r\n                        <div class=\"col-md-9\">\r\n                            <div class=\"card-block px-1\">\r\n                                <h2 class=\"card-title\">\r\n                                    <a href=\"https:\/\/la-toussuire.com\/nl\/details\/itineraire-cyclable-tour-du-col-du-grand-cucheron-5572574-Fr\/\">Itin\u00e9raire cyclable Tour du Col du Grand Cucheron<\/a>\r\n                                <\/h2>\r\n                                <p class=\"classement\"><\/p>\r\n                                <p class=\"card-text\">Cette ascension permet de gravir successivement deux cols,  le Grand Cucheron le Champlaurent et ses raides lacets puis le Champlaurent. Ne pas manquer d&#8217;admirer les vues sur les Bauges, avec l&#8217;impressionnante Dent d&#8217;Arclusaz.<\/p>\r\n                                <p class=\"labels\"><\/p>\r\n                            <\/div>\r\n                            <a href=\"https:\/\/la-toussuire.com\/nl\/details\/itineraire-cyclable-tour-du-col-du-grand-cucheron-5572574-Fr\/\" class=\"btn\">Meer zien<\/a>\r\n                        <\/div>\r\n                    <\/div>\r\n                <\/div>\r\n                            <div class=\"card 0-3pieces\">\r\n                    <div class=\"row\">\r\n                        <div class=\"col-md-3\">\r\n                                                        <img decoding=\"async\" src=\"https:\/\/static.apidae-tourisme.com\/filestore\/objets-touristiques\/images\/113\/84\/8017009-diaporama.jpg\" class=\"w-100\" alt=\"Image Vue vall\u00e9e des Huiles \">\r\n                        <\/div>\r\n                        <div class=\"col-md-9\">\r\n                            <div class=\"card-block px-1\">\r\n                                <h2 class=\"card-title\">\r\n                                    <a href=\"https:\/\/la-toussuire.com\/nl\/details\/itineraire-cyclable-tour-du-grand-cucheron-au-depart-du-lac-des-hurtieres-5572579-Fr\/\">Itin\u00e9raire cyclable Tour du Grand Cucheron au d\u00e9part du Lac des Hurti\u00e8res<\/a>\r\n                                <\/h2>\r\n                                <p class=\"classement\"><\/p>\r\n                                <p class=\"card-text\">Cette ascension permet de gravir successivement deux cols,  le Grand Cucheron et ses raides lacets puis le Champlaurent. Ne pas manquer d&#8217;admirer la vue sur les Bauges, avec l&#8217;impressionnante Dent d&#8217;Arclusaz.<\/p>\r\n                                <p class=\"labels\"><\/p>\r\n                            <\/div>\r\n                            <a href=\"https:\/\/la-toussuire.com\/nl\/details\/itineraire-cyclable-tour-du-grand-cucheron-au-depart-du-lac-des-hurtieres-5572579-Fr\/\" class=\"btn\">Meer zien<\/a>\r\n                        <\/div>\r\n                    <\/div>\r\n                <\/div>\r\n                            <div class=\"card 0-3pieces\">\r\n                    <div class=\"row\">\r\n                        <div class=\"col-md-3\">\r\n                                                            <div class=\"pictos\">\r\n                                    <span class=\"label-animaux_acceptes\" title=\"Animaux accept\u00e9s\">Animaux accept\u00e9s<\/span>                                <\/div>\r\n                                                        <img decoding=\"async\" src=\"https:\/\/static.apidae-tourisme.com\/filestore\/objets-touristiques\/images\/252\/159\/8888316-diaporama.jpg\" class=\"w-100\" alt=\"Image DSC00478\">\r\n                        <\/div>\r\n                        <div class=\"col-md-9\">\r\n                            <div class=\"card-block px-1\">\r\n                                <h2 class=\"card-title\">\r\n                                    <a href=\"https:\/\/la-toussuire.com\/nl\/details\/itineraire-cyclo-la-haute-mauriennaise-764831-Fr\/\">Itin\u00e9raire Cyclo : La Haute-Mauriennaise<\/a>\r\n                                <\/h2>\r\n                                <p class=\"classement\"><\/p>\r\n                                <p class=\"card-text\">La Haute Mauriennaise est certainement l\u2019un des plus beaux parcours cyclo-touristiques de Savoie tant la beaut\u00e9 et la vari\u00e9t\u00e9 de ses paysages sont enchanteurs et vous permettent d\u2019approcher la haute montagne \u00e0 la fronti\u00e8re avec l\u2019Italie.<\/p>\r\n                                <p class=\"labels\"><\/p>\r\n                            <\/div>\r\n                            <a href=\"https:\/\/la-toussuire.com\/nl\/details\/itineraire-cyclo-la-haute-mauriennaise-764831-Fr\/\" class=\"btn\">Meer zien<\/a>\r\n                        <\/div>\r\n                    <\/div>\r\n                <\/div>\r\n                            <div class=\"card 0-3pieces\">\r\n                    <div class=\"row\">\r\n                        <div class=\"col-md-3\">\r\n                                                            <div class=\"pictos\">\r\n                                    <span class=\"label-animaux_acceptes\" title=\"Animaux accept\u00e9s\">Animaux accept\u00e9s<\/span>                                <\/div>\r\n                                                        <img decoding=\"async\" src=\"https:\/\/static.apidae-tourisme.com\/filestore\/objets-touristiques\/images\/214\/159\/8888278-diaporama.jpg\" class=\"w-100\" alt=\"Image DSC00410\">\r\n                        <\/div>\r\n                        <div class=\"col-md-9\">\r\n                            <div class=\"card-block px-1\">\r\n                                <h2 class=\"card-title\">\r\n                                    <a href=\"https:\/\/la-toussuire.com\/nl\/details\/itineraire-cyclo-la-mauriennaise-762179-Fr\/\">Itin\u00e9raire Cyclo : La Mauriennaise<\/a>\r\n                                <\/h2>\r\n                                <p class=\"classement\"><\/p>\r\n                                <p class=\"card-text\">D\u00e9couvrez une vall\u00e9e d\u2019o\u00f9 partent les mont\u00e9es de cols parmi les plus connus du monde avec ce parcours descendant la vall\u00e9e de la Maurienne et permettant de c\u00f4toyer quelques p\u00e9pites inattendues. Vos efforts de baroudeurs seront hautement r\u00e9compens\u00e9s !<\/p>\r\n                                <p class=\"labels\"><\/p>\r\n                            <\/div>\r\n                            <a href=\"https:\/\/la-toussuire.com\/nl\/details\/itineraire-cyclo-la-mauriennaise-762179-Fr\/\" class=\"btn\">Meer zien<\/a>\r\n                        <\/div>\r\n                    <\/div>\r\n                <\/div>\r\n                            <div class=\"card 0-3pieces\">\r\n                    <div class=\"row\">\r\n                        <div class=\"col-md-3\">\r\n                                                        <img decoding=\"async\" src=\"https:\/\/static.apidae-tourisme.com\/filestore\/objets-touristiques\/images\/78\/175\/33533774-diaporama.jpg\" class=\"w-100\" alt=\"Image ok Galibier challenge - Cr\u00e9dit Thibaut BLAIS (37) (1)\">\r\n                        <\/div>\r\n                        <div class=\"col-md-9\">\r\n                            <div class=\"card-block px-1\">\r\n                                <h2 class=\"card-title\">\r\n                                    <a href=\"https:\/\/la-toussuire.com\/nl\/details\/itineraire-cyclo-parcours-de-la-cyclosportive-galibier-challenge-7488357-Fr\/\">Itin\u00e9raire cyclo &#8211; Parcours de la cyclosportive &#8220;Galibier Challenge&#8221;<\/a>\r\n                                <\/h2>\r\n                                <p class=\"classement\"><\/p>\r\n                                <p class=\"card-text\">Un itin\u00e9raire d\u2019exception au c\u0153ur des Alpes: partez \u00e0 l\u2019assaut de trois cols embl\u00e9matiques, dont le Galibier par le T\u00e9l\u00e9graphe. Entre ascensions confidentielles, paysages grandioses et sommet mythique, d\u00e9couvrez un beau parcours de montagne de 110km.<\/p>\r\n                                <p class=\"labels\"><\/p>\r\n                            <\/div>\r\n                            <a href=\"https:\/\/la-toussuire.com\/nl\/details\/itineraire-cyclo-parcours-de-la-cyclosportive-galibier-challenge-7488357-Fr\/\" class=\"btn\">Meer zien<\/a>\r\n                        <\/div>\r\n                    <\/div>\r\n                <\/div>\r\n                            <div class=\"card 0-3pieces\">\r\n                    <div class=\"row\">\r\n                        <div class=\"col-md-3\">\r\n                                                        <img decoding=\"async\" src=\"https:\/\/static.apidae-tourisme.com\/filestore\/objets-touristiques\/images\/70\/255\/10747718-diaporama.jpg\" class=\"w-100\" alt=\"Image IMG_20200720_161151\">\r\n                        <\/div>\r\n                        <div class=\"col-md-9\">\r\n                            <div class=\"card-block px-1\">\r\n                                <h2 class=\"card-title\">\r\n                                    <a href=\"https:\/\/la-toussuire.com\/nl\/details\/la-mauriennita-etape-2-4-saint-jean-de-maurienne-modane-a-velo-5891029-Fr\/\">La Maurienn&#8217;Ita &#8211; Etape 2\/4 : Saint-Jean-de-Maurienne > Modane \u00e0 v\u00e9lo<\/a>\r\n                                <\/h2>\r\n                                <p class=\"classement\"><\/p>\r\n                                <p class=\"card-text\">Vous traverserez le c\u0153ur de la vall\u00e9e avant d&#8217;arriver en porte de Haute Maurienne Vanoise.<\/p>\r\n                                <p class=\"labels\"><\/p>\r\n                            <\/div>\r\n                            <a href=\"https:\/\/la-toussuire.com\/nl\/details\/la-mauriennita-etape-2-4-saint-jean-de-maurienne-modane-a-velo-5891029-Fr\/\" class=\"btn\">Meer zien<\/a>\r\n                        <\/div>\r\n                    <\/div>\r\n                <\/div>\r\n                            <div class=\"card 0-3pieces\">\r\n                    <div class=\"row\">\r\n                        <div class=\"col-md-3\">\r\n                                                        <img decoding=\"async\" src=\"https:\/\/static.apidae-tourisme.com\/filestore\/objets-touristiques\/images\/148\/96\/1400980-diaporama.jpg\" class=\"w-100\" alt=\"Image Saint-R\u00e9my-de-Maurienne_Lac-Bleu_A.GROS\">\r\n                        <\/div>\r\n                        <div class=\"col-md-9\">\r\n                            <div class=\"card-block px-1\">\r\n                                <h2 class=\"card-title\">\r\n                                    <a href=\"https:\/\/la-toussuire.com\/nl\/details\/la-petite-mauriennaise-755102-Fr\/\">La Petite Mauriennaise<\/a>\r\n                                <\/h2>\r\n                                <p class=\"classement\"><\/p>\r\n                                <p class=\"card-text\">Cette petite boucle au profile l\u00e9g\u00e8rement vallonn\u00e9 vous permettra de d\u00e9couvrir de jolis petits villages de Maurienne, en dehors des grands axes routiers.<\/p>\r\n                                <p class=\"labels\"><\/p>\r\n                            <\/div>\r\n                            <a href=\"https:\/\/la-toussuire.com\/nl\/details\/la-petite-mauriennaise-755102-Fr\/\" class=\"btn\">Meer zien<\/a>\r\n                        <\/div>\r\n                    <\/div>\r\n                <\/div>\r\n                            <div class=\"card 0-3pieces\">\r\n                    <div class=\"row\">\r\n                        <div class=\"col-md-3\">\r\n                                                        <img decoding=\"async\" src=\"https:\/\/static.apidae-tourisme.com\/filestore\/objets-touristiques\/images\/119\/47\/37826423-diaporama.jpg\" class=\"w-100\" alt=\"Image EGLISE - VILLAGE - ETE - JARRIER\">\r\n                        <\/div>\r\n                        <div class=\"col-md-9\">\r\n                            <div class=\"card-block px-1\">\r\n                                <h2 class=\"card-title\">\r\n                                    <a href=\"https:\/\/la-toussuire.com\/nl\/details\/la-toussuire-par-jarrier-et-saint-pancrace-75281-Fr\/\">La Toussuire par Jarrier et Saint-Pancrace<\/a>\r\n                                <\/h2>\r\n                                <p class=\"classement\"><\/p>\r\n                                <p class=\"card-text\">Cet itin\u00e9raire serpente plusieurs hameaux, de Saint-Jean-de-Maurienne \u00e0 La Toussuire. Il est un m\u00e9lange entre efforts physique d\u00e9couverte du territoire. Patrimoine local et paysages de montagne seront au rendez-vous. Nous attendons vos retours.<\/p>\r\n                                <p class=\"labels\"><\/p>\r\n                            <\/div>\r\n                            <a href=\"https:\/\/la-toussuire.com\/nl\/details\/la-toussuire-par-jarrier-et-saint-pancrace-75281-Fr\/\" class=\"btn\">Meer zien<\/a>\r\n                        <\/div>\r\n                    <\/div>\r\n                <\/div>\r\n                            <div class=\"card 0-3pieces\">\r\n                    <div class=\"row\">\r\n                        <div class=\"col-md-3\">\r\n                                                        <img decoding=\"async\" src=\"https:\/\/static.apidae-tourisme.com\/filestore\/objets-touristiques\/images\/31\/229\/10478879-diaporama.jpg\" class=\"w-100\" alt=\"Image Montgellafrey,_Le_Mollaret_(2014) (1)\">\r\n                        <\/div>\r\n                        <div class=\"col-md-9\">\r\n                            <div class=\"card-block px-1\">\r\n                                <h2 class=\"card-title\">\r\n                                    <a href=\"https:\/\/la-toussuire.com\/nl\/details\/lac-de-la-grande-lechere-75246-Fr\/\">Lac de la grande L\u00e9ch\u00e8re<\/a>\r\n                                <\/h2>\r\n                                <p class=\"classement\"><\/p>\r\n                                <p class=\"card-text\">cet itin\u00e9raire de v\u00e9lo de route grimpe jusqu&#8217;au Grand lac des L\u00e9ch\u00e8res. De l\u00e0 vous pourrez vous arr\u00eater \u00e0 l&#8217;auberge avant de redescendre. Le rev\u00eatement est soign\u00e9 et les pentes soutenues offrent un d\u00e9fi sportif dans un d\u00e9cor sauvage et authentique.<\/p>\r\n                                <p class=\"labels\"><\/p>\r\n                            <\/div>\r\n                            <a href=\"https:\/\/la-toussuire.com\/nl\/details\/lac-de-la-grande-lechere-75246-Fr\/\" class=\"btn\">Meer zien<\/a>\r\n                        <\/div>\r\n                    <\/div>\r\n                <\/div>\r\n                            <div class=\"card 0-3pieces\">\r\n                    <div class=\"row\">\r\n                        <div class=\"col-md-3\">\r\n                                                        <img decoding=\"async\" src=\"https:\/\/static.apidae-tourisme.com\/filestore\/objets-touristiques\/images\/197\/234\/37808837-diaporama.jpg\" class=\"w-100\" alt=\"Image VELO ALBIEZ\">\r\n                        <\/div>\r\n                        <div class=\"col-md-9\">\r\n                            <div class=\"card-block px-1\">\r\n                                <h2 class=\"card-title\">\r\n                                    <a href=\"https:\/\/la-toussuire.com\/nl\/details\/le-grand-tour-de-larvan-638924-Fr\/\">Le grand tour de l&#8217;Arvan<\/a>\r\n                                <\/h2>\r\n                                <p class=\"classement\"><\/p>\r\n                                <p class=\"card-text\">Inspir\u00e9 de la cyclosportive &#8220;Arvan-Villards&#8221;, ce circuit traverse les villages authentiques de Jarrier, Les Botti\u00e8res, Foncouverte, Saint-Jean-d\u2019Arves, Saint-Sorlin-d\u2019Arves et Albiez-Montrond, au c\u0153ur de paysages grandioses et d\u2019un riche patrimoine local.<\/p>\r\n                                <p class=\"labels\"><\/p>\r\n                            <\/div>\r\n                            <a href=\"https:\/\/la-toussuire.com\/nl\/details\/le-grand-tour-de-larvan-638924-Fr\/\" class=\"btn\">Meer zien<\/a>\r\n                        <\/div>\r\n                    <\/div>\r\n                <\/div>\r\n                            <div class=\"card 0-3pieces\">\r\n                    <div class=\"row\">\r\n                        <div class=\"col-md-3\">\r\n                                                        <img decoding=\"async\" src=\"https:\/\/static.apidae-tourisme.com\/filestore\/objets-touristiques\/images\/178\/130\/1409714-diaporama.jpg\" class=\"w-100\" alt=\"Image IMG_2529\">\r\n                        <\/div>\r\n                        <div class=\"col-md-9\">\r\n                            <div class=\"card-block px-1\">\r\n                                <h2 class=\"card-title\">\r\n                                    <a href=\"https:\/\/la-toussuire.com\/nl\/details\/les-forts-de-lesseillon-758215-Fr\/\">Les Forts de l&#8217;Esseillon<\/a>\r\n                                <\/h2>\r\n                                <p class=\"classement\"><\/p>\r\n                                <p class=\"card-text\">Depuis Modane, cette ancienne route de l&#8217;Esseillon serpente entre Le Bourget et Aussois , pour d\u00e9couvrir la cascade et la chapelle Saint-Beno\u00eet ( situ\u00e9es sur d&#8217;Avrieux,), puis les forts Victor-Emmanuel, Charles-F\u00e9lix, Marie-Christine et Charles-Albert.<\/p>\r\n                                <p class=\"labels\"><\/p>\r\n                            <\/div>\r\n                            <a href=\"https:\/\/la-toussuire.com\/nl\/details\/les-forts-de-lesseillon-758215-Fr\/\" class=\"btn\">Meer zien<\/a>\r\n                        <\/div>\r\n                    <\/div>\r\n                <\/div>\r\n                            <div class=\"card 0-3pieces\">\r\n                    <div class=\"row\">\r\n                        <div class=\"col-md-3\">\r\n                                                        <img decoding=\"async\" src=\"https:\/\/static.apidae-tourisme.com\/filestore\/objets-touristiques\/images\/39\/200\/7587879-diaporama.jpg\" class=\"w-100\" alt=\"Image APernet-Valmeinier-0262\">\r\n                        <\/div>\r\n                        <div class=\"col-md-9\">\r\n                            <div class=\"card-block px-1\">\r\n                                <h2 class=\"card-title\">\r\n                                    <a href=\"https:\/\/la-toussuire.com\/nl\/details\/montee-a-valmeinier-1800-638984-Fr\/\">Mont\u00e9e \u00e0 Valmeinier 1800<\/a>\r\n                                <\/h2>\r\n                                <p class=\"classement\"><\/p>\r\n                                <p class=\"card-text\">Voila une mont\u00e9e foresti\u00e8re id\u00e9ale pour s&#8217;entrainer avant de gravir le &#8220;grand&#8221; col du Galibier. Cette ascension n&#8217;en reste pas moins exigeante!<\/p>\r\n                                <p class=\"labels\"><\/p>\r\n                            <\/div>\r\n                            <a href=\"https:\/\/la-toussuire.com\/nl\/details\/montee-a-valmeinier-1800-638984-Fr\/\" class=\"btn\">Meer zien<\/a>\r\n                        <\/div>\r\n                    <\/div>\r\n                <\/div>\r\n                            <div class=\"card 0-3pieces\">\r\n                    <div class=\"row\">\r\n                        <div class=\"col-md-3\">\r\n                                                        <img decoding=\"async\" src=\"https:\/\/static.apidae-tourisme.com\/filestore\/objets-touristiques\/images\/219\/107\/1666011-diaporama.jpg\" class=\"w-100\" alt=\"Image Refuge du Lac de la Grande L\u00e9ch\u00e8re - CP A Gros (8)\">\r\n                        <\/div>\r\n                        <div class=\"col-md-9\">\r\n                            <div class=\"card-block px-1\">\r\n                                <h2 class=\"card-title\">\r\n                                    <a href=\"https:\/\/la-toussuire.com\/nl\/details\/montee-au-lac-de-la-grande-lechere-638877-Fr\/\">Mont\u00e9e au Lac de la Grande L\u00e9ch\u00e8re<\/a>\r\n                                <\/h2>\r\n                                <p class=\"classement\"><\/p>\r\n                                <p class=\"card-text\">Belle ascension vers un magnifique lac, non loin de Saint-Fran\u00e7ois-Longchamp !<\/p>\r\n                                <p class=\"labels\"><\/p>\r\n                            <\/div>\r\n                            <a href=\"https:\/\/la-toussuire.com\/nl\/details\/montee-au-lac-de-la-grande-lechere-638877-Fr\/\" class=\"btn\">Meer zien<\/a>\r\n                        <\/div>\r\n                    <\/div>\r\n                <\/div>\r\n                            <div class=\"card 0-3pieces\">\r\n                    <div class=\"row\">\r\n                        <div class=\"col-md-3\">\r\n                                                        <img decoding=\"async\" src=\"https:\/\/static.apidae-tourisme.com\/filestore\/objets-touristiques\/images\/52\/186\/1423924-diaporama.jpg\" class=\"w-100\" alt=\"Image IMG_2571\">\r\n                        <\/div>\r\n                        <div class=\"col-md-9\">\r\n                            <div class=\"card-block px-1\">\r\n                                <h2 class=\"card-title\">\r\n                                    <a href=\"https:\/\/la-toussuire.com\/nl\/details\/montee-au-lac-de-plan-daval-760736-Fr\/\">Mont\u00e9e au lac de Plan d&#8217;Aval<\/a>\r\n                                <\/h2>\r\n                                <p class=\"classement\"><\/p>\r\n                                <p class=\"card-text\">Un itin\u00e9raire assez costaud qui vous m\u00e8nera \u00e0 plus de 2000 m d&#8217;altitude \u00e0 travers des sites au patrimoine naturel et culturel remarquable !<\/p>\r\n                                <p class=\"labels\"><\/p>\r\n                            <\/div>\r\n                            <a href=\"https:\/\/la-toussuire.com\/nl\/details\/montee-au-lac-de-plan-daval-760736-Fr\/\" class=\"btn\">Meer zien<\/a>\r\n                        <\/div>\r\n                    <\/div>\r\n                <\/div>\r\n                            <div class=\"card 0-3pieces\">\r\n                    <div class=\"row\">\r\n                        <div class=\"col-md-3\">\r\n                                                        <img decoding=\"async\" src=\"https:\/\/static.apidae-tourisme.com\/filestore\/objets-touristiques\/images\/2\/161\/38904066-diaporama.jpg\" class=\"w-100\" alt=\"Image VELO ALBIEZ (3)\">\r\n                        <\/div>\r\n                        <div class=\"col-md-9\">\r\n                            <div class=\"card-block px-1\">\r\n                                <h2 class=\"card-title\">\r\n                                    <a href=\"https:\/\/la-toussuire.com\/nl\/details\/montee-aux-aiguilles-darves-7721244-Fr\/\">Mont\u00e9e aux Aiguilles d&#8217;Arves<\/a>\r\n                                <\/h2>\r\n                                <p class=\"classement\"><\/p>\r\n                                <p class=\"card-text\">Du col du Mollard, cet itin\u00e9raire cyclo de niveau interm\u00e9diaire vous m\u00e8ne au relais TV d\u2019Albiez-Montrond, au pied des Aiguilles d\u2019Arves. Accessible et progressif, il permet de partager une sortie panoramique, m\u00eame avec des pratiquants de niveau mod\u00e9r\u00e9.<\/p>\r\n                                <p class=\"labels\"><\/p>\r\n                            <\/div>\r\n                            <a href=\"https:\/\/la-toussuire.com\/nl\/details\/montee-aux-aiguilles-darves-7721244-Fr\/\" class=\"btn\">Meer zien<\/a>\r\n                        <\/div>\r\n                    <\/div>\r\n                <\/div>\r\n                            <div class=\"card 0-3pieces\">\r\n                    <div class=\"row\">\r\n                        <div class=\"col-md-3\">\r\n                                                            <div class=\"pictos\">\r\n                                    <span class=\"label-animaux_acceptes\" title=\"Animaux accept\u00e9s\">Animaux accept\u00e9s<\/span>                                <\/div>\r\n                                                        <img decoding=\"async\" src=\"https:\/\/static.apidae-tourisme.com\/filestore\/objets-touristiques\/images\/124\/77\/8146300-diaporama.jpg\" class=\"w-100\" alt=\"Image 20200606_111929\">\r\n                        <\/div>\r\n                        <div class=\"col-md-9\">\r\n                            <div class=\"card-block px-1\">\r\n                                <h2 class=\"card-title\">\r\n                                    <a href=\"https:\/\/la-toussuire.com\/nl\/details\/montee-cyclo-de-la-toussuire-par-fontcouverte-et-le-corbier-75282-Fr\/\">Mont\u00e9e cyclo de la Toussuire par Fontcouverte et le Corbier<\/a>\r\n                                <\/h2>\r\n                                <p class=\"classement\"><\/p>\r\n                                <p class=\"card-text\">Cette belle mont\u00e9e est celle qu&#8217;a emprunt\u00e9e le Tour de France en 2006. Elle est est \u00e9quip\u00e9 de bornes qui renseignent sur l&#8217;altitude, le % de pente et le nombre de km restant jusqu\u2019\u00e0 l&#8217;arriv\u00e9e.<\/p>\r\n                                <p class=\"labels\"><\/p>\r\n                            <\/div>\r\n                            <a href=\"https:\/\/la-toussuire.com\/nl\/details\/montee-cyclo-de-la-toussuire-par-fontcouverte-et-le-corbier-75282-Fr\/\" class=\"btn\">Meer zien<\/a>\r\n                        <\/div>\r\n                    <\/div>\r\n                <\/div>\r\n                            <div class=\"card 0-3pieces\">\r\n                    <div class=\"row\">\r\n                        <div class=\"col-md-3\">\r\n                                                            <div class=\"pictos\">\r\n                                    <span class=\"label-animaux_acceptes\" title=\"Animaux accept\u00e9s\">Animaux accept\u00e9s<\/span>                                <\/div>\r\n                                                        <img decoding=\"async\" src=\"https:\/\/static.apidae-tourisme.com\/filestore\/objets-touristiques\/images\/166\/109\/38628774__QUARANTAINE__-diaporama.jpg\" class=\"w-100\" alt=\"Image A112 Col de la Croix-de-Fer depuis Saint-Jean-de-Maurienne - Maurienne - Savoie - \u00a9 Savoie Mont Blanc - Anglade\">\r\n                        <\/div>\r\n                        <div class=\"col-md-9\">\r\n                            <div class=\"card-block px-1\">\r\n                                <h2 class=\"card-title\">\r\n                                    <a href=\"https:\/\/la-toussuire.com\/nl\/details\/montee-cyclo-du-col-de-la-croix-de-fer-74643-Fr\/\">Mont\u00e9e cyclo du Col de la Croix-de-Fer<\/a>\r\n                                <\/h2>\r\n                                <p class=\"classement\"><\/p>\r\n                                <p class=\"card-text\">C&#8217;est la route classique pour faire l&#8217;ascension du col, moins rude que par le Col du Glandon par ses % mais longue de pr\u00e8s de 30 km. D\u00e9couverte de la vall\u00e9e des Arves, domin\u00e9e par le glacier de l&#8217;Etendard.<\/p>\r\n                                <p class=\"labels\"><\/p>\r\n                            <\/div>\r\n                            <a href=\"https:\/\/la-toussuire.com\/nl\/details\/montee-cyclo-du-col-de-la-croix-de-fer-74643-Fr\/\" class=\"btn\">Meer zien<\/a>\r\n                        <\/div>\r\n                    <\/div>\r\n                <\/div>\r\n                            <div class=\"card 0-3pieces\">\r\n                    <div class=\"row\">\r\n                        <div class=\"col-md-3\">\r\n                                                            <div class=\"pictos\">\r\n                                    <span class=\"label-animaux_acceptes\" title=\"Animaux accept\u00e9s\">Animaux accept\u00e9s<\/span>                                <\/div>\r\n                                                        <img decoding=\"async\" src=\"https:\/\/static.apidae-tourisme.com\/filestore\/objets-touristiques\/images\/146\/77\/8146322-diaporama.jpg\" class=\"w-100\" alt=\"Image 4F047EA0\">\r\n                        <\/div>\r\n                        <div class=\"col-md-9\">\r\n                            <div class=\"card-block px-1\">\r\n                                <h2 class=\"card-title\">\r\n                                    <a href=\"https:\/\/la-toussuire.com\/nl\/details\/montee-cyclo-du-col-de-la-madeleine-versant-maurienne-76577-Fr\/\">Mont\u00e9e cyclo du Col de la Madeleine versant Maurienne<\/a>\r\n                                <\/h2>\r\n                                <p class=\"classement\"><\/p>\r\n                                <p class=\"card-text\">Un des cols embl\u00e9matiques du Tour de France, passage de la vall\u00e9e de la Maurienne \u00e0 celle de la Tarentaise. Hors cat\u00e9gorie, il propose sur ce versant une mont\u00e9e longue de pr\u00e8s de 20 km \u00e0 8% de moyenne !<\/p>\r\n                                <p class=\"labels\"><\/p>\r\n                            <\/div>\r\n                            <a href=\"https:\/\/la-toussuire.com\/nl\/details\/montee-cyclo-du-col-de-la-madeleine-versant-maurienne-76577-Fr\/\" class=\"btn\">Meer zien<\/a>\r\n                        <\/div>\r\n                    <\/div>\r\n                <\/div>\r\n                            <div class=\"card 0-3pieces\">\r\n                    <div class=\"row\">\r\n                        <div class=\"col-md-3\">\r\n                                                            <div class=\"pictos\">\r\n                                    <span class=\"label-animaux_acceptes\" title=\"Animaux accept\u00e9s\">Animaux accept\u00e9s<\/span>                                <\/div>\r\n                                                        <img decoding=\"async\" src=\"https:\/\/static.apidae-tourisme.com\/filestore\/objets-touristiques\/images\/167\/109\/38628775__QUARANTAINE__-diaporama.jpg\" class=\"w-100\" alt=\"Image A113 Col du Chaussy juste apr\u00e8s Montpascal - Maurienne - Savoie - \u00a9 Savoie Mont Blanc - Anglade\">\r\n                        <\/div>\r\n                        <div class=\"col-md-9\">\r\n                            <div class=\"card-block px-1\">\r\n                                <h2 class=\"card-title\">\r\n                                    <a href=\"https:\/\/la-toussuire.com\/nl\/details\/montee-cyclo-du-col-du-chaussy-74927-Fr\/\">Mont\u00e9e cyclo du Col du Chaussy<\/a>\r\n                                <\/h2>\r\n                                <p class=\"classement\"><\/p>\r\n                                <p class=\"card-text\">Au d\u00e9part de Saint-Jean-Maurienne, un jeune col dans l\u2019histoire du Tour de France \u2013 il n\u2019y entre qu\u2019en 2015 \u2013 mais qui saura vous faire transpirez et durcir les mollets comme un grand,\u00a0avec ses lacets de toutes les tailles !<\/p>\r\n                                <p class=\"labels\"><\/p>\r\n                            <\/div>\r\n                            <a href=\"https:\/\/la-toussuire.com\/nl\/details\/montee-cyclo-du-col-du-chaussy-74927-Fr\/\" class=\"btn\">Meer zien<\/a>\r\n                        <\/div>\r\n                    <\/div>\r\n                <\/div>\r\n                            <div class=\"card 0-3pieces\">\r\n                    <div class=\"row\">\r\n                        <div class=\"col-md-3\">\r\n                                                            <div class=\"pictos\">\r\n                                    <span class=\"label-animaux_acceptes\" title=\"Animaux accept\u00e9s\">Animaux accept\u00e9s<\/span>                                <\/div>\r\n                                                        <img decoding=\"async\" src=\"https:\/\/static.apidae-tourisme.com\/filestore\/objets-touristiques\/images\/66\/84\/12866626-diaporama.jpg\" class=\"w-100\" alt=\"Image Col du Galibier - A. GROS (39)\">\r\n                        <\/div>\r\n                        <div class=\"col-md-9\">\r\n                            <div class=\"card-block px-1\">\r\n                                <h2 class=\"card-title\">\r\n                                    <a href=\"https:\/\/la-toussuire.com\/nl\/details\/montee-cyclo-du-col-du-galibier-depuis-valloire-74921-Fr\/\">Mont\u00e9e cyclo du Col du Galibier depuis Valloire<\/a>\r\n                                <\/h2>\r\n                                <p class=\"classement\"><\/p>\r\n                                <p class=\"card-text\">Plus de 18 km en haute montagne vous attendent pour gravir ce col mythique et rejoindre \u00e0 2642 m une arriv\u00e9e au panorama splendide.<\/p>\r\n                                <p class=\"labels\"><\/p>\r\n                            <\/div>\r\n                            <a href=\"https:\/\/la-toussuire.com\/nl\/details\/montee-cyclo-du-col-du-galibier-depuis-valloire-74921-Fr\/\" class=\"btn\">Meer zien<\/a>\r\n                        <\/div>\r\n                    <\/div>\r\n                <\/div>\r\n                            <div class=\"card 0-3pieces\">\r\n                    <div class=\"row\">\r\n                        <div class=\"col-md-3\">\r\n                                                            <div class=\"pictos\">\r\n                                    <span class=\"label-animaux_acceptes\" title=\"Animaux accept\u00e9s\">Animaux accept\u00e9s<\/span>                                <\/div>\r\n                                                        <img decoding=\"async\" src=\"https:\/\/static.apidae-tourisme.com\/filestore\/objets-touristiques\/images\/235\/63\/2179051-diaporama.jpg\" class=\"w-100\" alt=\"Image Col du Glandon - juillet 2011 - A. GROS (6)\">\r\n                        <\/div>\r\n                        <div class=\"col-md-9\">\r\n                            <div class=\"card-block px-1\">\r\n                                <h2 class=\"card-title\">\r\n                                    <a href=\"https:\/\/la-toussuire.com\/nl\/details\/montee-cyclo-du-col-du-glandon-76554-Fr\/\">Mont\u00e9e cyclo du Col du Glandon<\/a>\r\n                                <\/h2>\r\n                                <p class=\"classement\"><\/p>\r\n                                <p class=\"card-text\">Le Col du Glandon est sans doute un des plus durs cols des alpes mais \u00e9galement un des plus beaux! En effet sa moyenne de 7% et le replat de St Colomban-des-Villards masquent un terrible final de 3 km \u00e0 plus de 10 % sur les derni\u00e8res \u00e9pingles du col.<\/p>\r\n                                <p class=\"labels\"><\/p>\r\n                            <\/div>\r\n                            <a href=\"https:\/\/la-toussuire.com\/nl\/details\/montee-cyclo-du-col-du-glandon-76554-Fr\/\" class=\"btn\">Meer zien<\/a>\r\n                        <\/div>\r\n                    <\/div>\r\n                <\/div>\r\n                            <div class=\"card 0-3pieces\">\r\n                    <div class=\"row\">\r\n                        <div class=\"col-md-3\">\r\n                                                            <div class=\"pictos\">\r\n                                    <span class=\"label-animaux_acceptes\" title=\"Animaux accept\u00e9s\">Animaux accept\u00e9s<\/span>                                <\/div>\r\n                                                        <img decoding=\"async\" src=\"https:\/\/static.apidae-tourisme.com\/filestore\/objets-touristiques\/images\/110\/77\/8146286-diaporama.jpg\" class=\"w-100\" alt=\"Image SMBT-VM0026--SavoieMontBlanc-Mulot\">\r\n                        <\/div>\r\n                        <div class=\"col-md-9\">\r\n                            <div class=\"card-block px-1\">\r\n                                <h2 class=\"card-title\">\r\n                                    <a href=\"https:\/\/la-toussuire.com\/nl\/details\/montee-cyclo-du-col-du-mollard-75100-Fr\/\">Mont\u00e9e cyclo du Col du Mollard<\/a>\r\n                                <\/h2>\r\n                                <p class=\"classement\"><\/p>\r\n                                <p class=\"card-text\">Un col un peu moins connu que son voisin de la croix de fer mais une ascension non moins redoutable avec ces 17 km \u00e0 plus de 7% de moyenne.<\/p>\r\n                                <p class=\"labels\"><\/p>\r\n                            <\/div>\r\n                            <a href=\"https:\/\/la-toussuire.com\/nl\/details\/montee-cyclo-du-col-du-mollard-75100-Fr\/\" class=\"btn\">Meer zien<\/a>\r\n                        <\/div>\r\n                    <\/div>\r\n                <\/div>\r\n                            <div class=\"card 0-3pieces\">\r\n                    <div class=\"row\">\r\n                        <div class=\"col-md-3\">\r\n                                                            <div class=\"pictos\">\r\n                                    <span class=\"label-animaux_acceptes\" title=\"Animaux accept\u00e9s\">Animaux accept\u00e9s<\/span>                                <\/div>\r\n                                                        <img decoding=\"async\" src=\"https:\/\/static.apidae-tourisme.com\/filestore\/objets-touristiques\/images\/215\/129\/10453463-diaporama.jpg\" class=\"w-100\" alt=\"Image Col_du_telegraphe_Xavier Spertini\">\r\n                        <\/div>\r\n                        <div class=\"col-md-9\">\r\n                            <div class=\"card-block px-1\">\r\n                                <h2 class=\"card-title\">\r\n                                    <a href=\"https:\/\/la-toussuire.com\/nl\/details\/montee-cyclo-du-col-du-telegraphe-76428-Fr\/\">Mont\u00e9e cyclo du Col du T\u00e9l\u00e9graphe<\/a>\r\n                                <\/h2>\r\n                                <p class=\"classement\"><\/p>\r\n                                <p class=\"card-text\">Ascension qui se d\u00e9roule la plupart du temps dans les bois, gage de fra\u00eecheur ! Une fois les premiers kilom\u00e8tres pass\u00e9s, la pente diminue un peu mais le niveau reste tr\u00e8s important. Au sommet, vue superbe sur le fort du T\u00e9l\u00e9graphe.<\/p>\r\n                                <p class=\"labels\"><\/p>\r\n                            <\/div>\r\n                            <a href=\"https:\/\/la-toussuire.com\/nl\/details\/montee-cyclo-du-col-du-telegraphe-76428-Fr\/\" class=\"btn\">Meer zien<\/a>\r\n                        <\/div>\r\n                    <\/div>\r\n                <\/div>\r\n                            <div class=\"card 0-3pieces\">\r\n                    <div class=\"row\">\r\n                        <div class=\"col-md-3\">\r\n                                                        <img decoding=\"async\" src=\"https:\/\/static.apidae-tourisme.com\/filestore\/objets-touristiques\/images\/194\/5\/10290626-diaporama.png\" class=\"w-100\" alt=\"Image Planchette\">\r\n                        <\/div>\r\n                        <div class=\"col-md-9\">\r\n                            <div class=\"card-block px-1\">\r\n                                <h2 class=\"card-title\">\r\n                                    <a href=\"https:\/\/la-toussuire.com\/nl\/details\/montee-de-la-planchette-765494-Fr\/\">Mont\u00e9e de la Planchette<\/a>\r\n                                <\/h2>\r\n                                <p class=\"classement\"><\/p>\r\n                                <p class=\"card-text\">Domin\u00e9e par la Croix-des-T\u00eates, cette mont\u00e9e s&#8217;effectue dans un havre de calme et de tranquillit\u00e9. Le couvert forestier ponctu\u00e9 de clairi\u00e8res vous accompagnera jusqu&#8217;au parking de randonn\u00e9e, o\u00f9 une table de pique-nique vous attend.<\/p>\r\n                                <p class=\"labels\"><\/p>\r\n                            <\/div>\r\n                            <a href=\"https:\/\/la-toussuire.com\/nl\/details\/montee-de-la-planchette-765494-Fr\/\" class=\"btn\">Meer zien<\/a>\r\n                        <\/div>\r\n                    <\/div>\r\n                <\/div>\r\n                            <div class=\"card 0-3pieces\">\r\n                    <div class=\"row\">\r\n                        <div class=\"col-md-3\">\r\n                                                        <img decoding=\"async\" src=\"https:\/\/static.apidae-tourisme.com\/filestore\/objets-touristiques\/images\/193\/219\/646081-diaporama.jpg\" class=\"w-100\" alt=\"Image sitraLOI1004987_411794_etape-du-tour-cyclo-2012-1\">\r\n                        <\/div>\r\n                        <div class=\"col-md-9\">\r\n                            <div class=\"card-block px-1\">\r\n                                <h2 class=\"card-title\">\r\n                                    <a href=\"https:\/\/la-toussuire.com\/nl\/details\/montee-de-la-toussuire-413563-Fr\/\">Mont\u00e9e de La Toussuire<\/a>\r\n                                <\/h2>\r\n                                <p class=\"classement\"><\/p>\r\n                                <p class=\"card-text\">Bien que n\u2019appartenant pas officiellement \u00e0 la cat\u00e9gorie des cols, la mont\u00e9e de La Toussuire n\u2019en demeure pas moins mythique.<\/p>\r\n                                <p class=\"labels\"><\/p>\r\n                            <\/div>\r\n                            <a href=\"https:\/\/la-toussuire.com\/nl\/details\/montee-de-la-toussuire-413563-Fr\/\" class=\"btn\">Meer zien<\/a>\r\n                        <\/div>\r\n                    <\/div>\r\n                <\/div>\r\n                            <div class=\"card 0-3pieces\">\r\n                    <div class=\"row\">\r\n                        <div class=\"col-md-3\">\r\n                                                        <img decoding=\"async\" src=\"https:\/\/static.apidae-tourisme.com\/filestore\/objets-touristiques\/images\/254\/19\/10490878-diaporama.jpg\" class=\"w-100\" alt=\"Image IMG_20210723_185517\">\r\n                        <\/div>\r\n                        <div class=\"col-md-9\">\r\n                            <div class=\"card-block px-1\">\r\n                                <h2 class=\"card-title\">\r\n                                    <a href=\"https:\/\/la-toussuire.com\/nl\/details\/montee-de-saint-michel-1650-la-perousaz-par-la-porte-75297-Fr\/\">Mont\u00e9e de Saint-Michel 1650 (La Perousaz) par la Porte<\/a>\r\n                                <\/h2>\r\n                                <p class=\"classement\"><\/p>\r\n                                <p class=\"card-text\">Domin\u00e9e par la Croix des T\u00eates et son imposante face Est, cette mont\u00e9e devait aboutir \u00e0 une station qui n&#8217;a jamais vu le jour. Le cyclo grimpeur a ainsi h\u00e9rit\u00e9 d&#8217;une route parfaitement calme qui fera son bonheur&#8230;<\/p>\r\n                                <p class=\"labels\"><\/p>\r\n                            <\/div>\r\n                            <a href=\"https:\/\/la-toussuire.com\/nl\/details\/montee-de-saint-michel-1650-la-perousaz-par-la-porte-75297-Fr\/\" class=\"btn\">Meer zien<\/a>\r\n                        <\/div>\r\n                    <\/div>\r\n                <\/div>\r\n                            <div class=\"card 0-3pieces\">\r\n                    <div class=\"row\">\r\n                        <div class=\"col-md-3\">\r\n                                                        <img decoding=\"async\" src=\"https:\/\/static.apidae-tourisme.com\/filestore\/objets-touristiques\/images\/42\/159\/26058538-diaporama.jpg\" class=\"w-100\" alt=\"Image mont\u00e9e valmeinier\">\r\n                        <\/div>\r\n                        <div class=\"col-md-9\">\r\n                            <div class=\"card-block px-1\">\r\n                                <h2 class=\"card-title\">\r\n                                    <a href=\"https:\/\/la-toussuire.com\/nl\/details\/montee-de-valmeinier-75299-Fr\/\">Mont\u00e9e de Valmeinier<\/a>\r\n                                <\/h2>\r\n                                <p class=\"classement\"><\/p>\r\n                                <p class=\"card-text\">Voil\u00e0 une mont\u00e9e foresti\u00e8re id\u00e9ale pour s&#8217;entra\u00eener avant de gravir le Galibier. Elle emprunte en effet une partie de la route du T\u00e9l\u00e9graphe. Restauration possible \u00e0 l&#8217;arriv\u00e9e.<\/p>\r\n                                <p class=\"labels\"><\/p>\r\n                            <\/div>\r\n                            <a href=\"https:\/\/la-toussuire.com\/nl\/details\/montee-de-valmeinier-75299-Fr\/\" class=\"btn\">Meer zien<\/a>\r\n                        <\/div>\r\n                    <\/div>\r\n                <\/div>\r\n                            <div class=\"card 0-3pieces\">\r\n                    <div class=\"row\">\r\n                        <div class=\"col-md-3\">\r\n                                                        <img decoding=\"async\" src=\"https:\/\/static.apidae-tourisme.com\/filestore\/objets-touristiques\/images\/248\/181\/34190840-diaporama.png\" class=\"w-100\" alt=\"Image LOGO RGA vertical rvb\">\r\n                        <\/div>\r\n                        <div class=\"col-md-9\">\r\n                            <div class=\"card-block px-1\">\r\n                                <h2 class=\"card-title\">\r\n                                    <a href=\"https:\/\/la-toussuire.com\/nl\/details\/route-des-grandes-alpes-5016235-Fr\/\">Route des Grandes Alpes \u00ae<\/a>\r\n                                <\/h2>\r\n                                <p class=\"classement\"><\/p>\r\n                                <p class=\"card-text\">La Route des Grandes Alpes, un itin\u00e9raire touristique prestigieux, du lac L\u00e9man \u00e0 la mer M\u00e9diterran\u00e9e par les grands cols alpins<\/p>\r\n                                <p class=\"labels\"><\/p>\r\n                            <\/div>\r\n                            <a href=\"https:\/\/la-toussuire.com\/nl\/details\/route-des-grandes-alpes-5016235-Fr\/\" class=\"btn\">Meer zien<\/a>\r\n                        <\/div>\r\n                    <\/div>\r\n                <\/div>\r\n                            <div class=\"card 0-3pieces\">\r\n                    <div class=\"row\">\r\n                        <div class=\"col-md-3\">\r\n                                                        <img decoding=\"async\" src=\"https:\/\/static.apidae-tourisme.com\/filestore\/objets-touristiques\/images\/115\/216\/4577395-diaporama.jpg\" class=\"w-100\" alt=\"Image le-lac-du-laitelet\">\r\n                        <\/div>\r\n                        <div class=\"col-md-9\">\r\n                            <div class=\"card-block px-1\">\r\n                                <h2 class=\"card-title\">\r\n                                    <a href=\"https:\/\/la-toussuire.com\/nl\/details\/route-des-grandes-alpes-variante-par-les-cols-de-la-croix-de-fer-et-du-lautaret-5065140-Fr\/\">Route des Grandes Alpes &#8211; Variante par les cols de la Croix de Fer et du Lautaret<\/a>\r\n                                <\/h2>\r\n                                <p class=\"classement\"><\/p>\r\n                                <p class=\"card-text\">Pour ceux qui connaissent d\u00e9j\u00e0 le Galibier, pourquoi ne pas choisir au d\u00e9part de Saint-Michel-de-Maurienne la variante par les cols de la Croix-de-Fer et du Glandon ? Un itin\u00e9raire qui vous fera d\u00e9couvrir les vall\u00e9es de l&#8217;Oisans.<\/p>\r\n                                <p class=\"labels\"><\/p>\r\n                            <\/div>\r\n                            <a href=\"https:\/\/la-toussuire.com\/nl\/details\/route-des-grandes-alpes-variante-par-les-cols-de-la-croix-de-fer-et-du-lautaret-5065140-Fr\/\" class=\"btn\">Meer zien<\/a>\r\n                        <\/div>\r\n                    <\/div>\r\n                <\/div>\r\n                            <div class=\"card 0-3pieces\">\r\n                    <div class=\"row\">\r\n                        <div class=\"col-md-3\">\r\n                                                        <img decoding=\"async\" src=\"https:\/\/la-toussuire.com\/wp-content\/plugins\/lba_apidae\/assets\/img\/default.png\" class=\"w-100\" alt=\"Image \">\r\n                        <\/div>\r\n                        <div class=\"col-md-9\">\r\n                            <div class=\"card-block px-1\">\r\n                                <h2 class=\"card-title\">\r\n                                    <a href=\"https:\/\/la-toussuire.com\/nl\/details\/route-des-grandes-alpes-a-velo-valloire-briancon-7514123-Fr\/\">Route des Grandes Alpes \u00e0 V\u00e9lo &#8211; Valloire \/ Brian\u00e7on<\/a>\r\n                                <\/h2>\r\n                                <p class=\"classement\"><\/p>\r\n                                <p class=\"card-text\">Le franchissement de la fronti\u00e8re entre les Alpes du Nord et du Sud, avec son panorama \u00e9poustouflant sur les glaciers des \u00c9crins, est un tr\u00e8s grand moment. Brian\u00e7on, terminus ou d\u00e9part de cette belle \u00e9tape, est une \u00ab Ville d\u2019Art et d\u2019Histoire \u00bb.<\/p>\r\n                                <p class=\"labels\"><\/p>\r\n                            <\/div>\r\n                            <a href=\"https:\/\/la-toussuire.com\/nl\/details\/route-des-grandes-alpes-a-velo-valloire-briancon-7514123-Fr\/\" class=\"btn\">Meer zien<\/a>\r\n                        <\/div>\r\n                    <\/div>\r\n                <\/div>\r\n                            <div class=\"card 0-3pieces\">\r\n                    <div class=\"row\">\r\n                        <div class=\"col-md-3\">\r\n                                                        <img decoding=\"async\" src=\"https:\/\/static.apidae-tourisme.com\/filestore\/objets-touristiques\/images\/123\/109\/1404283-diaporama.jpg\" class=\"w-100\" alt=\"Image IMG_2845\">\r\n                        <\/div>\r\n                        <div class=\"col-md-9\">\r\n                            <div class=\"card-block px-1\">\r\n                                <h2 class=\"card-title\">\r\n                                    <a href=\"https:\/\/la-toussuire.com\/nl\/details\/tour-aux-portes-de-maurienne-758218-Fr\/\">Tour aux Portes de Maurienne<\/a>\r\n                                <\/h2>\r\n                                <p class=\"classement\"><\/p>\r\n                                <p class=\"card-text\">Une belle boucle accessible pour d\u00e9couvrir l&#8217;entr\u00e9e de la vall\u00e9e de la Maurienne \u00e0 l&#8217;\u00e9cart des grands axes de circulation.<\/p>\r\n                                <p class=\"labels\"><\/p>\r\n                            <\/div>\r\n                            <a href=\"https:\/\/la-toussuire.com\/nl\/details\/tour-aux-portes-de-maurienne-758218-Fr\/\" class=\"btn\">Meer zien<\/a>\r\n                        <\/div>\r\n                    <\/div>\r\n                <\/div>\r\n                            <div class=\"card 0-3pieces\">\r\n                    <div class=\"row\">\r\n                        <div class=\"col-md-3\">\r\n                                                        <img decoding=\"async\" src=\"https:\/\/static.apidae-tourisme.com\/filestore\/objets-touristiques\/images\/231\/2\/10420967-diaporama.jpg\" class=\"w-100\" alt=\"Image Circuit Aiton Bonvillaret \u00a9OTPortedeMaurienne\">\r\n                        <\/div>\r\n                        <div class=\"col-md-9\">\r\n                            <div class=\"card-block px-1\">\r\n                                <h2 class=\"card-title\">\r\n                                    <a href=\"https:\/\/la-toussuire.com\/nl\/details\/tour-de-bonvillaret-760732-Fr\/\">Tour de Bonvillaret<\/a>\r\n                                <\/h2>\r\n                                <p class=\"classement\"><\/p>\r\n                                <p class=\"card-text\">Parcours peu fr\u00e9quent\u00e9, \u00e0 cheval sur la Maurienne et la Combe de Savoie avec du plat, mais aussi des c\u00f4tes soutenues !<\/p>\r\n                                <p class=\"labels\"><\/p>\r\n                            <\/div>\r\n                            <a href=\"https:\/\/la-toussuire.com\/nl\/details\/tour-de-bonvillaret-760732-Fr\/\" class=\"btn\">Meer zien<\/a>\r\n                        <\/div>\r\n                    <\/div>\r\n                <\/div>\r\n                            <div class=\"card 0-3pieces\">\r\n                    <div class=\"row\">\r\n                        <div class=\"col-md-3\">\r\n                                                        <img decoding=\"async\" src=\"https:\/\/static.apidae-tourisme.com\/filestore\/objets-touristiques\/images\/103\/45\/10431847-diaporama.jpg\" class=\"w-100\" alt=\"Image Page-3-Montgellafrey\">\r\n                        <\/div>\r\n                        <div class=\"col-md-9\">\r\n                            <div class=\"card-block px-1\">\r\n                                <h2 class=\"card-title\">\r\n                                    <a href=\"https:\/\/la-toussuire.com\/nl\/details\/tour-de-la-vallee-du-bugeon-638885-Fr\/\">Tour de la Vall\u00e9e du Bugeon<\/a>\r\n                                <\/h2>\r\n                                <p class=\"classement\"><\/p>\r\n                                <p class=\"card-text\">Variante peu fr\u00e9quent\u00e9e pour rejoindre le col de la Madeleine par un acc\u00e8s m\u00e9connu : la vall\u00e9e du Bugeon.<\/p>\r\n                                <p class=\"labels\"><\/p>\r\n                            <\/div>\r\n                            <a href=\"https:\/\/la-toussuire.com\/nl\/details\/tour-de-la-vallee-du-bugeon-638885-Fr\/\" class=\"btn\">Meer zien<\/a>\r\n                        <\/div>\r\n                    <\/div>\r\n                <\/div>\r\n                            <div class=\"card 0-3pieces\">\r\n                    <div class=\"row\">\r\n                        <div class=\"col-md-3\">\r\n                                                        <img decoding=\"async\" src=\"https:\/\/static.apidae-tourisme.com\/filestore\/objets-touristiques\/images\/80\/16\/1445968-diaporama.jpg\" class=\"w-100\" alt=\"Image Forts de l'Esseillon - CP Bruno PASDELOUP (34)\">\r\n                        <\/div>\r\n                        <div class=\"col-md-9\">\r\n                            <div class=\"card-block px-1\">\r\n                                <h2 class=\"card-title\">\r\n                                    <a href=\"https:\/\/la-toussuire.com\/nl\/details\/tour-de-lesseillon-761639-Fr\/\">Tour de l&#8217;Esseillon<\/a>\r\n                                <\/h2>\r\n                                <p class=\"classement\"><\/p>\r\n                                <p class=\"card-text\">Petite boucle qui regroupent de tr\u00e8s beaux villages de Haute-Maurienne et fait le tour de la majestueuse barri\u00e8re de l&#8217;Esseillon.<\/p>\r\n                                <p class=\"labels\"><\/p>\r\n                            <\/div>\r\n                            <a href=\"https:\/\/la-toussuire.com\/nl\/details\/tour-de-lesseillon-761639-Fr\/\" class=\"btn\">Meer zien<\/a>\r\n                        <\/div>\r\n                    <\/div>\r\n                <\/div>\r\n                            <div class=\"card 0-3pieces\">\r\n                    <div class=\"row\">\r\n                        <div class=\"col-md-3\">\r\n                                                        <img decoding=\"async\" src=\"https:\/\/static.apidae-tourisme.com\/filestore\/objets-touristiques\/images\/120\/106\/1469048-diaporama.jpg\" class=\"w-100\" alt=\"Image Tour des Hurti\u00e8res\">\r\n                        <\/div>\r\n                        <div class=\"col-md-9\">\r\n                            <div class=\"card-block px-1\">\r\n                                <h2 class=\"card-title\">\r\n                                    <a href=\"https:\/\/la-toussuire.com\/nl\/details\/tour-des-hurtieres-766144-Fr\/\">Tour des Hurti\u00e8res<\/a>\r\n                                <\/h2>\r\n                                <p class=\"classement\"><\/p>\r\n                                <p class=\"card-text\">Au coeur du massif des Hurti\u00e8res, ce circuit est vari\u00e9 et tr\u00e8s agr\u00e9able en \u00e9t\u00e9 car une grande partie est ombrag\u00e9e.\r\nPermet de d\u00e9couvrir le Val Gelon, la tr\u00e8s belle vall\u00e9e des Huiles et le col du Grand Cucheron.<\/p>\r\n                                <p class=\"labels\"><\/p>\r\n                            <\/div>\r\n                            <a href=\"https:\/\/la-toussuire.com\/nl\/details\/tour-des-hurtieres-766144-Fr\/\" class=\"btn\">Meer zien<\/a>\r\n                        <\/div>\r\n                    <\/div>\r\n                <\/div>\r\n                            <div class=\"card 0-3pieces\">\r\n                    <div class=\"row\">\r\n                        <div class=\"col-md-3\">\r\n                                                        <img decoding=\"async\" src=\"https:\/\/static.apidae-tourisme.com\/filestore\/objets-touristiques\/images\/237\/112\/16412909-diaporama.jpg\" class=\"w-100\" alt=\"Image Vialps-2022-credits Stefano-LA (78)170\">\r\n                        <\/div>\r\n                        <div class=\"col-md-9\">\r\n                            <div class=\"card-block px-1\">\r\n                                <h2 class=\"card-title\">\r\n                                    <a href=\"https:\/\/la-toussuire.com\/nl\/details\/vialps-itineraire-transfrontalier-entre-maurienne-hautes-alpes-et-italie-a-realiser-en-4-jours-a-velo-6242008-Fr\/\">Vialps, itin\u00e9raire transfrontalier entre Maurienne, Hautes Alpes et Italie, \u00e0 r\u00e9aliser en  4 jours \u00e0 v\u00e9lo<\/a>\r\n                                <\/h2>\r\n                                <p class=\"classement\"><\/p>\r\n                                <p class=\"card-text\">Vialps, avec ses 4600m de D+, est un parcours hors du commun au c\u0153ur des Alpes, sur les traces du Giro d\u2019Italie et du Tour de France. A r\u00e9aliser en un ou plusieurs jours<\/p>\r\n                                <p class=\"labels\"><\/p>\r\n                            <\/div>\r\n                            <a href=\"https:\/\/la-toussuire.com\/nl\/details\/vialps-itineraire-transfrontalier-entre-maurienne-hautes-alpes-et-italie-a-realiser-en-4-jours-a-velo-6242008-Fr\/\" class=\"btn\">Meer zien<\/a>\r\n                        <\/div>\r\n                    <\/div>\r\n                <\/div>\r\n                    <\/div>\r\n    <\/div>\r\n    <div id=\"selection-map\" class=\"selection-mode-map\" style=\"display: none;\">\r\n        <div class=\"map\" id=\"MapContainerListe\"><\/div>\r\n    <\/div>\r\n<!--END ITEMS APIDAE -->\r\n\r\n<!--BEGIN PAGINATOR -->\r\n<!--BEGIN PAGINATOR --><\/div><div class=\"block block-core-paragraph\">\n<p><\/p>\n<\/div>","protected":false},"excerpt":{"rendered":"<p>De Maurienne, het ideale speelterrein voor fietsers Op ons gebied ontbreken cols niet ! Wanneer u zin hebt om u in te spannen, te klimmen, opnieuw af te dalen, terug te komen, terug te vertrekken, kunt u het hier doen ! Ontdek onze selectie en kijk uw ogen uit\u2026<\/p>\n","protected":false},"author":3,"featured_media":7445,"parent":10792,"menu_order":1,"comment_status":"closed","ping_status":"closed","template":"page-template.php","meta":{"_acf_changed":false,"footnotes":""},"class_list":["post-17008","page","type-page","status-publish","has-post-thumbnail","hentry"],"acf":[],"yoast_head":"<!-- This site is optimized with the Yoast SEO plugin v27.1.1 - https:\/\/yoast.com\/product\/yoast-seo-wordpress\/ -->\n<title>Een gebied van grote cols - La Toussuire<\/title>\n<meta name=\"description\" content=\"La Toussuire, in het centrum van de vallei van de Maurienne, ligt in het hart van het &quot;grootste fietsgebied ter wereld&quot;, omringd door mythische cols\" \/>\n<meta name=\"robots\" content=\"index, follow, max-snippet:-1, max-image-preview:large, max-video-preview:-1\" \/>\n<link rel=\"canonical\" href=\"https:\/\/la-toussuire.com\/nl\/wat-te-doen-in-de-zomer\/zomer-activiteiten\/fietsen\/een-gebied-van-grote-cols\/\" \/>\n<meta property=\"og:locale\" content=\"nl_NL\" \/>\n<meta property=\"og:type\" content=\"article\" \/>\n<meta property=\"og:title\" content=\"Een gebied van grote cols - La Toussuire\" \/>\n<meta property=\"og:description\" content=\"La Toussuire, in het centrum van de vallei van de Maurienne, ligt in het hart van het &quot;grootste fietsgebied ter wereld&quot;, omringd door mythische cols\" \/>\n<meta property=\"og:url\" content=\"https:\/\/la-toussuire.com\/nl\/wat-te-doen-in-de-zomer\/zomer-activiteiten\/fietsen\/een-gebied-van-grote-cols\/\" \/>\n<meta property=\"og:site_name\" content=\"La Toussuire\" \/>\n<meta property=\"og:image\" content=\"https:\/\/la-toussuire.com\/wp-content\/uploads\/OTToussuire_Cyclisme_Circuit_Col_Presentation\u00a9OTToussuire@La_Toussuire.jpg\" \/>\n\t<meta property=\"og:image:width\" content=\"2300\" \/>\n\t<meta property=\"og:image:height\" content=\"831\" \/>\n\t<meta property=\"og:image:type\" content=\"image\/jpeg\" \/>\n<meta name=\"twitter:card\" content=\"summary_large_image\" \/>\n<script type=\"application\/ld+json\" class=\"yoast-schema-graph\">{\"@context\":\"https:\/\/schema.org\",\"@graph\":[{\"@type\":\"WebPage\",\"@id\":\"https:\/\/la-toussuire.com\/nl\/wat-te-doen-in-de-zomer\/zomer-activiteiten\/fietsen\/een-gebied-van-grote-cols\/\",\"url\":\"https:\/\/la-toussuire.com\/nl\/wat-te-doen-in-de-zomer\/zomer-activiteiten\/fietsen\/een-gebied-van-grote-cols\/\",\"name\":\"Een gebied van grote cols - La Toussuire\",\"isPartOf\":{\"@id\":\"https:\/\/la-toussuire.com\/nl\/#website\"},\"primaryImageOfPage\":{\"@id\":\"https:\/\/la-toussuire.com\/nl\/wat-te-doen-in-de-zomer\/zomer-activiteiten\/fietsen\/een-gebied-van-grote-cols\/#primaryimage\"},\"image\":{\"@id\":\"https:\/\/la-toussuire.com\/nl\/wat-te-doen-in-de-zomer\/zomer-activiteiten\/fietsen\/een-gebied-van-grote-cols\/#primaryimage\"},\"thumbnailUrl\":\"https:\/\/la-toussuire.com\/wp-content\/uploads\/OTToussuire_Cyclisme_Circuit_Col_Presentation\u00a9OTToussuire@La_Toussuire.jpg\",\"datePublished\":\"2023-03-22T15:26:51+00:00\",\"description\":\"La Toussuire, in het centrum van de vallei van de Maurienne, ligt in het hart van het \\\"grootste fietsgebied ter wereld\\\", omringd door mythische cols\",\"breadcrumb\":{\"@id\":\"https:\/\/la-toussuire.com\/nl\/wat-te-doen-in-de-zomer\/zomer-activiteiten\/fietsen\/een-gebied-van-grote-cols\/#breadcrumb\"},\"inLanguage\":\"nl-NL\",\"potentialAction\":[{\"@type\":\"ReadAction\",\"target\":[\"https:\/\/la-toussuire.com\/nl\/wat-te-doen-in-de-zomer\/zomer-activiteiten\/fietsen\/een-gebied-van-grote-cols\/\"]}]},{\"@type\":\"ImageObject\",\"inLanguage\":\"nl-NL\",\"@id\":\"https:\/\/la-toussuire.com\/nl\/wat-te-doen-in-de-zomer\/zomer-activiteiten\/fietsen\/een-gebied-van-grote-cols\/#primaryimage\",\"url\":\"https:\/\/la-toussuire.com\/wp-content\/uploads\/OTToussuire_Cyclisme_Circuit_Col_Presentation\u00a9OTToussuire@La_Toussuire.jpg\",\"contentUrl\":\"https:\/\/la-toussuire.com\/wp-content\/uploads\/OTToussuire_Cyclisme_Circuit_Col_Presentation\u00a9OTToussuire@La_Toussuire.jpg\",\"width\":2300,\"height\":831,\"caption\":\"Beklimming van Col van la Croix de Fer\"},{\"@type\":\"BreadcrumbList\",\"@id\":\"https:\/\/la-toussuire.com\/nl\/wat-te-doen-in-de-zomer\/zomer-activiteiten\/fietsen\/een-gebied-van-grote-cols\/#breadcrumb\",\"itemListElement\":[{\"@type\":\"ListItem\",\"position\":1,\"name\":\"Accueil\",\"item\":\"https:\/\/la-toussuire.com\/nl\/\"},{\"@type\":\"ListItem\",\"position\":2,\"name\":\"Ik heb plezier\",\"item\":\"https:\/\/la-toussuire.com\/nl\/wat-te-doen-in-de-zomer\/\"},{\"@type\":\"ListItem\",\"position\":3,\"name\":\"Onze zomeractiviteiten\",\"item\":\"https:\/\/la-toussuire.com\/nl\/wat-te-doen-in-de-zomer\/zomer-activiteiten\/\"},{\"@type\":\"ListItem\",\"position\":4,\"name\":\"Fietsen\",\"item\":\"https:\/\/la-toussuire.com\/nl\/wat-te-doen-in-de-zomer\/zomer-activiteiten\/fietsen\/\"},{\"@type\":\"ListItem\",\"position\":5,\"name\":\"Een gebied van grote cols\"}]},{\"@type\":\"WebSite\",\"@id\":\"https:\/\/la-toussuire.com\/nl\/#website\",\"url\":\"https:\/\/la-toussuire.com\/nl\/\",\"name\":\"La Toussuire\",\"description\":\"\",\"publisher\":{\"@id\":\"https:\/\/la-toussuire.com\/nl\/#organization\"},\"potentialAction\":[{\"@type\":\"SearchAction\",\"target\":{\"@type\":\"EntryPoint\",\"urlTemplate\":\"https:\/\/la-toussuire.com\/nl\/?s={search_term_string}\"},\"query-input\":{\"@type\":\"PropertyValueSpecification\",\"valueRequired\":true,\"valueName\":\"search_term_string\"}}],\"inLanguage\":\"nl-NL\"},{\"@type\":\"Organization\",\"@id\":\"https:\/\/la-toussuire.com\/nl\/#organization\",\"name\":\"La Toussuire\",\"url\":\"https:\/\/la-toussuire.com\/nl\/\",\"logo\":{\"@type\":\"ImageObject\",\"inLanguage\":\"nl-NL\",\"@id\":\"https:\/\/la-toussuire.com\/nl\/#\/schema\/logo\/image\/\",\"url\":\"https:\/\/la-toussuire.com\/wp-content\/uploads\/cropped-Nouveau-LA-TOUSSUIRE_Logo_Plan-de-travail-1-02.png\",\"contentUrl\":\"https:\/\/la-toussuire.com\/wp-content\/uploads\/cropped-Nouveau-LA-TOUSSUIRE_Logo_Plan-de-travail-1-02.png\",\"width\":591,\"height\":591,\"caption\":\"La Toussuire\"},\"image\":{\"@id\":\"https:\/\/la-toussuire.com\/nl\/#\/schema\/logo\/image\/\"}}]}<\/script>\n<!-- \/ Yoast SEO plugin. -->","yoast_head_json":{"title":"Een gebied van grote cols - La Toussuire","description":"La Toussuire, in het centrum van de vallei van de Maurienne, ligt in het hart van het \"grootste fietsgebied ter wereld\", omringd door mythische cols","robots":{"index":"index","follow":"follow","max-snippet":"max-snippet:-1","max-image-preview":"max-image-preview:large","max-video-preview":"max-video-preview:-1"},"canonical":"https:\/\/la-toussuire.com\/nl\/wat-te-doen-in-de-zomer\/zomer-activiteiten\/fietsen\/een-gebied-van-grote-cols\/","og_locale":"nl_NL","og_type":"article","og_title":"Een gebied van grote cols - La Toussuire","og_description":"La Toussuire, in het centrum van de vallei van de Maurienne, ligt in het hart van het \"grootste fietsgebied ter wereld\", omringd door mythische cols","og_url":"https:\/\/la-toussuire.com\/nl\/wat-te-doen-in-de-zomer\/zomer-activiteiten\/fietsen\/een-gebied-van-grote-cols\/","og_site_name":"La Toussuire","og_image":[{"width":2300,"height":831,"url":"https:\/\/la-toussuire.com\/wp-content\/uploads\/OTToussuire_Cyclisme_Circuit_Col_Presentation\u00a9OTToussuire@La_Toussuire.jpg","type":"image\/jpeg"}],"twitter_card":"summary_large_image","schema":{"@context":"https:\/\/schema.org","@graph":[{"@type":"WebPage","@id":"https:\/\/la-toussuire.com\/nl\/wat-te-doen-in-de-zomer\/zomer-activiteiten\/fietsen\/een-gebied-van-grote-cols\/","url":"https:\/\/la-toussuire.com\/nl\/wat-te-doen-in-de-zomer\/zomer-activiteiten\/fietsen\/een-gebied-van-grote-cols\/","name":"Een gebied van grote cols - La Toussuire","isPartOf":{"@id":"https:\/\/la-toussuire.com\/nl\/#website"},"primaryImageOfPage":{"@id":"https:\/\/la-toussuire.com\/nl\/wat-te-doen-in-de-zomer\/zomer-activiteiten\/fietsen\/een-gebied-van-grote-cols\/#primaryimage"},"image":{"@id":"https:\/\/la-toussuire.com\/nl\/wat-te-doen-in-de-zomer\/zomer-activiteiten\/fietsen\/een-gebied-van-grote-cols\/#primaryimage"},"thumbnailUrl":"https:\/\/la-toussuire.com\/wp-content\/uploads\/OTToussuire_Cyclisme_Circuit_Col_Presentation\u00a9OTToussuire@La_Toussuire.jpg","datePublished":"2023-03-22T15:26:51+00:00","description":"La Toussuire, in het centrum van de vallei van de Maurienne, ligt in het hart van het \"grootste fietsgebied ter wereld\", omringd door mythische cols","breadcrumb":{"@id":"https:\/\/la-toussuire.com\/nl\/wat-te-doen-in-de-zomer\/zomer-activiteiten\/fietsen\/een-gebied-van-grote-cols\/#breadcrumb"},"inLanguage":"nl-NL","potentialAction":[{"@type":"ReadAction","target":["https:\/\/la-toussuire.com\/nl\/wat-te-doen-in-de-zomer\/zomer-activiteiten\/fietsen\/een-gebied-van-grote-cols\/"]}]},{"@type":"ImageObject","inLanguage":"nl-NL","@id":"https:\/\/la-toussuire.com\/nl\/wat-te-doen-in-de-zomer\/zomer-activiteiten\/fietsen\/een-gebied-van-grote-cols\/#primaryimage","url":"https:\/\/la-toussuire.com\/wp-content\/uploads\/OTToussuire_Cyclisme_Circuit_Col_Presentation\u00a9OTToussuire@La_Toussuire.jpg","contentUrl":"https:\/\/la-toussuire.com\/wp-content\/uploads\/OTToussuire_Cyclisme_Circuit_Col_Presentation\u00a9OTToussuire@La_Toussuire.jpg","width":2300,"height":831,"caption":"Beklimming van Col van la Croix de Fer"},{"@type":"BreadcrumbList","@id":"https:\/\/la-toussuire.com\/nl\/wat-te-doen-in-de-zomer\/zomer-activiteiten\/fietsen\/een-gebied-van-grote-cols\/#breadcrumb","itemListElement":[{"@type":"ListItem","position":1,"name":"Accueil","item":"https:\/\/la-toussuire.com\/nl\/"},{"@type":"ListItem","position":2,"name":"Ik heb plezier","item":"https:\/\/la-toussuire.com\/nl\/wat-te-doen-in-de-zomer\/"},{"@type":"ListItem","position":3,"name":"Onze zomeractiviteiten","item":"https:\/\/la-toussuire.com\/nl\/wat-te-doen-in-de-zomer\/zomer-activiteiten\/"},{"@type":"ListItem","position":4,"name":"Fietsen","item":"https:\/\/la-toussuire.com\/nl\/wat-te-doen-in-de-zomer\/zomer-activiteiten\/fietsen\/"},{"@type":"ListItem","position":5,"name":"Een gebied van grote cols"}]},{"@type":"WebSite","@id":"https:\/\/la-toussuire.com\/nl\/#website","url":"https:\/\/la-toussuire.com\/nl\/","name":"La Toussuire","description":"","publisher":{"@id":"https:\/\/la-toussuire.com\/nl\/#organization"},"potentialAction":[{"@type":"SearchAction","target":{"@type":"EntryPoint","urlTemplate":"https:\/\/la-toussuire.com\/nl\/?s={search_term_string}"},"query-input":{"@type":"PropertyValueSpecification","valueRequired":true,"valueName":"search_term_string"}}],"inLanguage":"nl-NL"},{"@type":"Organization","@id":"https:\/\/la-toussuire.com\/nl\/#organization","name":"La Toussuire","url":"https:\/\/la-toussuire.com\/nl\/","logo":{"@type":"ImageObject","inLanguage":"nl-NL","@id":"https:\/\/la-toussuire.com\/nl\/#\/schema\/logo\/image\/","url":"https:\/\/la-toussuire.com\/wp-content\/uploads\/cropped-Nouveau-LA-TOUSSUIRE_Logo_Plan-de-travail-1-02.png","contentUrl":"https:\/\/la-toussuire.com\/wp-content\/uploads\/cropped-Nouveau-LA-TOUSSUIRE_Logo_Plan-de-travail-1-02.png","width":591,"height":591,"caption":"La Toussuire"},"image":{"@id":"https:\/\/la-toussuire.com\/nl\/#\/schema\/logo\/image\/"}}]}},"_links":{"self":[{"href":"https:\/\/la-toussuire.com\/nl\/wp-json\/wp\/v2\/pages\/17008","targetHints":{"allow":["GET"]}}],"collection":[{"href":"https:\/\/la-toussuire.com\/nl\/wp-json\/wp\/v2\/pages"}],"about":[{"href":"https:\/\/la-toussuire.com\/nl\/wp-json\/wp\/v2\/types\/page"}],"author":[{"embeddable":true,"href":"https:\/\/la-toussuire.com\/nl\/wp-json\/wp\/v2\/users\/3"}],"replies":[{"embeddable":true,"href":"https:\/\/la-toussuire.com\/nl\/wp-json\/wp\/v2\/comments?post=17008"}],"version-history":[{"count":1,"href":"https:\/\/la-toussuire.com\/nl\/wp-json\/wp\/v2\/pages\/17008\/revisions"}],"predecessor-version":[{"id":17009,"href":"https:\/\/la-toussuire.com\/nl\/wp-json\/wp\/v2\/pages\/17008\/revisions\/17009"}],"up":[{"embeddable":true,"href":"https:\/\/la-toussuire.com\/nl\/wp-json\/wp\/v2\/pages\/10792"}],"wp:featuredmedia":[{"embeddable":true,"href":"https:\/\/la-toussuire.com\/nl\/wp-json\/wp\/v2\/media\/7445"}],"wp:attachment":[{"href":"https:\/\/la-toussuire.com\/nl\/wp-json\/wp\/v2\/media?parent=17008"}],"curies":[{"name":"wp","href":"https:\/\/api.w.org\/{rel}","templated":true}]}}