{"id":16964,"date":"2023-03-22T15:03:38","date_gmt":"2023-03-22T14:03:38","guid":{"rendered":"https:\/\/la-toussuire.com\/wat-te-doen-in-de-zomer\/verken-onze-bergen\/trail\/trail-week\/"},"modified":"2026-04-30T14:24:44","modified_gmt":"2026-04-30T12:24:44","slug":"trail-week","status":"publish","type":"page","link":"https:\/\/la-toussuire.com\/nl\/wat-te-doen-in-de-zomer\/zomer-activiteiten\/trail\/trail-week\/","title":{"rendered":"Trail Sessions"},"content":{"rendered":"<div class=\"block block-core-heading\">\n<h2 class=\"wp-block-heading has-text-align-center has-text-color has-link-color wp-elements-2c76347f75f5f55d276d319aa061ddc6\" style=\"color:#ef7d1a\">Tot ziens van 20 tot en met 24 juli 2026!<\/h2>\n<\/div><div class=\"block block-core-heading\">\n<h2 class=\"wp-block-heading has-text-align-center has-text-color has-link-color wp-elements-59398db48283103d5b5920af552299df\" style=\"color:#6cc3d5\">Een week om u te overtreffen <\/h2>\n<\/div><div class=\"block block-core-paragraph\">\n<p class=\"has-text-align-center\">Ben je een <strong>doorgewinterde sporter<\/strong> en wil je je grenzen verleggen? Ben je ge\u00efnteresseerd in trailrunning en wil je ermee <strong>beginnen<\/strong>? Ben je een <strong>beginner <\/strong>en wil je ontdekken wat je in je mars hebt? <em>Deze week staat helemaal in het teken van jou&#8230;<\/em>  <\/p>\n<\/div><div class=\"block block-core-heading\">\n<h2 class=\"wp-block-heading has-text-align-center has-text-color has-link-color wp-elements-653395ecf22c9ac1d7b2805c7c1bc22e\" style=\"color:#6cc3d5\">Wat zijn Trail Sessions?<\/h2>\n<\/div><div class=\"block block-core-paragraph\">\n<p class=\"has-text-align-center\">Het is de bedoeling van het organisatiecomit\u00e9 dat de Trail Sessions niet zomaar een <strong>sportvakantie wordt<\/strong>, maar een week vol uitwisselingen en emoties.<\/p>\n<\/div><div class=\"block block-core-paragraph\">\n<p class=\"has-text-align-center\">Of u nu beginner bent of gevorderd, tijdens de tochten wordt u begeleid door de gidsen van het bergbureau: een <strong>unieke kans om de bergen<\/strong> op een andere manier te ontdekken.<\/p>\n<\/div><div class=\"block block-core-paragraph\">\n<p class=\"has-text-align-center\">Hardlopen op comfortabele en toegankelijke alpenweiden, de <strong>zuivere berglucht inademen<\/strong> en genieten van het prachtige uitzicht: dat wordt een van de rode draden van de stage. Er wordt u een kant-en-klaar programma aangeboden: trainingen, lezingen, filmvertoningen, voedingsadvies en wedstrijden&#8230; <\/p>\n<\/div><div class=\"block block-core-paragraph\">\n<p class=\"has-text-align-center\">Wij zorgen voor alles ! <\/p>\n<\/div><div class=\"wp-block-image\"><div class=\"block block-core-image\">\n<figure class=\"aligncenter size-large\"><img loading=\"lazy\" decoding=\"async\" width=\"1024\" height=\"211\" src=\"https:\/\/la-toussuire.com\/wp-content\/uploads\/\/Trail-Sessions-02-1024x211.png\" alt=\"\" class=\"wp-image-35356\" srcset=\"https:\/\/la-toussuire.com\/wp-content\/uploads\/Trail-Sessions-02-1024x211.png 1024w, https:\/\/la-toussuire.com\/wp-content\/uploads\/Trail-Sessions-02-300x62.png 300w, https:\/\/la-toussuire.com\/wp-content\/uploads\/Trail-Sessions-02-150x31.png 150w, https:\/\/la-toussuire.com\/wp-content\/uploads\/Trail-Sessions-02-768x158.png 768w, https:\/\/la-toussuire.com\/wp-content\/uploads\/Trail-Sessions-02-1536x316.png 1536w, https:\/\/la-toussuire.com\/wp-content\/uploads\/Trail-Sessions-02-2048x421.png 2048w\" sizes=\"auto, (max-width: 1024px) 100vw, 1024px\" \/><\/figure>\n<\/div><\/div><div class=\"block block-core-heading\">\n<h2 class=\"wp-block-heading has-text-align-center has-text-color has-link-color wp-elements-e9f181a0731c94933e861f7f6e7a2f51\" style=\"color:#ef7d1a\">DE SPREKERS<\/h2>\n<\/div><div class=\"block block-core-columns\">\n<div class=\"wp-block-columns is-layout-flex wp-container-core-columns-is-layout-9d6595d7 wp-block-columns-is-layout-flex\"><div class=\"block block-core-column\">\n<div class=\"wp-block-column is-layout-flow wp-block-column-is-layout-flow\"><div class=\"block block-core-media-text\">\n<div class=\"wp-block-media-text is-stacked-on-mobile\"><figure class=\"wp-block-media-text__media\"><img loading=\"lazy\" decoding=\"async\" width=\"683\" height=\"1024\" src=\"https:\/\/la-toussuire.com\/wp-content\/uploads\/\/APernet-OTToussuire-HD-260624-050-683x1024.jpg\" alt=\"\" class=\"wp-image-35336 size-full\" srcset=\"https:\/\/la-toussuire.com\/wp-content\/uploads\/APernet-OTToussuire-HD-260624-050-683x1024.jpg 683w, https:\/\/la-toussuire.com\/wp-content\/uploads\/APernet-OTToussuire-HD-260624-050-200x300.jpg 200w, https:\/\/la-toussuire.com\/wp-content\/uploads\/APernet-OTToussuire-HD-260624-050-100x150.jpg 100w, https:\/\/la-toussuire.com\/wp-content\/uploads\/APernet-OTToussuire-HD-260624-050-768x1152.jpg 768w, https:\/\/la-toussuire.com\/wp-content\/uploads\/APernet-OTToussuire-HD-260624-050-1024x1536.jpg 1024w, https:\/\/la-toussuire.com\/wp-content\/uploads\/APernet-OTToussuire-HD-260624-050-1365x2048.jpg 1365w\" sizes=\"auto, (max-width: 683px) 100vw, 683px\" \/><\/figure><div class=\"wp-block-media-text__content\"><div class=\"block block-core-heading\">\n<h2 class=\"wp-block-heading\">Lorna Bonnel<\/h2>\n<\/div>\n\n<div class=\"block block-core-paragraph\">\n<p>Lid van het Franse nationale alpineskiteam, berggids in de zomer en skilerares. <\/p>\n<\/div>\n\n<div class=\"block block-core-paragraph\">\n<p><em>Wereldkampioene skialpinisme in het team- en estafetteklassement.<\/em><\/p>\n<\/div><\/div><\/div>\n<\/div><\/div>\n<\/div>\n\n<div class=\"block block-core-column\">\n<div class=\"wp-block-column is-layout-flow wp-block-column-is-layout-flow\"><div class=\"block block-core-media-text\">\n<div class=\"wp-block-media-text is-stacked-on-mobile\"><figure class=\"wp-block-media-text__media\"><img loading=\"lazy\" decoding=\"async\" width=\"666\" height=\"1024\" src=\"https:\/\/la-toussuire.com\/wp-content\/uploads\/\/Capture-decran-2025-01-20-a-10.29.00-2-666x1024.png\" alt=\"\" class=\"wp-image-35349 size-full\" srcset=\"https:\/\/la-toussuire.com\/wp-content\/uploads\/Capture-decran-2025-01-20-a-10.29.00-2-666x1024.png 666w, https:\/\/la-toussuire.com\/wp-content\/uploads\/Capture-decran-2025-01-20-a-10.29.00-2-195x300.png 195w, https:\/\/la-toussuire.com\/wp-content\/uploads\/Capture-decran-2025-01-20-a-10.29.00-2-98x150.png 98w, https:\/\/la-toussuire.com\/wp-content\/uploads\/Capture-decran-2025-01-20-a-10.29.00-2-768x1181.png 768w, https:\/\/la-toussuire.com\/wp-content\/uploads\/Capture-decran-2025-01-20-a-10.29.00-2-999x1536.png 999w, https:\/\/la-toussuire.com\/wp-content\/uploads\/Capture-decran-2025-01-20-a-10.29.00-2.png 1022w\" sizes=\"auto, (max-width: 666px) 100vw, 666px\" \/><\/figure><div class=\"wp-block-media-text__content\"><div class=\"block block-core-heading\">\n<h2 class=\"wp-block-heading\">Lionel Bonnel<\/h2>\n<\/div>\n\n<div class=\"block block-core-paragraph\">\n<p>Voormalig topatleet en gids en skileraar voor het middengebergte.<\/p>\n<\/div>\n\n<div class=\"block block-core-paragraph\">\n<p><em>Winnaar: 6000D, Grand Raid 73, Galibier Thabor, UT du Beaufortain<\/em><\/p>\n<\/div><\/div><\/div>\n<\/div><\/div>\n<\/div><\/div>\n<\/div><div class=\"block block-core-heading\">\n<h2 class=\"wp-block-heading has-text-align-center has-white-color has-text-color has-background has-link-color wp-elements-1d3d720a4679fda6ecaa3e7d75c0dd71\" style=\"background-color:#f07e13\">PROGRAMMA TRAIL SESSIONS<\/h2>\n<\/div><div class=\"block block-core-heading\">\n<h2 class=\"wp-block-heading has-text-align-center has-white-color has-text-color has-background has-link-color wp-elements-ea46dee544ecee0ccf4740eb61aa7a3e\" style=\"background-color:#6cc3d5\">Maandag 20 juli<\/h2>\n<\/div><div class=\"block block-core-media-text\">\n<div class=\"wp-block-media-text is-stacked-on-mobile is-image-fill-element\"><figure class=\"wp-block-media-text__media\"><img loading=\"lazy\" decoding=\"async\" width=\"1024\" height=\"684\" src=\"https:\/\/la-toussuire.com\/wp-content\/uploads\/\/APernet-OTToussuire-web-260624-108-1024x684.jpg\" alt=\"\" class=\"wp-image-35427 size-full\" style=\"object-position:69% 37%\" srcset=\"https:\/\/la-toussuire.com\/wp-content\/uploads\/APernet-OTToussuire-web-260624-108-1024x684.jpg 1024w, https:\/\/la-toussuire.com\/wp-content\/uploads\/APernet-OTToussuire-web-260624-108-300x200.jpg 300w, https:\/\/la-toussuire.com\/wp-content\/uploads\/APernet-OTToussuire-web-260624-108-150x100.jpg 150w, https:\/\/la-toussuire.com\/wp-content\/uploads\/APernet-OTToussuire-web-260624-108-768x513.jpg 768w, https:\/\/la-toussuire.com\/wp-content\/uploads\/APernet-OTToussuire-web-260624-108.jpg 1080w\" sizes=\"auto, (max-width: 1024px) 100vw, 1024px\" \/><\/figure><div class=\"wp-block-media-text__content\"><div class=\"block block-core-heading\">\n<h3 class=\"wp-block-heading has-text-align-center\"><strong>Uitje &#8211; Hardlopen met stokken<\/strong><\/h3>\n<\/div>\n\n<div class=\"block block-core-paragraph\">\n<p class=\"has-text-align-center\"><em><strong>Voor het VVV-kantoor &#8211; 9.00 uur<\/strong><\/em><\/p>\n<\/div>\n\n<div class=\"block block-core-paragraph\">\n<p class=\"has-text-align-center\">Leer de stokken goed te gebruiken om effici\u00ebnter over de paden te lopen. Een technische tocht richting Plan Chaud.  <\/p>\n<\/div>\n\n<div class=\"block block-core-paragraph\">\n<p class=\"has-text-align-center\"><strong><em>Max. 15 personen &#8211; Vanaf 15 jaar &#8211; Inschrijving verplicht<\/em><\/strong><\/p>\n<\/div>\n\n<div class=\"wp-block-image\"><div class=\"block block-core-image\">\n<figure class=\"aligncenter size-large is-resized\"><img loading=\"lazy\" decoding=\"async\" width=\"1024\" height=\"282\" src=\"https:\/\/la-toussuire.com\/wp-content\/uploads\/\/Tickets-activites-2-1024x282.jpg\" alt=\"\" class=\"wp-image-46363\" style=\"aspect-ratio:3.6318159884188517;width:309px;height:auto\" srcset=\"https:\/\/la-toussuire.com\/wp-content\/uploads\/Tickets-activites-2-1024x282.jpg 1024w, https:\/\/la-toussuire.com\/wp-content\/uploads\/Tickets-activites-2-300x83.jpg 300w, https:\/\/la-toussuire.com\/wp-content\/uploads\/Tickets-activites-2-150x41.jpg 150w, https:\/\/la-toussuire.com\/wp-content\/uploads\/Tickets-activites-2-768x211.jpg 768w, https:\/\/la-toussuire.com\/wp-content\/uploads\/Tickets-activites-2-1536x423.jpg 1536w, https:\/\/la-toussuire.com\/wp-content\/uploads\/Tickets-activites-2.jpg 1998w\" sizes=\"auto, (max-width: 1024px) 100vw, 1024px\" \/><\/figure>\n<\/div><\/div><\/div><\/div>\n<\/div><div class=\"block block-core-media-text\">\n<div class=\"wp-block-media-text has-media-on-the-right is-stacked-on-mobile is-image-fill-element\"><div class=\"wp-block-media-text__content\"><div class=\"block block-core-heading\">\n<h3 class=\"wp-block-heading has-text-align-center\"><strong>Ademhalingsworkshop<\/strong><\/h3>\n<\/div>\n\n<div class=\"block block-core-paragraph\">\n<p class=\"has-text-align-center\"><strong><em>Op de verdieping van het VVV-kantoor &#8211; 16.30 uur<\/em><\/strong><\/p>\n<\/div>\n\n<div class=\"block block-core-paragraph\">\n<p class=\"has-text-align-center\">25.000 ademhalingen per dag\u2026 en wat als ze niet allemaal correct zijn? Ontdek een functionele ademhaling die stress verlicht, de slaap bevordert en je energie een boost geeft <\/p>\n<\/div>\n\n<div class=\"block block-core-paragraph\">\n<p class=\"has-text-align-center\"><strong><em>Voor alle leeftijden<\/em><\/strong><\/p>\n<\/div><\/div><figure class=\"wp-block-media-text__media\"><img loading=\"lazy\" decoding=\"async\" width=\"819\" height=\"1024\" src=\"https:\/\/la-toussuire.com\/wp-content\/uploads\/\/Post-insta-Zumba-Color-4-819x1024.jpg\" alt=\"\" class=\"wp-image-40302 size-full\" style=\"object-position:50% 50%\" srcset=\"https:\/\/la-toussuire.com\/wp-content\/uploads\/Post-insta-Zumba-Color-4-819x1024.jpg 819w, https:\/\/la-toussuire.com\/wp-content\/uploads\/Post-insta-Zumba-Color-4-240x300.jpg 240w, https:\/\/la-toussuire.com\/wp-content\/uploads\/Post-insta-Zumba-Color-4-120x150.jpg 120w, https:\/\/la-toussuire.com\/wp-content\/uploads\/Post-insta-Zumba-Color-4-768x960.jpg 768w, https:\/\/la-toussuire.com\/wp-content\/uploads\/Post-insta-Zumba-Color-4.jpg 1080w\" sizes=\"auto, (max-width: 819px) 100vw, 819px\" \/><\/figure><\/div>\n<\/div><div class=\"block block-core-heading\">\n<h2 class=\"wp-block-heading has-text-align-center has-white-color has-text-color has-background has-link-color wp-elements-edf4548999106c9c5e35f7d364aeefba\" style=\"background-color:#6cc3d5\">Dinsdag 21 juli<\/h2>\n<\/div><div class=\"block block-core-media-text\">\n<div class=\"wp-block-media-text has-media-on-the-right is-stacked-on-mobile is-image-fill-element\"><div class=\"wp-block-media-text__content\"><div class=\"block block-core-heading\">\n<h3 class=\"wp-block-heading has-text-align-center\"><strong>Workshop &#8211; Amma-massage + PEMF met Fr\u00e9d\u00e9ric Blanchet<\/strong><\/h3>\n<\/div>\n\n<div class=\"block block-core-paragraph\">\n<p class=\"has-text-align-center\"><strong><em>Op de verdieping van het VVV-kantoor &#8211; 9.00 tot 12.00 uur en 14.00 tot 15.30 uur<\/em><\/strong><\/p>\n<\/div>\n\n<div class=\"block block-core-paragraph\">\n<p class=\"has-text-align-center\">Gun uzelf een moment van echte ontspanning en nieuwe energie.<br\/>De Amma-stoelmassage is een ontspanningstechniek van Japanse oorsprong, die gekleed op een ergonomische stoel wordt uitgevoerd.<br\/>Binnen enkele minuten worden de opgebouwde spanningen in de rug, schouders, nek en armen losgemaakt, terwijl de energie in het lichaam wordt gestimuleerd. Ideaal na inspanning of om de druk van de ketel te halen, zorgt deze massage voor een onmiddellijk gevoel van welzijn en lichtheid.<br\/> <\/p>\n<\/div>\n\n<div class=\"block block-core-paragraph\">\n<p class=\"has-text-align-center\"><strong><em>Tijdvak van 20 minuten \u2013 1 persoon per tijdvak<\/em><\/strong><\/p>\n<\/div><\/div><figure class=\"wp-block-media-text__media\"><img loading=\"lazy\" decoding=\"async\" width=\"1024\" height=\"1024\" src=\"https:\/\/la-toussuire.com\/wp-content\/uploads\/\/OTToussuire_hygge_winter_galerie\u00a9FrederiqueBlanchet-1024x1024.png\" alt=\"\" class=\"wp-image-44517 size-full\" style=\"object-position:64% 33%\" srcset=\"https:\/\/la-toussuire.com\/wp-content\/uploads\/OTToussuire_hygge_winter_galerie\u00a9FrederiqueBlanchet-1024x1024.png 1024w, https:\/\/la-toussuire.com\/wp-content\/uploads\/OTToussuire_hygge_winter_galerie\u00a9FrederiqueBlanchet-300x300.png 300w, https:\/\/la-toussuire.com\/wp-content\/uploads\/OTToussuire_hygge_winter_galerie\u00a9FrederiqueBlanchet-150x150.png 150w, https:\/\/la-toussuire.com\/wp-content\/uploads\/OTToussuire_hygge_winter_galerie\u00a9FrederiqueBlanchet-768x768.png 768w, https:\/\/la-toussuire.com\/wp-content\/uploads\/OTToussuire_hygge_winter_galerie\u00a9FrederiqueBlanchet.png 1080w\" sizes=\"auto, (max-width: 1024px) 100vw, 1024px\" \/><\/figure><\/div>\n<\/div><div class=\"block block-core-media-text\">\n<div class=\"wp-block-media-text is-stacked-on-mobile is-image-fill-element\"><figure class=\"wp-block-media-text__media\"><img loading=\"lazy\" decoding=\"async\" width=\"819\" height=\"1024\" src=\"https:\/\/la-toussuire.com\/wp-content\/uploads\/\/Post-insta-Zumba-Color-12-819x1024.jpg\" alt=\"\" class=\"wp-image-40350 size-full\" style=\"object-position:50% 37%\" srcset=\"https:\/\/la-toussuire.com\/wp-content\/uploads\/Post-insta-Zumba-Color-12-819x1024.jpg 819w, https:\/\/la-toussuire.com\/wp-content\/uploads\/Post-insta-Zumba-Color-12-240x300.jpg 240w, https:\/\/la-toussuire.com\/wp-content\/uploads\/Post-insta-Zumba-Color-12-120x150.jpg 120w, https:\/\/la-toussuire.com\/wp-content\/uploads\/Post-insta-Zumba-Color-12-768x960.jpg 768w, https:\/\/la-toussuire.com\/wp-content\/uploads\/Post-insta-Zumba-Color-12.jpg 1080w\" sizes=\"auto, (max-width: 819px) 100vw, 819px\" \/><\/figure><div class=\"wp-block-media-text__content\"><div class=\"block block-core-heading\">\n<h3 class=\"wp-block-heading has-text-align-center\"><strong>Workshop specifieke ademhalingstechnieken en hartcoherentie met Frederic Blanchet en Arnaud Quintaine <\/strong><\/h3>\n<\/div>\n\n<div class=\"block block-core-paragraph\">\n<p class=\"has-text-align-center\"><strong><em>Op de verdieping van het VVV-kantoor &#8211; 16.00 uur<\/em><\/strong><\/p>\n<\/div>\n\n<div class=\"block block-core-paragraph\">\n<p class=\"has-text-align-center\">Verleg je grenzen met de Oxygen Advantage\u00ae-methode. Ontdek gerichte en wetenschappelijk onderbouwde oefeningen om je uithoudingsvermogen te verbeteren, je inspanning beter te beheersen en je prestaties een boost te geven. <\/p>\n<\/div>\n\n<div class=\"block block-core-paragraph\">\n<p><\/p>\n<\/div><\/div><\/div>\n<\/div><div class=\"block block-core-media-text\">\n<div class=\"wp-block-media-text has-media-on-the-right is-stacked-on-mobile is-image-fill-element\"><div class=\"wp-block-media-text__content\"><div class=\"block block-core-heading\">\n<h3 class=\"wp-block-heading has-text-align-center\"><strong>Uitje &#8211; Nachtelijk hardlopen<\/strong><\/h3>\n<\/div>\n\n<div class=\"block block-core-paragraph\">\n<p class=\"has-text-align-center\"><strong><em>Voor het VVV-kantoor &#8211; 19.30 uur<\/em><\/strong><\/p>\n<\/div>\n\n<div class=\"block block-core-paragraph\">\n<p class=\"has-text-align-center\">Beleef een unieke zintuiglijke ervaring tijdens een nachtelijke hardloopsessie. Geniet van de zonsondergang op de Col du Marolay of de Grand Truc. Leer hoe je ook bij slecht zicht rustig kunt blijven lopen.  <\/p>\n<\/div>\n\n<div class=\"block block-core-paragraph\">\n<p class=\"has-text-align-center\"><strong><em>Max. 15 personen &#8211; Vanaf 15 jaar &#8211; Inschrijving verplicht<\/em><\/strong><\/p>\n<\/div>\n\n<div class=\"wp-block-image\"><div class=\"block block-core-image\">\n<figure class=\"aligncenter size-large is-resized\"><img loading=\"lazy\" decoding=\"async\" width=\"1024\" height=\"273\" src=\"https:\/\/la-toussuire.com\/wp-content\/uploads\/\/Tickets-activites-3-1-1024x273.jpg\" alt=\"\" class=\"wp-image-46419\" style=\"aspect-ratio:3.7512875893005484;width:315px;height:auto\" srcset=\"https:\/\/la-toussuire.com\/wp-content\/uploads\/Tickets-activites-3-1-1024x273.jpg 1024w, https:\/\/la-toussuire.com\/wp-content\/uploads\/Tickets-activites-3-1-300x80.jpg 300w, https:\/\/la-toussuire.com\/wp-content\/uploads\/Tickets-activites-3-1-150x40.jpg 150w, https:\/\/la-toussuire.com\/wp-content\/uploads\/Tickets-activites-3-1-768x205.jpg 768w, https:\/\/la-toussuire.com\/wp-content\/uploads\/Tickets-activites-3-1-1536x410.jpg 1536w, https:\/\/la-toussuire.com\/wp-content\/uploads\/Tickets-activites-3-1.jpg 1922w\" sizes=\"auto, (max-width: 1024px) 100vw, 1024px\" \/><\/figure>\n<\/div><\/div><\/div><figure class=\"wp-block-media-text__media\"><img loading=\"lazy\" decoding=\"async\" width=\"567\" height=\"1010\" src=\"https:\/\/la-toussuire.com\/wp-content\/uploads\/Capture-decran-2026-04-30-105240.png\" alt=\"\" class=\"wp-image-46422 size-full\" style=\"object-position:50% 50%\" srcset=\"https:\/\/la-toussuire.com\/wp-content\/uploads\/Capture-decran-2026-04-30-105240.png 567w, https:\/\/la-toussuire.com\/wp-content\/uploads\/Capture-decran-2026-04-30-105240-168x300.png 168w, https:\/\/la-toussuire.com\/wp-content\/uploads\/Capture-decran-2026-04-30-105240-84x150.png 84w\" sizes=\"auto, (max-width: 567px) 100vw, 567px\" \/><\/figure><\/div>\n<\/div><div class=\"block block-core-heading\">\n<h2 class=\"wp-block-heading has-text-align-center has-white-color has-text-color has-background has-link-color wp-elements-cc01c81d3beafafb478bb9d0652edbb7\" style=\"background-color:#6cc3d5\">Woensdag 22 juli<\/h2>\n<\/div><div class=\"block block-core-media-text\">\n<div class=\"wp-block-media-text is-stacked-on-mobile is-image-fill-element\"><figure class=\"wp-block-media-text__media\"><img loading=\"lazy\" decoding=\"async\" width=\"1024\" height=\"683\" src=\"https:\/\/la-toussuire.com\/wp-content\/uploads\/\/OTToussuire_Explorez_nos_Montagnes_Trail_Presentation\u00a9AlbanPernet@La_Toussuire-1024x683.jpg\" alt=\"Trois personnes \u00e0 la file indienne en train de courir sur un chemin de randonn\u00e9e en mont\u00e9e. En fond nous pouvons apercevoir les Aiguilles d'Arves, le Mont Charvin ainsi que la Cime des Torches\" class=\"wp-image-8463 size-full\" style=\"object-position:35% 50%\" srcset=\"https:\/\/la-toussuire.com\/wp-content\/uploads\/OTToussuire_Explorez_nos_Montagnes_Trail_Presentation\u00a9AlbanPernet@La_Toussuire-1024x683.jpg 1024w, https:\/\/la-toussuire.com\/wp-content\/uploads\/OTToussuire_Explorez_nos_Montagnes_Trail_Presentation\u00a9AlbanPernet@La_Toussuire-300x200.jpg 300w, https:\/\/la-toussuire.com\/wp-content\/uploads\/OTToussuire_Explorez_nos_Montagnes_Trail_Presentation\u00a9AlbanPernet@La_Toussuire-150x100.jpg 150w, https:\/\/la-toussuire.com\/wp-content\/uploads\/OTToussuire_Explorez_nos_Montagnes_Trail_Presentation\u00a9AlbanPernet@La_Toussuire-768x512.jpg 768w, https:\/\/la-toussuire.com\/wp-content\/uploads\/OTToussuire_Explorez_nos_Montagnes_Trail_Presentation\u00a9AlbanPernet@La_Toussuire-1536x1024.jpg 1536w, https:\/\/la-toussuire.com\/wp-content\/uploads\/OTToussuire_Explorez_nos_Montagnes_Trail_Presentation\u00a9AlbanPernet@La_Toussuire-2048x1365.jpg 2048w\" sizes=\"auto, (max-width: 1024px) 100vw, 1024px\" \/><\/figure><div class=\"wp-block-media-text__content\"><div class=\"block block-core-heading\">\n<h3 class=\"wp-block-heading has-text-align-center\"><strong>Oefening &#8211; Specifieke training voor afdalingen<\/strong><\/h3>\n<\/div>\n\n<div class=\"block block-core-paragraph\">\n<p class=\"has-text-align-center\"><strong><em>Voor het VVV-kantoor &#8211; 9.30 uur <\/em><\/strong><\/p>\n<\/div>\n\n<div class=\"block block-core-paragraph\">\n<p class=\"has-text-align-center\">Het doel: je voetwerk beter beheersen, je houding optimaliseren en soepeler bewegen, zodat je afdalingen effici\u00ebnter en veiliger worden. Een intensieve en leerzame sessie om snel vooruitgang te boeken en nog meer plezier te beleven in de bergen. <\/p>\n<\/div>\n\n<div class=\"block block-core-paragraph\">\n<p class=\"has-text-align-center\"><strong><em>Max. 15 personen &#8211; Vanaf 15 jaar &#8211; Inschrijving verplicht<\/em><\/strong><\/p>\n<\/div><\/div><\/div>\n<\/div><div class=\"block block-core-media-text\">\n<div class=\"wp-block-media-text has-media-on-the-right is-stacked-on-mobile is-image-fill-element\"><div class=\"wp-block-media-text__content\"><div class=\"block block-core-heading\">\n<h3 class=\"wp-block-heading has-text-align-center\"><strong>Workshop: zelf sportrepen en -drankjes maken met Frederic Blanchet<\/strong><\/h3>\n<\/div>\n\n<div class=\"block block-core-paragraph\">\n<p class=\"has-text-align-center\"><strong><em>Op de verdieping van het VVV-kantoor &#8211; 15.00 uur<\/em><\/strong><\/p>\n<\/div>\n\n<div class=\"block block-core-paragraph\">\n<p class=\"has-text-align-center\">Neem deel aan een praktische workshop over sportvoeding onder leiding van natuurgeneeskundige Fr\u00e9d\u00e9ric Blanchet. Ontdek hoe u eenvoudig zelf energierepen en natuurlijke drankjes kunt maken ter ondersteuning van fysieke inspanningen, herstel en uw dagelijks welzijn. <\/p>\n<\/div>\n\n<div class=\"block block-core-paragraph\">\n<p class=\"has-text-align-center\"><strong><em>Maximaal 15 personen &#8211; Vanaf 15 jaar &#8211; Inschrijving verplicht<\/em><\/strong><\/p>\n<\/div><\/div><figure class=\"wp-block-media-text__media\"><img loading=\"lazy\" decoding=\"async\" width=\"1024\" height=\"693\" src=\"https:\/\/la-toussuire.com\/wp-content\/uploads\/\/41064826-1-1024x693.png\" alt=\"\" class=\"wp-image-46431 size-full\" style=\"object-position:50% 50%\" srcset=\"https:\/\/la-toussuire.com\/wp-content\/uploads\/41064826-1-1024x693.png 1024w, https:\/\/la-toussuire.com\/wp-content\/uploads\/41064826-1-300x203.png 300w, https:\/\/la-toussuire.com\/wp-content\/uploads\/41064826-1-150x102.png 150w, https:\/\/la-toussuire.com\/wp-content\/uploads\/41064826-1-768x520.png 768w, https:\/\/la-toussuire.com\/wp-content\/uploads\/41064826-1-1536x1040.png 1536w, https:\/\/la-toussuire.com\/wp-content\/uploads\/41064826-1.png 1920w\" sizes=\"auto, (max-width: 1024px) 100vw, 1024px\" \/><\/figure><\/div>\n<\/div><div class=\"block block-core-heading\">\n<h2 class=\"wp-block-heading has-text-align-center has-white-color has-text-color has-background has-link-color wp-elements-08fea2984836ac32564013f440a23f08\" style=\"background-color:#6cc3d5\">Donderdag 23 juli<\/h2>\n<\/div><div class=\"block block-core-media-text\">\n<div class=\"wp-block-media-text is-stacked-on-mobile is-image-fill-element\"><figure class=\"wp-block-media-text__media\"><img loading=\"lazy\" decoding=\"async\" width=\"683\" height=\"1024\" src=\"https:\/\/la-toussuire.com\/wp-content\/uploads\/\/MontCharvin-Fonduerando-PNYPhotographie-45-683x1024.jpg\" alt=\"\" class=\"wp-image-46435 size-full\" style=\"object-position:50% 50%\" srcset=\"https:\/\/la-toussuire.com\/wp-content\/uploads\/MontCharvin-Fonduerando-PNYPhotographie-45-683x1024.jpg 683w, https:\/\/la-toussuire.com\/wp-content\/uploads\/MontCharvin-Fonduerando-PNYPhotographie-45-200x300.jpg 200w, https:\/\/la-toussuire.com\/wp-content\/uploads\/MontCharvin-Fonduerando-PNYPhotographie-45-100x150.jpg 100w, https:\/\/la-toussuire.com\/wp-content\/uploads\/MontCharvin-Fonduerando-PNYPhotographie-45-768x1152.jpg 768w, https:\/\/la-toussuire.com\/wp-content\/uploads\/MontCharvin-Fonduerando-PNYPhotographie-45-1024x1536.jpg 1024w, https:\/\/la-toussuire.com\/wp-content\/uploads\/MontCharvin-Fonduerando-PNYPhotographie-45.jpg 1365w\" sizes=\"auto, (max-width: 683px) 100vw, 683px\" \/><\/figure><div class=\"wp-block-media-text__content\"><div class=\"block block-core-heading\">\n<h3 class=\"wp-block-heading has-text-align-center\"><strong>Lange rit<\/strong><\/h3>\n<\/div>\n\n<div class=\"block block-core-paragraph\">\n<p class=\"has-text-align-center\"><em>Voor het VVV-kantoor &#8211; 9.30 uur<\/em><br\/>Ga mee op een lange trailrun naar de Mont Charvin, gericht op uithoudingsvermogen in bergachtig terrein. Met steile beklimmingen, technische afdalingen en passages op grote hoogte helpt dit afwisselende parcours je om weerstand en souplesse te ontwikkelen. Onder begeleiding van het team kun je tijdens deze tocht je inspanning, tempo en voortgang beter doseren, terwijl je geniet van prachtige vergezichten.<br\/>  <\/p>\n<\/div>\n\n<div class=\"block block-core-paragraph\">\n<p class=\"has-text-align-center\"><strong><em>Maximaal 12 personen &#8211; Vanaf 15 jaar<\/em><\/strong><\/p>\n<\/div>\n\n<div class=\"wp-block-image\"><div class=\"block block-core-image\">\n<figure class=\"aligncenter size-large is-resized\"><img loading=\"lazy\" decoding=\"async\" width=\"1024\" height=\"261\" src=\"https:\/\/la-toussuire.com\/wp-content\/uploads\/\/Tickets-activites-4-1024x261.jpg\" alt=\"\" class=\"wp-image-46438\" style=\"aspect-ratio:3.924052832811957;width:353px;height:auto\" srcset=\"https:\/\/la-toussuire.com\/wp-content\/uploads\/Tickets-activites-4-1024x261.jpg 1024w, https:\/\/la-toussuire.com\/wp-content\/uploads\/Tickets-activites-4-300x77.jpg 300w, https:\/\/la-toussuire.com\/wp-content\/uploads\/Tickets-activites-4-150x38.jpg 150w, https:\/\/la-toussuire.com\/wp-content\/uploads\/Tickets-activites-4-768x196.jpg 768w, https:\/\/la-toussuire.com\/wp-content\/uploads\/Tickets-activites-4-1536x392.jpg 1536w, https:\/\/la-toussuire.com\/wp-content\/uploads\/Tickets-activites-4.jpg 1951w\" sizes=\"auto, (max-width: 1024px) 100vw, 1024px\" \/><\/figure>\n<\/div><\/div><\/div><\/div>\n<\/div><div class=\"block block-core-media-text\">\n<div class=\"wp-block-media-text has-media-on-the-right is-stacked-on-mobile is-image-fill-element\"><div class=\"wp-block-media-text__content\"><div class=\"block block-core-heading\">\n<h3 class=\"wp-block-heading has-text-align-center\"><strong><em>Workshop &#8211; Koude baden, de Wim Hof-methode met Garry<\/em><\/strong><\/h3>\n<\/div>\n\n<div class=\"block block-core-paragraph\">\n<p class=\"has-text-align-center\"><strong><em>Natuurgebied &#8211; 13.00 tot 17.00 uur<\/em><\/strong><\/p>\n<\/div>\n\n<div class=\"block block-core-paragraph\">\n<p class=\"has-text-align-center\">Ontdek de voordelen van blootstelling aan kou voor de gezondheid, vitaliteit en mentale veerkracht. Het doel is om iedereen de kans te geven de positieve effecten van kou op lichaam en geest te ontdekken, te leren hoe je je lichaam en geest kunt voorbereiden op een onderdompeling, en een intense gezamenlijke ervaring te beleven onder veilige begeleiding. <\/p>\n<\/div>\n\n<div class=\"block block-core-paragraph\">\n<p class=\"has-text-align-center\"><strong><em>Sessie van een uur<\/em><\/strong><\/p>\n<\/div><\/div><figure class=\"wp-block-media-text__media\"><img loading=\"lazy\" decoding=\"async\" width=\"1024\" height=\"693\" src=\"https:\/\/la-toussuire.com\/wp-content\/uploads\/\/41064938-1-1024x693.png\" alt=\"\" class=\"wp-image-46443 size-full\" style=\"object-position:46% 31%\" srcset=\"https:\/\/la-toussuire.com\/wp-content\/uploads\/41064938-1-1024x693.png 1024w, https:\/\/la-toussuire.com\/wp-content\/uploads\/41064938-1-300x203.png 300w, https:\/\/la-toussuire.com\/wp-content\/uploads\/41064938-1-150x102.png 150w, https:\/\/la-toussuire.com\/wp-content\/uploads\/41064938-1-768x520.png 768w, https:\/\/la-toussuire.com\/wp-content\/uploads\/41064938-1-1536x1040.png 1536w, https:\/\/la-toussuire.com\/wp-content\/uploads\/41064938-1.png 1920w\" sizes=\"auto, (max-width: 1024px) 100vw, 1024px\" \/><\/figure><\/div>\n<\/div><div class=\"block block-core-heading\">\n<h2 class=\"wp-block-heading has-text-align-center has-white-color has-text-color has-background has-link-color wp-elements-286a5d2423f7eda79a434cb208f1ce43\" style=\"background-color:#6cc3d5\">Vrijdag 24 juli<\/h2>\n<\/div><div class=\"block block-core-media-text\">\n<div class=\"wp-block-media-text is-stacked-on-mobile is-image-fill-element\"><figure class=\"wp-block-media-text__media\"><img loading=\"lazy\" decoding=\"async\" width=\"1024\" height=\"683\" src=\"https:\/\/la-toussuire.com\/wp-content\/uploads\/\/Toussuire-TrailSessions25_-31-compressed-1024x683.jpg\" alt=\"\" class=\"wp-image-46448 size-full\" style=\"object-position:61% 52%\" srcset=\"https:\/\/la-toussuire.com\/wp-content\/uploads\/Toussuire-TrailSessions25_-31-compressed-1024x683.jpg 1024w, https:\/\/la-toussuire.com\/wp-content\/uploads\/Toussuire-TrailSessions25_-31-compressed-300x200.jpg 300w, https:\/\/la-toussuire.com\/wp-content\/uploads\/Toussuire-TrailSessions25_-31-compressed-150x100.jpg 150w, https:\/\/la-toussuire.com\/wp-content\/uploads\/Toussuire-TrailSessions25_-31-compressed-768x512.jpg 768w, https:\/\/la-toussuire.com\/wp-content\/uploads\/Toussuire-TrailSessions25_-31-compressed-1536x1024.jpg 1536w, https:\/\/la-toussuire.com\/wp-content\/uploads\/Toussuire-TrailSessions25_-31-compressed-2048x1365.jpg 2048w\" sizes=\"auto, (max-width: 1024px) 100vw, 1024px\" \/><\/figure><div class=\"wp-block-media-text__content\"><div class=\"block block-core-heading\">\n<h3 class=\"wp-block-heading has-text-align-center\"><strong>Afdaling \u2013 Terugkeer, rit met de stoeltjeslift<\/strong><\/h3>\n<\/div>\n\n<div class=\"block block-core-paragraph\">\n<p class=\"has-text-align-center\"><strong><em>Voor het VVV-kantoor &#8211; 9.00 uur<\/em><\/strong><\/p>\n<\/div>\n\n<div class=\"block block-core-paragraph\">\n<p class=\"has-text-align-center\">Maak gebruik van de stoeltjeslift om energie te sparen, voordat u aan een rustige wandeling over de hoogvlakten begint. Deze toegankelijke route helpt uw spieren te ontspannen en zorgt voor actief herstel, terwijl u volop van het landschap kunt genieten. Een ontspannen en verkwikkend moment om uw benen tot rust te laten komen en de week op een mooie manier af te sluiten.  <\/p>\n<\/div>\n\n<div class=\"block block-core-paragraph\">\n<p class=\"has-text-align-center\"><strong><em>Maximaal 15 personen &#8211; Vanaf 15 jaar<\/em><\/strong><\/p>\n<\/div><\/div><\/div>\n<\/div><div class=\"block block-core-media-text\">\n<div class=\"wp-block-media-text has-media-on-the-right is-stacked-on-mobile is-image-fill-element\"><div class=\"wp-block-media-text__content\"><div class=\"block block-core-heading\">\n<h3 class=\"wp-block-heading has-text-align-center\"><strong><em>Afsluitende maaltijd<\/em><\/strong><\/h3>\n<\/div>\n\n<div class=\"block block-core-paragraph\">\n<p class=\"has-text-align-center\"><strong><em>Restaurant Chez Bib &#8211; 11.30 uur<\/em><\/strong><\/p>\n<\/div>\n\n<div class=\"block block-core-paragraph\">\n<p class=\"has-text-align-center\">Om de trail-sessie op een gezellige manier af te sluiten, zien we elkaar &#8217;s middags bij Bib voor een gezellig samenzijn rond een heerlijke maaltijd. Een mooie gelegenheid om ervaringen uit te wisselen, te ontspannen en de ervaring voort te zetten in een gezellige en culinaire sfeer. <\/p>\n<\/div>\n\n<div class=\"block block-core-paragraph\">\n<p class=\"has-text-align-center\"><strong><em>Max. 15 personen &#8211; Vanaf 15 jaar<\/em><\/strong><\/p>\n<\/div><\/div><figure class=\"wp-block-media-text__media\"><img loading=\"lazy\" decoding=\"async\" width=\"683\" height=\"1024\" src=\"https:\/\/la-toussuire.com\/wp-content\/uploads\/\/APernet-OTToussuire-web-090823-290-683x1024.jpg\" alt=\"\" class=\"wp-image-46454 size-full\" style=\"object-position:67% 33%\" srcset=\"https:\/\/la-toussuire.com\/wp-content\/uploads\/APernet-OTToussuire-web-090823-290-683x1024.jpg 683w, https:\/\/la-toussuire.com\/wp-content\/uploads\/APernet-OTToussuire-web-090823-290-200x300.jpg 200w, https:\/\/la-toussuire.com\/wp-content\/uploads\/APernet-OTToussuire-web-090823-290-100x150.jpg 100w, https:\/\/la-toussuire.com\/wp-content\/uploads\/APernet-OTToussuire-web-090823-290.jpg 720w\" sizes=\"auto, (max-width: 683px) 100vw, 683px\" \/><\/figure><\/div>\n<\/div><div class=\"block block-core-heading\">\n<h2 class=\"wp-block-heading has-text-align-center has-white-color has-text-color has-background has-link-color wp-elements-34839a1746d5cfe16139a4fb35f52192\" style=\"background-color:#f07e13\">Registratie- Trail Sessions<\/h2>\n<\/div><div class=\"block block-core-columns\">\n<div class=\"wp-block-columns is-layout-flex wp-container-core-columns-is-layout-9d6595d7 wp-block-columns-is-layout-flex\"><div class=\"block block-core-column\">\n<div class=\"wp-block-column is-layout-flow wp-block-column-is-layout-flow\" style=\"flex-basis:500px\"><div class=\"block block-core-cover\">\n<div class=\"wp-block-cover is-light\" style=\"min-height:600px;aspect-ratio:unset;\"><span aria-hidden=\"true\" class=\"wp-block-cover__background has-background-dim-100 has-background-dim\" style=\"background-color:#6cc3d5\"><\/span><div class=\"wp-block-cover__inner-container is-layout-constrained wp-block-cover-is-layout-constrained\"><div class=\"block block-core-heading\">\n<h2 class=\"wp-block-heading has-text-align-center has-white-color has-text-color has-link-color wp-elements-b73bb1983d6b8f5440719bcf218702fe\"><strong>Weekarrangement<\/strong><\/h2>\n<\/div>\n\n<div class=\"block block-core-paragraph\">\n<p class=\"has-text-align-center has-white-color has-text-color has-link-color wp-elements-34dea228f855197857d7bd7880876650\">Deze week bieden we een <strong>arrangement aan met een kant-en-klaar programma<\/strong>. Het arrangement omvat alle eerder genoemde <strong>activiteiten <\/strong>voor <strong>99 \u20ac<\/strong>. <\/p>\n<\/div>\n\n<div class=\"block block-core-paragraph\">\n<p class=\"has-text-align-center has-white-color has-text-color has-link-color wp-elements-e43ad5b8a61a6d42c1d5aaeb32da623e\">Dit pakket bevat een welkomstpakket: <\/p>\n<\/div>\n\n<div class=\"block block-core-paragraph\">\n<p class=\"has-text-align-center has-white-color has-text-color has-link-color wp-elements-c9c0497b527095e9184e219c3bf8845d\"><strong>T-shirt + hoofdband + een biertje + een maaltijd op de laatste dag.<\/strong><\/p>\n<\/div>\n\n<div class=\"block block-core-paragraph\">\n<p class=\"has-text-align-center has-white-color has-text-color has-link-color wp-elements-03126b4854e2dadd603dd72536be2229\" style=\"font-size:24px\"><strong>Let op: het aantal plaatsen is beperkt!<\/strong><\/p>\n<\/div>\n\n<div class=\"block block-core-buttons\">\n<div class=\"wp-block-buttons is-content-justification-center is-layout-flex wp-container-core-buttons-is-layout-16018d1d wp-block-buttons-is-layout-flex\"><div class=\"block block-core-button\">\n<div class=\"wp-block-button\"><a class=\"wp-block-button__link has-white-background-color has-background wp-element-button\" href=\"https:\/\/la-toussuire.com\/nl\/agenda\/trail-sessions-6420606-Nl\/\">Ik reserveer mijn week! <\/a><\/div>\n<\/div><\/div>\n<\/div><\/div><\/div>\n<\/div><\/div>\n<\/div>\n\n<div class=\"block block-core-column\">\n<div class=\"wp-block-column is-layout-flow wp-block-column-is-layout-flow\" style=\"flex-basis:500px\"><div class=\"block block-core-cover\">\n<div class=\"wp-block-cover is-light\" style=\"min-height:602px;aspect-ratio:unset;\"><span aria-hidden=\"true\" class=\"wp-block-cover__background has-background-dim-100 has-background-dim\" style=\"background-color:#6cc3d5\"><\/span><div class=\"wp-block-cover__inner-container is-layout-constrained wp-block-cover-is-layout-constrained\"><div class=\"block block-core-heading\">\n<h2 class=\"wp-block-heading has-text-align-center has-white-color has-text-color has-link-color wp-elements-d409bae6111ce2fbc3e9c95702624e5c\"><strong>Dagarrangement<\/strong><\/h2>\n<\/div>\n\n<div class=\"block block-core-paragraph\">\n<p class=\"has-text-align-center has-white-color has-text-color has-link-color wp-elements-8e9b07a98bebb131b6c9f751bcb6a276\">Wil je de Trail Sessions-ervaring op je eigen tempo beleven? Kies dan voor de dagpas en duik midden in het evenement voor een intensieve en gezellige dag! <\/p>\n<\/div>\n\n<div class=\"block block-core-paragraph\">\n<p class=\"has-text-align-center has-white-color has-text-color has-link-color wp-elements-f787ca141cbd38ccac6c4b8d03ad46ed\">Het pakket omvat de excursie en de workshop van vandaag voor 15 \u20ac.<\/p>\n<\/div>\n\n<div class=\"block block-core-paragraph\">\n<p class=\"has-text-align-center has-white-color has-text-color has-link-color wp-elements-35de0213182b75fd50939e54db0afdcc\" style=\"font-size:24px\"><strong>Het aantal plaatsen is beperkt, afhankelijk van het aantal reserveringen voor het weekarrangement.<\/strong><\/p>\n<\/div><\/div><\/div>\n<\/div><\/div>\n<\/div><\/div>\n<\/div><div class=\"block block-core-heading\">\n<h2 class=\"wp-block-heading has-text-align-center has-text-color has-link-color wp-elements-dd4d0481292865628f82e9e40f5dbf7a\" style=\"color:#da8942\">Niet te missen evenementen <\/h2>\n<\/div><div class=\"block block-core-paragraph\">\n<p class=\"has-text-align-center\">Deze week staan er twee evenementen met een heel verschillende sfeer voor u op het programma. Of u nu houdt van sportieve uitdagingen of liever rustige wandelingen met culinaire pauzes, er is voor elk wat wils! <\/p>\n<\/div><div class=\"block block-core-columns\">\n<div class=\"wp-block-columns is-layout-flex wp-container-core-columns-is-layout-9d6595d7 wp-block-columns-is-layout-flex\"><div class=\"block block-core-column\">\n<div class=\"wp-block-column is-layout-flow wp-block-column-is-layout-flow\" style=\"flex-basis:300px\"><div class=\"block block-core-cover\">\n<div class=\"wp-block-cover wp-duotone-unset-1\"><img loading=\"lazy\" decoding=\"async\" width=\"440\" height=\"288\" class=\"wp-block-cover__image-background wp-image-35469\" alt=\"\" src=\"https:\/\/la-toussuire.com\/wp-content\/uploads\/Rallye-Gourmand-2025-Illustration.png\" style=\"object-position:54% 41%\" data-object-fit=\"cover\" data-object-position=\"54% 41%\" srcset=\"https:\/\/la-toussuire.com\/wp-content\/uploads\/Rallye-Gourmand-2025-Illustration.png 440w, https:\/\/la-toussuire.com\/wp-content\/uploads\/Rallye-Gourmand-2025-Illustration-300x196.png 300w, https:\/\/la-toussuire.com\/wp-content\/uploads\/Rallye-Gourmand-2025-Illustration-150x98.png 150w\" sizes=\"auto, (max-width: 440px) 100vw, 440px\" \/><span aria-hidden=\"true\" class=\"wp-block-cover__background has-black-background-color has-background-dim-20 has-background-dim\"><\/span><div class=\"wp-block-cover__inner-container is-layout-flow wp-block-cover-is-layout-flow\"><div class=\"block block-core-buttons\">\n<div class=\"wp-block-buttons is-content-justification-center is-layout-flex wp-container-core-buttons-is-layout-16018d1d wp-block-buttons-is-layout-flex\"><div class=\"block block-core-button\">\n<div class=\"wp-block-button\"><a class=\"wp-block-button__link has-white-background-color has-background wp-element-button\" href=\"https:\/\/la-toussuire.com\/nl\/wat-te-doen-in-de-zomer\/zomer-activiteiten\/trail\/rallye-gourmand\/\">Le Rallye Gourmand<\/a><\/div>\n<\/div><\/div>\n<\/div><\/div><\/div>\n<\/div><\/div>\n<\/div>\n\n<div class=\"block block-core-column\">\n<div class=\"wp-block-column is-layout-flow wp-block-column-is-layout-flow\" style=\"flex-basis:300px\"><div class=\"block block-core-cover\">\n<div class=\"wp-block-cover is-light\"><img loading=\"lazy\" decoding=\"async\" width=\"842\" height=\"596\" class=\"wp-block-cover__image-background wp-image-35456 size-full\" alt=\"\" src=\"https:\/\/la-toussuire.com\/wp-content\/uploads\/Illustration.png\" style=\"object-position:50% 46%\" data-object-fit=\"cover\" data-object-position=\"50% 46%\" srcset=\"https:\/\/la-toussuire.com\/wp-content\/uploads\/Illustration.png 842w, https:\/\/la-toussuire.com\/wp-content\/uploads\/Illustration-300x212.png 300w, https:\/\/la-toussuire.com\/wp-content\/uploads\/Illustration-150x106.png 150w, https:\/\/la-toussuire.com\/wp-content\/uploads\/Illustration-768x544.png 768w\" sizes=\"auto, (max-width: 842px) 100vw, 842px\" \/><span aria-hidden=\"true\" class=\"wp-block-cover__background has-black-background-color has-background-dim-20 has-background-dim\"><\/span><div class=\"wp-block-cover__inner-container is-layout-constrained wp-block-cover-is-layout-constrained\"><div class=\"block block-core-buttons\">\n<div class=\"wp-block-buttons is-content-justification-center is-layout-flex wp-container-core-buttons-is-layout-16018d1d wp-block-buttons-is-layout-flex\"><div class=\"block block-core-button\">\n<div class=\"wp-block-button\"><a class=\"wp-block-button__link has-white-background-color has-background wp-element-button\" href=\"https:\/\/la-toussuire.com\/nl\/wat-te-doen-in-de-zomer\/zomer-activiteiten\/trail\/4h-de-la-toussuire-by-dare2b\/\">4h de La Toussuire by Dare2B<\/a><\/div>\n<\/div><\/div>\n<\/div><\/div><\/div>\n<\/div><\/div>\n<\/div>\n\n<div class=\"block block-core-column\">\n<div class=\"wp-block-column is-layout-flow wp-block-column-is-layout-flow\" style=\"flex-basis:300px\"><div class=\"block block-core-cover\">\n<div class=\"wp-block-cover is-light\"><img loading=\"lazy\" decoding=\"async\" width=\"576\" height=\"1024\" class=\"wp-block-cover__image-background wp-image-46459 size-large\" alt=\"\" src=\"https:\/\/la-toussuire.com\/wp-content\/uploads\/\/T4F26-Affiche-story-576x1024.jpg\" data-object-fit=\"cover\" srcset=\"https:\/\/la-toussuire.com\/wp-content\/uploads\/T4F26-Affiche-story-576x1024.jpg 576w, https:\/\/la-toussuire.com\/wp-content\/uploads\/T4F26-Affiche-story-169x300.jpg 169w, https:\/\/la-toussuire.com\/wp-content\/uploads\/T4F26-Affiche-story-84x150.jpg 84w, https:\/\/la-toussuire.com\/wp-content\/uploads\/T4F26-Affiche-story-768x1365.jpg 768w, https:\/\/la-toussuire.com\/wp-content\/uploads\/T4F26-Affiche-story-864x1536.jpg 864w, https:\/\/la-toussuire.com\/wp-content\/uploads\/T4F26-Affiche-story.jpg 1080w\" sizes=\"auto, (max-width: 576px) 100vw, 576px\" \/><span aria-hidden=\"true\" class=\"wp-block-cover__background has-black-background-color has-background-dim-20 has-background-dim\"><\/span><div class=\"wp-block-cover__inner-container is-layout-constrained wp-block-cover-is-layout-constrained\"><div class=\"block block-core-buttons\">\n<div class=\"wp-block-buttons is-content-justification-center is-layout-flex wp-container-core-buttons-is-layout-16018d1d wp-block-buttons-is-layout-flex\"><div class=\"block block-core-button\">\n<div class=\"wp-block-button\"><a class=\"wp-block-button__link has-white-background-color has-background wp-element-button\" href=\"&lt;!--[CDATA[https:\/\/www.trail-toussuire.com\/trail-4-feuilles\/]]--&gt;\">Trail \u00e0 4 Feuilles<\/a><\/div>\n<\/div><\/div>\n<\/div><\/div><\/div>\n<\/div><\/div>\n<\/div><\/div>\n<\/div><div class=\"block block-core-heading\">\n<h2 class=\"wp-block-heading has-text-align-center has-text-color has-link-color wp-elements-a402fee67d2a1bd99702656894f808d4\" style=\"color:#da8942\"><\/h2>\n<\/div>","protected":false},"excerpt":{"rendered":"<p>Tot ziens van 20 tot en met 24 juli 2026! Een week om u te overtreffen Ben je een doorgewinterde sporter en wil je je grenzen verleggen? Ben je ge\u00efnteresseerd in trailrunning en wil je ermee beginnen? Ben je een beginner en wil je ontdekken wat je in je mars hebt? Deze week staat helemaal [&hellip;]<\/p>\n","protected":false},"author":3,"featured_media":35327,"parent":10780,"menu_order":3,"comment_status":"closed","ping_status":"closed","template":"page-template.php","meta":{"_acf_changed":false,"footnotes":""},"class_list":["post-16964","page","type-page","status-publish","has-post-thumbnail","hentry"],"acf":[],"yoast_head":"<!-- This site is optimized with the Yoast SEO plugin v27.1.1 - https:\/\/yoast.com\/product\/yoast-seo-wordpress\/ -->\n<title>Trail Sessions - La Toussuire<\/title>\n<meta name=\"description\" content=\"Een bedrijfsklaar programma zodat u kan beginnen met deze discipline of er zich in kunt perfectioneren: trainingen, conferenties, voeding en wedstrijd\" \/>\n<meta name=\"robots\" content=\"index, follow, max-snippet:-1, max-image-preview:large, max-video-preview:-1\" \/>\n<link rel=\"canonical\" href=\"https:\/\/la-toussuire.com\/nl\/wat-te-doen-in-de-zomer\/zomer-activiteiten\/trail\/trail-week\/\" \/>\n<meta property=\"og:locale\" content=\"nl_NL\" \/>\n<meta property=\"og:type\" content=\"article\" \/>\n<meta property=\"og:title\" content=\"Trail Sessions - La Toussuire\" \/>\n<meta property=\"og:description\" content=\"Een bedrijfsklaar programma zodat u kan beginnen met deze discipline of er zich in kunt perfectioneren: trainingen, conferenties, voeding en wedstrijd\" \/>\n<meta property=\"og:url\" content=\"https:\/\/la-toussuire.com\/nl\/wat-te-doen-in-de-zomer\/zomer-activiteiten\/trail\/trail-week\/\" \/>\n<meta property=\"og:site_name\" content=\"La Toussuire\" \/>\n<meta property=\"article:modified_time\" content=\"2026-04-30T12:24:44+00:00\" \/>\n<meta property=\"og:image\" content=\"https:\/\/la-toussuire.com\/wp-content\/uploads\/Trail-Sessions_Logo_Plan-de-travail-1-03.png\" \/>\n\t<meta property=\"og:image:width\" content=\"1903\" \/>\n\t<meta property=\"og:image:height\" content=\"1302\" \/>\n\t<meta property=\"og:image:type\" content=\"image\/png\" \/>\n<meta name=\"twitter:card\" content=\"summary_large_image\" \/>\n<meta name=\"twitter:label1\" content=\"Geschatte leestijd\" \/>\n\t<meta name=\"twitter:data1\" content=\"5 minuten\" \/>\n<script type=\"application\/ld+json\" class=\"yoast-schema-graph\">{\"@context\":\"https:\/\/schema.org\",\"@graph\":[{\"@type\":\"WebPage\",\"@id\":\"https:\/\/la-toussuire.com\/nl\/wat-te-doen-in-de-zomer\/zomer-activiteiten\/trail\/trail-week\/\",\"url\":\"https:\/\/la-toussuire.com\/nl\/wat-te-doen-in-de-zomer\/zomer-activiteiten\/trail\/trail-week\/\",\"name\":\"Trail Sessions - La Toussuire\",\"isPartOf\":{\"@id\":\"https:\/\/la-toussuire.com\/nl\/#website\"},\"primaryImageOfPage\":{\"@id\":\"https:\/\/la-toussuire.com\/nl\/wat-te-doen-in-de-zomer\/zomer-activiteiten\/trail\/trail-week\/#primaryimage\"},\"image\":{\"@id\":\"https:\/\/la-toussuire.com\/nl\/wat-te-doen-in-de-zomer\/zomer-activiteiten\/trail\/trail-week\/#primaryimage\"},\"thumbnailUrl\":\"https:\/\/la-toussuire.com\/wp-content\/uploads\/Trail-Sessions_Logo_Plan-de-travail-1-03.png\",\"datePublished\":\"2023-03-22T14:03:38+00:00\",\"dateModified\":\"2026-04-30T12:24:44+00:00\",\"description\":\"Een bedrijfsklaar programma zodat u kan beginnen met deze discipline of er zich in kunt perfectioneren: trainingen, conferenties, voeding en wedstrijd\",\"breadcrumb\":{\"@id\":\"https:\/\/la-toussuire.com\/nl\/wat-te-doen-in-de-zomer\/zomer-activiteiten\/trail\/trail-week\/#breadcrumb\"},\"inLanguage\":\"nl-NL\",\"potentialAction\":[{\"@type\":\"ReadAction\",\"target\":[\"https:\/\/la-toussuire.com\/nl\/wat-te-doen-in-de-zomer\/zomer-activiteiten\/trail\/trail-week\/\"]}]},{\"@type\":\"ImageObject\",\"inLanguage\":\"nl-NL\",\"@id\":\"https:\/\/la-toussuire.com\/nl\/wat-te-doen-in-de-zomer\/zomer-activiteiten\/trail\/trail-week\/#primaryimage\",\"url\":\"https:\/\/la-toussuire.com\/wp-content\/uploads\/Trail-Sessions_Logo_Plan-de-travail-1-03.png\",\"contentUrl\":\"https:\/\/la-toussuire.com\/wp-content\/uploads\/Trail-Sessions_Logo_Plan-de-travail-1-03.png\",\"width\":1903,\"height\":1302},{\"@type\":\"BreadcrumbList\",\"@id\":\"https:\/\/la-toussuire.com\/nl\/wat-te-doen-in-de-zomer\/zomer-activiteiten\/trail\/trail-week\/#breadcrumb\",\"itemListElement\":[{\"@type\":\"ListItem\",\"position\":1,\"name\":\"Accueil\",\"item\":\"https:\/\/la-toussuire.com\/nl\/\"},{\"@type\":\"ListItem\",\"position\":2,\"name\":\"Ik heb plezier\",\"item\":\"https:\/\/la-toussuire.com\/nl\/wat-te-doen-in-de-zomer\/\"},{\"@type\":\"ListItem\",\"position\":3,\"name\":\"Onze zomeractiviteiten\",\"item\":\"https:\/\/la-toussuire.com\/nl\/wat-te-doen-in-de-zomer\/zomer-activiteiten\/\"},{\"@type\":\"ListItem\",\"position\":4,\"name\":\"Trailrunning\",\"item\":\"https:\/\/la-toussuire.com\/nl\/wat-te-doen-in-de-zomer\/zomer-activiteiten\/trail\/\"},{\"@type\":\"ListItem\",\"position\":5,\"name\":\"Trail Sessions\"}]},{\"@type\":\"WebSite\",\"@id\":\"https:\/\/la-toussuire.com\/nl\/#website\",\"url\":\"https:\/\/la-toussuire.com\/nl\/\",\"name\":\"La Toussuire\",\"description\":\"\",\"publisher\":{\"@id\":\"https:\/\/la-toussuire.com\/nl\/#organization\"},\"potentialAction\":[{\"@type\":\"SearchAction\",\"target\":{\"@type\":\"EntryPoint\",\"urlTemplate\":\"https:\/\/la-toussuire.com\/nl\/?s={search_term_string}\"},\"query-input\":{\"@type\":\"PropertyValueSpecification\",\"valueRequired\":true,\"valueName\":\"search_term_string\"}}],\"inLanguage\":\"nl-NL\"},{\"@type\":\"Organization\",\"@id\":\"https:\/\/la-toussuire.com\/nl\/#organization\",\"name\":\"La Toussuire\",\"url\":\"https:\/\/la-toussuire.com\/nl\/\",\"logo\":{\"@type\":\"ImageObject\",\"inLanguage\":\"nl-NL\",\"@id\":\"https:\/\/la-toussuire.com\/nl\/#\/schema\/logo\/image\/\",\"url\":\"https:\/\/la-toussuire.com\/wp-content\/uploads\/cropped-Nouveau-LA-TOUSSUIRE_Logo_Plan-de-travail-1-02.png\",\"contentUrl\":\"https:\/\/la-toussuire.com\/wp-content\/uploads\/cropped-Nouveau-LA-TOUSSUIRE_Logo_Plan-de-travail-1-02.png\",\"width\":591,\"height\":591,\"caption\":\"La Toussuire\"},\"image\":{\"@id\":\"https:\/\/la-toussuire.com\/nl\/#\/schema\/logo\/image\/\"}}]}<\/script>\n<!-- \/ Yoast SEO plugin. -->","yoast_head_json":{"title":"Trail Sessions - La Toussuire","description":"Een bedrijfsklaar programma zodat u kan beginnen met deze discipline of er zich in kunt perfectioneren: trainingen, conferenties, voeding en wedstrijd","robots":{"index":"index","follow":"follow","max-snippet":"max-snippet:-1","max-image-preview":"max-image-preview:large","max-video-preview":"max-video-preview:-1"},"canonical":"https:\/\/la-toussuire.com\/nl\/wat-te-doen-in-de-zomer\/zomer-activiteiten\/trail\/trail-week\/","og_locale":"nl_NL","og_type":"article","og_title":"Trail Sessions - La Toussuire","og_description":"Een bedrijfsklaar programma zodat u kan beginnen met deze discipline of er zich in kunt perfectioneren: trainingen, conferenties, voeding en wedstrijd","og_url":"https:\/\/la-toussuire.com\/nl\/wat-te-doen-in-de-zomer\/zomer-activiteiten\/trail\/trail-week\/","og_site_name":"La Toussuire","article_modified_time":"2026-04-30T12:24:44+00:00","og_image":[{"width":1903,"height":1302,"url":"https:\/\/la-toussuire.com\/wp-content\/uploads\/Trail-Sessions_Logo_Plan-de-travail-1-03.png","type":"image\/png"}],"twitter_card":"summary_large_image","twitter_misc":{"Geschatte leestijd":"5 minuten"},"schema":{"@context":"https:\/\/schema.org","@graph":[{"@type":"WebPage","@id":"https:\/\/la-toussuire.com\/nl\/wat-te-doen-in-de-zomer\/zomer-activiteiten\/trail\/trail-week\/","url":"https:\/\/la-toussuire.com\/nl\/wat-te-doen-in-de-zomer\/zomer-activiteiten\/trail\/trail-week\/","name":"Trail Sessions - La Toussuire","isPartOf":{"@id":"https:\/\/la-toussuire.com\/nl\/#website"},"primaryImageOfPage":{"@id":"https:\/\/la-toussuire.com\/nl\/wat-te-doen-in-de-zomer\/zomer-activiteiten\/trail\/trail-week\/#primaryimage"},"image":{"@id":"https:\/\/la-toussuire.com\/nl\/wat-te-doen-in-de-zomer\/zomer-activiteiten\/trail\/trail-week\/#primaryimage"},"thumbnailUrl":"https:\/\/la-toussuire.com\/wp-content\/uploads\/Trail-Sessions_Logo_Plan-de-travail-1-03.png","datePublished":"2023-03-22T14:03:38+00:00","dateModified":"2026-04-30T12:24:44+00:00","description":"Een bedrijfsklaar programma zodat u kan beginnen met deze discipline of er zich in kunt perfectioneren: trainingen, conferenties, voeding en wedstrijd","breadcrumb":{"@id":"https:\/\/la-toussuire.com\/nl\/wat-te-doen-in-de-zomer\/zomer-activiteiten\/trail\/trail-week\/#breadcrumb"},"inLanguage":"nl-NL","potentialAction":[{"@type":"ReadAction","target":["https:\/\/la-toussuire.com\/nl\/wat-te-doen-in-de-zomer\/zomer-activiteiten\/trail\/trail-week\/"]}]},{"@type":"ImageObject","inLanguage":"nl-NL","@id":"https:\/\/la-toussuire.com\/nl\/wat-te-doen-in-de-zomer\/zomer-activiteiten\/trail\/trail-week\/#primaryimage","url":"https:\/\/la-toussuire.com\/wp-content\/uploads\/Trail-Sessions_Logo_Plan-de-travail-1-03.png","contentUrl":"https:\/\/la-toussuire.com\/wp-content\/uploads\/Trail-Sessions_Logo_Plan-de-travail-1-03.png","width":1903,"height":1302},{"@type":"BreadcrumbList","@id":"https:\/\/la-toussuire.com\/nl\/wat-te-doen-in-de-zomer\/zomer-activiteiten\/trail\/trail-week\/#breadcrumb","itemListElement":[{"@type":"ListItem","position":1,"name":"Accueil","item":"https:\/\/la-toussuire.com\/nl\/"},{"@type":"ListItem","position":2,"name":"Ik heb plezier","item":"https:\/\/la-toussuire.com\/nl\/wat-te-doen-in-de-zomer\/"},{"@type":"ListItem","position":3,"name":"Onze zomeractiviteiten","item":"https:\/\/la-toussuire.com\/nl\/wat-te-doen-in-de-zomer\/zomer-activiteiten\/"},{"@type":"ListItem","position":4,"name":"Trailrunning","item":"https:\/\/la-toussuire.com\/nl\/wat-te-doen-in-de-zomer\/zomer-activiteiten\/trail\/"},{"@type":"ListItem","position":5,"name":"Trail Sessions"}]},{"@type":"WebSite","@id":"https:\/\/la-toussuire.com\/nl\/#website","url":"https:\/\/la-toussuire.com\/nl\/","name":"La Toussuire","description":"","publisher":{"@id":"https:\/\/la-toussuire.com\/nl\/#organization"},"potentialAction":[{"@type":"SearchAction","target":{"@type":"EntryPoint","urlTemplate":"https:\/\/la-toussuire.com\/nl\/?s={search_term_string}"},"query-input":{"@type":"PropertyValueSpecification","valueRequired":true,"valueName":"search_term_string"}}],"inLanguage":"nl-NL"},{"@type":"Organization","@id":"https:\/\/la-toussuire.com\/nl\/#organization","name":"La Toussuire","url":"https:\/\/la-toussuire.com\/nl\/","logo":{"@type":"ImageObject","inLanguage":"nl-NL","@id":"https:\/\/la-toussuire.com\/nl\/#\/schema\/logo\/image\/","url":"https:\/\/la-toussuire.com\/wp-content\/uploads\/cropped-Nouveau-LA-TOUSSUIRE_Logo_Plan-de-travail-1-02.png","contentUrl":"https:\/\/la-toussuire.com\/wp-content\/uploads\/cropped-Nouveau-LA-TOUSSUIRE_Logo_Plan-de-travail-1-02.png","width":591,"height":591,"caption":"La Toussuire"},"image":{"@id":"https:\/\/la-toussuire.com\/nl\/#\/schema\/logo\/image\/"}}]}},"_links":{"self":[{"href":"https:\/\/la-toussuire.com\/nl\/wp-json\/wp\/v2\/pages\/16964","targetHints":{"allow":["GET"]}}],"collection":[{"href":"https:\/\/la-toussuire.com\/nl\/wp-json\/wp\/v2\/pages"}],"about":[{"href":"https:\/\/la-toussuire.com\/nl\/wp-json\/wp\/v2\/types\/page"}],"author":[{"embeddable":true,"href":"https:\/\/la-toussuire.com\/nl\/wp-json\/wp\/v2\/users\/3"}],"replies":[{"embeddable":true,"href":"https:\/\/la-toussuire.com\/nl\/wp-json\/wp\/v2\/comments?post=16964"}],"version-history":[{"count":7,"href":"https:\/\/la-toussuire.com\/nl\/wp-json\/wp\/v2\/pages\/16964\/revisions"}],"predecessor-version":[{"id":46465,"href":"https:\/\/la-toussuire.com\/nl\/wp-json\/wp\/v2\/pages\/16964\/revisions\/46465"}],"up":[{"embeddable":true,"href":"https:\/\/la-toussuire.com\/nl\/wp-json\/wp\/v2\/pages\/10780"}],"wp:featuredmedia":[{"embeddable":true,"href":"https:\/\/la-toussuire.com\/nl\/wp-json\/wp\/v2\/media\/35327"}],"wp:attachment":[{"href":"https:\/\/la-toussuire.com\/nl\/wp-json\/wp\/v2\/media?parent=16964"}],"curies":[{"name":"wp","href":"https:\/\/api.w.org\/{rel}","templated":true}]}}