{"id":16966,"date":"2023-03-22T15:26:50","date_gmt":"2023-03-22T14:26:50","guid":{"rendered":"https:\/\/la-toussuire.com\/what-to-do-in-summer\/explore-our-mountains\/cyclism\/cycling-hall-of-fame\/"},"modified":"2024-01-09T14:19:02","modified_gmt":"2024-01-09T13:19:02","slug":"cycling-hall-of-fame","status":"publish","type":"page","link":"https:\/\/la-toussuire.com\/en\/what-to-do-in-summer\/activities-on-summer\/cyclism\/cycling-hall-of-fame\/","title":{"rendered":"Cycling hall of fame"},"content":{"rendered":"<div class=\"block block-core-heading\">\n<h2 class=\"wp-block-heading\" id=\"du-tour-de-france-aux-courses-locales-la-toussuire-est-une-terre-d-accueil-des-epreuves-cyclistes-de-tous-niveaux\">From the Tour de France to local races, La Toussuire hosts cycling events of all levels. <\/h2>\n<\/div><div class=\"block block-core-heading\">\n<h2 class=\"wp-block-heading\" id=\"tour-de-france\">Tour de France<\/h2>\n<\/div><div class=\"block block-core-paragraph\">\n<p>The preserve of professional riders, &#8220;the big loop&#8221; celebrated its <strong>centenary<\/strong> in 2013. Broadcast in <strong>190 countries,<\/strong> the Tour de France is followed every year by <strong>millions<\/strong> of viewers, not to mention the ever-increasing crowd supporting the athletes during the event. The <strong>3<\/strong> stages of the Tour de France that ended in La Toussuire all crossed the <strong>6 Sybelles resorts<\/strong>, which make up this interconnected skiing area : <em>Le Corbier, St Jean d&#8217;Arves, St Sorlin d&#8217;Arves, Saint Colomban des Villards and Les Botti\u00e8res.<\/em><\/p>\n<\/div><div class=\"block block-core-media-text align-wrap align-wrap-wide\">\n<div class=\"wp-block-media-text alignwide has-media-on-the-right is-stacked-on-mobile is-vertically-aligned-top\"><div class=\"wp-block-media-text__content\"><div class=\"block block-core-heading\">\n<h2 class=\"wp-block-heading\">2015<\/h2>\n<\/div>\n\n<div class=\"block block-core-paragraph\">\n<p><strong>Vincenzo Nibali <\/strong><\/p>\n<\/div>\n\n<div class=\"block block-core-paragraph\">\n<p>24 July stage &#8211; Saint Jean de Maurienne \/ La Toussuire<\/p>\n<\/div><\/div><figure class=\"wp-block-media-text__media\"><img loading=\"lazy\" decoding=\"async\" width=\"960\" height=\"640\" src=\"https:\/\/la-toussuire.com\/wp-content\/uploads\/OTToussuire_Cyclisme_Palmares_TDF_Nibali_Galerie\u00a9ChristophePallot@La_Toussuire.jpg\" alt=\"Podium of Tour de France 2015. Vincenzo Nibali celebrating his victory with hostesses by his side\" class=\"wp-image-8526 size-full\" srcset=\"https:\/\/la-toussuire.com\/wp-content\/uploads\/OTToussuire_Cyclisme_Palmares_TDF_Nibali_Galerie\u00a9ChristophePallot@La_Toussuire.jpg 960w, https:\/\/la-toussuire.com\/wp-content\/uploads\/OTToussuire_Cyclisme_Palmares_TDF_Nibali_Galerie\u00a9ChristophePallot@La_Toussuire-300x200.jpg 300w, https:\/\/la-toussuire.com\/wp-content\/uploads\/OTToussuire_Cyclisme_Palmares_TDF_Nibali_Galerie\u00a9ChristophePallot@La_Toussuire-150x100.jpg 150w, https:\/\/la-toussuire.com\/wp-content\/uploads\/OTToussuire_Cyclisme_Palmares_TDF_Nibali_Galerie\u00a9ChristophePallot@La_Toussuire-768x512.jpg 768w\" sizes=\"auto, (max-width: 960px) 100vw, 960px\" \/><\/figure><\/div>\n<\/div><div class=\"block block-core-media-text align-wrap align-wrap-wide\">\n<div class=\"wp-block-media-text alignwide is-stacked-on-mobile is-vertically-aligned-top\"><figure class=\"wp-block-media-text__media\"><img loading=\"lazy\" decoding=\"async\" width=\"960\" height=\"640\" src=\"https:\/\/la-toussuire.com\/wp-content\/uploads\/OTToussuire_Cyclisme_Palmares_TDF_Rolland\u00a9ChristophePallot@La_Toussuire.jpg\" alt=\"\" class=\"wp-image-3693 size-full\" srcset=\"https:\/\/la-toussuire.com\/wp-content\/uploads\/OTToussuire_Cyclisme_Palmares_TDF_Rolland\u00a9ChristophePallot@La_Toussuire.jpg 960w, https:\/\/la-toussuire.com\/wp-content\/uploads\/OTToussuire_Cyclisme_Palmares_TDF_Rolland\u00a9ChristophePallot@La_Toussuire-300x200.jpg 300w, https:\/\/la-toussuire.com\/wp-content\/uploads\/OTToussuire_Cyclisme_Palmares_TDF_Rolland\u00a9ChristophePallot@La_Toussuire-150x100.jpg 150w, https:\/\/la-toussuire.com\/wp-content\/uploads\/OTToussuire_Cyclisme_Palmares_TDF_Rolland\u00a9ChristophePallot@La_Toussuire-768x512.jpg 768w\" sizes=\"auto, (max-width: 960px) 100vw, 960px\" \/><\/figure><div class=\"wp-block-media-text__content\"><div class=\"block block-core-heading\">\n<h2 class=\"wp-block-heading\">2012<\/h2>\n<\/div>\n\n<div class=\"block block-core-paragraph\">\n<p><strong>Pierre Rolland <\/strong><\/p>\n<\/div>\n\n<div class=\"block block-core-paragraph\">\n<p>12 July stage &#8211; Albertville \/ La Toussuire<\/p>\n<\/div><\/div><\/div>\n<\/div><div class=\"block block-core-media-text align-wrap align-wrap-wide\">\n<div class=\"wp-block-media-text alignwide has-media-on-the-right is-stacked-on-mobile is-vertically-aligned-top\"><div class=\"wp-block-media-text__content\"><div class=\"block block-core-heading\">\n<h2 class=\"wp-block-heading\">2006<\/h2>\n<\/div>\n\n<div class=\"block block-core-paragraph\">\n<p><strong>Mickael Rasmussen<\/strong><\/p>\n<\/div>\n\n<div class=\"block block-core-paragraph\">\n<p>19 July stage &#8211; Bourg d&#8217;Oisons \/ La Toussuire<\/p>\n<\/div><\/div><figure class=\"wp-block-media-text__media\"><img loading=\"lazy\" decoding=\"async\" width=\"1024\" height=\"632\" src=\"https:\/\/la-toussuire.com\/wp-content\/uploads\/\/OTToussuire_Cyclisme_Palmares_TDF_Rasmussen\u00a9OTToussuire@La_Toussuire-1024x632.jpg\" alt=\"\" class=\"wp-image-3717 size-full\" srcset=\"https:\/\/la-toussuire.com\/wp-content\/uploads\/OTToussuire_Cyclisme_Palmares_TDF_Rasmussen\u00a9OTToussuire@La_Toussuire-1024x632.jpg 1024w, https:\/\/la-toussuire.com\/wp-content\/uploads\/OTToussuire_Cyclisme_Palmares_TDF_Rasmussen\u00a9OTToussuire@La_Toussuire-300x185.jpg 300w, https:\/\/la-toussuire.com\/wp-content\/uploads\/OTToussuire_Cyclisme_Palmares_TDF_Rasmussen\u00a9OTToussuire@La_Toussuire-150x93.jpg 150w, https:\/\/la-toussuire.com\/wp-content\/uploads\/OTToussuire_Cyclisme_Palmares_TDF_Rasmussen\u00a9OTToussuire@La_Toussuire-768x474.jpg 768w, https:\/\/la-toussuire.com\/wp-content\/uploads\/OTToussuire_Cyclisme_Palmares_TDF_Rasmussen\u00a9OTToussuire@La_Toussuire-1536x947.jpg 1536w, https:\/\/la-toussuire.com\/wp-content\/uploads\/OTToussuire_Cyclisme_Palmares_TDF_Rasmussen\u00a9OTToussuire@La_Toussuire-2048x1263.jpg 2048w\" sizes=\"auto, (max-width: 1024px) 100vw, 1024px\" \/><\/figure><\/div>\n<\/div><div class=\"block block-core-heading\">\n<h2 class=\"wp-block-heading\" id=\"etape-du-tour\">Tour stage<\/h2>\n<\/div><div class=\"block block-core-media-text align-wrap align-wrap-wide\">\n<div class=\"wp-block-media-text alignwide is-stacked-on-mobile\"><figure class=\"wp-block-media-text__media\"><img loading=\"lazy\" decoding=\"async\" width=\"1024\" height=\"585\" src=\"https:\/\/la-toussuire.com\/wp-content\/uploads\/\/OTToussuire_Cyclisme_Palmares_ETDF_2015\u00a9ChristophePallot@La_Toussuire-1024x585.jpg\" alt=\"\" class=\"wp-image-3720 size-full\" srcset=\"https:\/\/la-toussuire.com\/wp-content\/uploads\/OTToussuire_Cyclisme_Palmares_ETDF_2015\u00a9ChristophePallot@La_Toussuire-1024x585.jpg 1024w, https:\/\/la-toussuire.com\/wp-content\/uploads\/OTToussuire_Cyclisme_Palmares_ETDF_2015\u00a9ChristophePallot@La_Toussuire-300x172.jpg 300w, https:\/\/la-toussuire.com\/wp-content\/uploads\/OTToussuire_Cyclisme_Palmares_ETDF_2015\u00a9ChristophePallot@La_Toussuire-150x86.jpg 150w, https:\/\/la-toussuire.com\/wp-content\/uploads\/OTToussuire_Cyclisme_Palmares_ETDF_2015\u00a9ChristophePallot@La_Toussuire-768x439.jpg 768w, https:\/\/la-toussuire.com\/wp-content\/uploads\/OTToussuire_Cyclisme_Palmares_ETDF_2015\u00a9ChristophePallot@La_Toussuire-1536x878.jpg 1536w, https:\/\/la-toussuire.com\/wp-content\/uploads\/OTToussuire_Cyclisme_Palmares_ETDF_2015\u00a9ChristophePallot@La_Toussuire-2048x1171.jpg 2048w\" sizes=\"auto, (max-width: 1024px) 100vw, 1024px\" \/><\/figure><div class=\"wp-block-media-text__content\"><div class=\"block block-core-heading\">\n<h2 class=\"wp-block-heading\">2015<\/h2>\n<\/div>\n\n<div class=\"block block-core-paragraph\">\n<p>18 July stage \u2013 15,000 competitors registered<\/p>\n<\/div><\/div><\/div>\n<\/div><div class=\"block block-core-media-text align-wrap align-wrap-wide\">\n<div class=\"wp-block-media-text alignwide has-media-on-the-right is-stacked-on-mobile\"><div class=\"wp-block-media-text__content\"><div class=\"block block-core-heading\">\n<h2 class=\"wp-block-heading\">2012<\/h2>\n<\/div>\n\n<div class=\"block block-core-paragraph\">\n<p>8 July stage \u2013 10,000 competitors registered<\/p>\n<\/div><\/div><figure class=\"wp-block-media-text__media\"><img loading=\"lazy\" decoding=\"async\" width=\"1024\" height=\"683\" src=\"https:\/\/la-toussuire.com\/wp-content\/uploads\/\/OTToussuire_Cyclisme_Palmares_ETDF_2012\u00a9ChristophePallot@La_Toussuire-1024x683.jpg\" alt=\"Photo de cycliste durant la mont\u00e9e du Col du Mollard pour l'\u00c9tape du Tour. La photo est prise de face avec une dizaine de coureurs\" class=\"wp-image-3702 size-full\" srcset=\"https:\/\/la-toussuire.com\/wp-content\/uploads\/OTToussuire_Cyclisme_Palmares_ETDF_2012\u00a9ChristophePallot@La_Toussuire-1024x683.jpg 1024w, https:\/\/la-toussuire.com\/wp-content\/uploads\/OTToussuire_Cyclisme_Palmares_ETDF_2012\u00a9ChristophePallot@La_Toussuire-300x200.jpg 300w, https:\/\/la-toussuire.com\/wp-content\/uploads\/OTToussuire_Cyclisme_Palmares_ETDF_2012\u00a9ChristophePallot@La_Toussuire-150x100.jpg 150w, https:\/\/la-toussuire.com\/wp-content\/uploads\/OTToussuire_Cyclisme_Palmares_ETDF_2012\u00a9ChristophePallot@La_Toussuire-768x512.jpg 768w, https:\/\/la-toussuire.com\/wp-content\/uploads\/OTToussuire_Cyclisme_Palmares_ETDF_2012\u00a9ChristophePallot@La_Toussuire-1536x1024.jpg 1536w, https:\/\/la-toussuire.com\/wp-content\/uploads\/OTToussuire_Cyclisme_Palmares_ETDF_2012\u00a9ChristophePallot@La_Toussuire-2048x1365.jpg 2048w\" sizes=\"auto, (max-width: 1024px) 100vw, 1024px\" \/><\/figure><\/div>\n<\/div><div class=\"block block-core-heading\">\n<h2 class=\"wp-block-heading\" id=\"tour-savoie-mont-blanc\">Tour Savoie Mont-Blanc<\/h2>\n<\/div><div class=\"block block-core-paragraph\">\n<p>The Tour Savoie Mont-Blanc was exclusively for young amateurs and new professionals under the age of 26 Today ranked as an <strong>international<\/strong> <strong>2.2<\/strong> event, it features professional cyclists. <strong>The race takes place on the roads of the departments of Savoie and Haute Savoie, as well as the Valle d&#8217;Aosta in Italy.<\/strong> This staged race is among the hardest in its category&#8230; With its motto of <em>&#8220;Kings of the Mountains&#8221;<\/em>, the event is focused on discovering future great climbers.<\/p>\n<\/div><div class=\"block block-core-media-text align-wrap align-wrap-wide\">\n<div class=\"wp-block-media-text alignwide is-stacked-on-mobile\"><figure class=\"wp-block-media-text__media\"><img loading=\"lazy\" decoding=\"async\" width=\"700\" height=\"467\" src=\"https:\/\/la-toussuire.com\/wp-content\/uploads\/OTToussuire_Cyclisme_Palmares_TSMB_Guerin\u00a9ZoeSoullard@La_Toussuire.jpg\" alt=\"\" class=\"wp-image-3762 size-full\" srcset=\"https:\/\/la-toussuire.com\/wp-content\/uploads\/OTToussuire_Cyclisme_Palmares_TSMB_Guerin\u00a9ZoeSoullard@La_Toussuire.jpg 700w, https:\/\/la-toussuire.com\/wp-content\/uploads\/OTToussuire_Cyclisme_Palmares_TSMB_Guerin\u00a9ZoeSoullard@La_Toussuire-300x200.jpg 300w, https:\/\/la-toussuire.com\/wp-content\/uploads\/OTToussuire_Cyclisme_Palmares_TSMB_Guerin\u00a9ZoeSoullard@La_Toussuire-150x100.jpg 150w\" sizes=\"auto, (max-width: 700px) 100vw, 700px\" \/><\/figure><div class=\"wp-block-media-text__content\"><div class=\"block block-core-heading\">\n<h2 class=\"wp-block-heading\">2021<\/h2>\n<\/div>\n\n<div class=\"block block-core-paragraph\">\n<p><strong>Alexis Gu\u00e9rin<\/strong><\/p>\n<\/div>\n\n<div class=\"block block-core-paragraph\">\n<p>8 August stage \u2013 Saint Jean de Maurienne \u2013 La Toussuire<\/p>\n<\/div><\/div><\/div>\n<\/div><div class=\"block block-core-media-text align-wrap align-wrap-wide\">\n<div class=\"wp-block-media-text alignwide has-media-on-the-right is-stacked-on-mobile\"><div class=\"wp-block-media-text__content\"><div class=\"block block-core-heading\">\n<h2 class=\"wp-block-heading\">2013<\/h2>\n<\/div>\n\n<div class=\"block block-core-paragraph\">\n<p><strong>Cl\u00e9ment Chevrier<\/strong><\/p>\n<\/div>\n\n<div class=\"block block-core-paragraph\">\n<p>16 June stage \u2013 Saint Michel de Maurienne \/ La Toussuire<\/p>\n<\/div><\/div><figure class=\"wp-block-media-text__media\"><img loading=\"lazy\" decoding=\"async\" width=\"1024\" height=\"769\" src=\"https:\/\/la-toussuire.com\/wp-content\/uploads\/OTToussuire_Cyclisme_Palmares_TSMB_Chevrier\u00a9OTToussuire@La_Toussuire.jpg\" alt=\"\" class=\"wp-image-3711 size-full\" srcset=\"https:\/\/la-toussuire.com\/wp-content\/uploads\/OTToussuire_Cyclisme_Palmares_TSMB_Chevrier\u00a9OTToussuire@La_Toussuire.jpg 1024w, https:\/\/la-toussuire.com\/wp-content\/uploads\/OTToussuire_Cyclisme_Palmares_TSMB_Chevrier\u00a9OTToussuire@La_Toussuire-300x225.jpg 300w, https:\/\/la-toussuire.com\/wp-content\/uploads\/OTToussuire_Cyclisme_Palmares_TSMB_Chevrier\u00a9OTToussuire@La_Toussuire-150x113.jpg 150w, https:\/\/la-toussuire.com\/wp-content\/uploads\/OTToussuire_Cyclisme_Palmares_TSMB_Chevrier\u00a9OTToussuire@La_Toussuire-768x577.jpg 768w\" sizes=\"auto, (max-width: 1024px) 100vw, 1024px\" \/><\/figure><\/div>\n<\/div><div class=\"block block-core-media-text align-wrap align-wrap-wide\">\n<div class=\"wp-block-media-text alignwide is-stacked-on-mobile\"><figure class=\"wp-block-media-text__media\"><img loading=\"lazy\" decoding=\"async\" width=\"1024\" height=\"632\" src=\"https:\/\/la-toussuire.com\/wp-content\/uploads\/\/OTToussuire_Cyclisme_Palmares_TSMB_Edet\u00a9OTToussuire@La_Toussuire-1-1024x632.jpg\" alt=\"\" class=\"wp-image-3731 size-full\" srcset=\"https:\/\/la-toussuire.com\/wp-content\/uploads\/OTToussuire_Cyclisme_Palmares_TSMB_Edet\u00a9OTToussuire@La_Toussuire-1-1024x632.jpg 1024w, https:\/\/la-toussuire.com\/wp-content\/uploads\/OTToussuire_Cyclisme_Palmares_TSMB_Edet\u00a9OTToussuire@La_Toussuire-1-300x185.jpg 300w, https:\/\/la-toussuire.com\/wp-content\/uploads\/OTToussuire_Cyclisme_Palmares_TSMB_Edet\u00a9OTToussuire@La_Toussuire-1-150x93.jpg 150w, https:\/\/la-toussuire.com\/wp-content\/uploads\/OTToussuire_Cyclisme_Palmares_TSMB_Edet\u00a9OTToussuire@La_Toussuire-1-768x474.jpg 768w, https:\/\/la-toussuire.com\/wp-content\/uploads\/OTToussuire_Cyclisme_Palmares_TSMB_Edet\u00a9OTToussuire@La_Toussuire-1-1536x947.jpg 1536w, https:\/\/la-toussuire.com\/wp-content\/uploads\/OTToussuire_Cyclisme_Palmares_TSMB_Edet\u00a9OTToussuire@La_Toussuire-1.jpg 1910w\" sizes=\"auto, (max-width: 1024px) 100vw, 1024px\" \/><\/figure><div class=\"wp-block-media-text__content\"><div class=\"block block-core-heading\">\n<h2 class=\"wp-block-heading\">2010<\/h2>\n<\/div>\n\n<div class=\"block block-core-paragraph\">\n<p><strong>Nicolas Edet<\/strong><\/p>\n<\/div>\n\n<div class=\"block block-core-paragraph\">\n<p>20 June stage \u2013 Chamb\u00e9ry \/ La Toussuire<\/p>\n<\/div><\/div><\/div>\n<\/div><div class=\"block block-core-media-text align-wrap align-wrap-wide\">\n<div class=\"wp-block-media-text alignwide has-media-on-the-right is-stacked-on-mobile\"><div class=\"wp-block-media-text__content\"><div class=\"block block-core-heading\">\n<h2 class=\"wp-block-heading\">2009<\/h2>\n<\/div>\n\n<div class=\"block block-core-paragraph\">\n<p><strong>Thibaut Pinot<\/strong><\/p>\n<\/div>\n\n<div class=\"block block-core-paragraph\">\n<p>21 June stage \u2013 Saint Jean de Maurienne \/ La Toussuire<\/p>\n<\/div><\/div><figure class=\"wp-block-media-text__media\"><img loading=\"lazy\" decoding=\"async\" width=\"1024\" height=\"683\" src=\"https:\/\/la-toussuire.com\/wp-content\/uploads\/\/OTToussuire_Cyclisme_Palmares_TSMB_Pinot\u00a9OTToussuire@La_Toussuire-1024x683.jpg\" alt=\"\" class=\"wp-image-3690 size-full\" srcset=\"https:\/\/la-toussuire.com\/wp-content\/uploads\/OTToussuire_Cyclisme_Palmares_TSMB_Pinot\u00a9OTToussuire@La_Toussuire-1024x683.jpg 1024w, https:\/\/la-toussuire.com\/wp-content\/uploads\/OTToussuire_Cyclisme_Palmares_TSMB_Pinot\u00a9OTToussuire@La_Toussuire-300x200.jpg 300w, https:\/\/la-toussuire.com\/wp-content\/uploads\/OTToussuire_Cyclisme_Palmares_TSMB_Pinot\u00a9OTToussuire@La_Toussuire-150x100.jpg 150w, https:\/\/la-toussuire.com\/wp-content\/uploads\/OTToussuire_Cyclisme_Palmares_TSMB_Pinot\u00a9OTToussuire@La_Toussuire-768x512.jpg 768w, https:\/\/la-toussuire.com\/wp-content\/uploads\/OTToussuire_Cyclisme_Palmares_TSMB_Pinot\u00a9OTToussuire@La_Toussuire-1536x1024.jpg 1536w, https:\/\/la-toussuire.com\/wp-content\/uploads\/OTToussuire_Cyclisme_Palmares_TSMB_Pinot\u00a9OTToussuire@La_Toussuire-2048x1365.jpg 2048w\" sizes=\"auto, (max-width: 1024px) 100vw, 1024px\" \/><\/figure><\/div>\n<\/div><div class=\"block block-core-media-text align-wrap align-wrap-wide\">\n<div class=\"wp-block-media-text alignwide is-stacked-on-mobile\"><figure class=\"wp-block-media-text__media\"><img loading=\"lazy\" decoding=\"async\" width=\"1024\" height=\"680\" src=\"https:\/\/la-toussuire.com\/wp-content\/uploads\/\/OTToussuire_Cyclisme_Palmares_TSMB_Bonnafond\u00a9OTToussuire@La_Toussuire-1024x680.jpg\" alt=\"\" class=\"wp-image-3714 size-full\" srcset=\"https:\/\/la-toussuire.com\/wp-content\/uploads\/OTToussuire_Cyclisme_Palmares_TSMB_Bonnafond\u00a9OTToussuire@La_Toussuire-1024x680.jpg 1024w, https:\/\/la-toussuire.com\/wp-content\/uploads\/OTToussuire_Cyclisme_Palmares_TSMB_Bonnafond\u00a9OTToussuire@La_Toussuire-300x199.jpg 300w, https:\/\/la-toussuire.com\/wp-content\/uploads\/OTToussuire_Cyclisme_Palmares_TSMB_Bonnafond\u00a9OTToussuire@La_Toussuire-150x100.jpg 150w, https:\/\/la-toussuire.com\/wp-content\/uploads\/OTToussuire_Cyclisme_Palmares_TSMB_Bonnafond\u00a9OTToussuire@La_Toussuire-768x510.jpg 768w, https:\/\/la-toussuire.com\/wp-content\/uploads\/OTToussuire_Cyclisme_Palmares_TSMB_Bonnafond\u00a9OTToussuire@La_Toussuire-1536x1020.jpg 1536w, https:\/\/la-toussuire.com\/wp-content\/uploads\/OTToussuire_Cyclisme_Palmares_TSMB_Bonnafond\u00a9OTToussuire@La_Toussuire-2048x1361.jpg 2048w\" sizes=\"auto, (max-width: 1024px) 100vw, 1024px\" \/><\/figure><div class=\"wp-block-media-text__content\"><div class=\"block block-core-heading\">\n<h2 class=\"wp-block-heading\">2008<\/h2>\n<\/div>\n\n<div class=\"block block-core-paragraph\">\n<p><strong>Guillaume Bonnafond<\/strong><\/p>\n<\/div>\n\n<div class=\"block block-core-paragraph\">\n<p>31 May stage \u2013 La Grand Bornand \/ La Toussuire<\/p>\n<\/div><\/div><\/div>\n<\/div><div class=\"block block-core-heading\">\n<h2 class=\"wp-block-heading\" id=\"tour-de-l-avenir\">Tour de l&#8217;Avenir<\/h2>\n<\/div><div class=\"block block-core-paragraph\">\n<p>Created in <strong>1961<\/strong>, the event is exclusively for young people aged between 19 and 22. An <strong>international event<\/strong>, Tour de l&#8217;Avenir is now considered a T<strong>our de France for young people<\/strong>. Many tour de France winners were once highly-ranked Tour de l&#8217;Avenir competitors ; <em>Felice Gimondi, Joop Zoetemelk, Greg LeMond, Miguel Indurain and Laurent Fignon won a total of <strong>12 Tour de France among them<\/strong> !<\/em><\/p>\n<\/div><div class=\"block block-core-media-text align-wrap align-wrap-wide\">\n<div class=\"wp-block-media-text alignwide has-media-on-the-right is-stacked-on-mobile\"><div class=\"wp-block-media-text__content\"><div class=\"block block-core-heading\">\n<h2 class=\"wp-block-heading\">2021<\/h2>\n<\/div>\n\n<div class=\"block block-core-paragraph\">\n<p>Final stage of 21 June \u2013 La Toussuire \/ S\u00e9ez<\/p>\n<\/div><\/div><figure class=\"wp-block-media-text__media\"><img loading=\"lazy\" decoding=\"async\" width=\"1024\" height=\"633\" src=\"https:\/\/la-toussuire.com\/wp-content\/uploads\/OTToussuire_Cyclisme_Evenements_TDA_2021_Presentation\u00a9OTToussuire@La_Toussuire-1024x633-1.jpg\" alt=\"Photo au d\u00e9part du Tour de l'Avenir 2021 \u00e0 la Toussuire. Nous pouvons voir les coureurs pr\u00eats sur la ligne de d\u00e9part en attendant le signal du Maire sur le cot\u00e9\" class=\"wp-image-7508 size-full\" srcset=\"https:\/\/la-toussuire.com\/wp-content\/uploads\/OTToussuire_Cyclisme_Evenements_TDA_2021_Presentation\u00a9OTToussuire@La_Toussuire-1024x633-1.jpg 1024w, https:\/\/la-toussuire.com\/wp-content\/uploads\/OTToussuire_Cyclisme_Evenements_TDA_2021_Presentation\u00a9OTToussuire@La_Toussuire-1024x633-1-300x185.jpg 300w, https:\/\/la-toussuire.com\/wp-content\/uploads\/OTToussuire_Cyclisme_Evenements_TDA_2021_Presentation\u00a9OTToussuire@La_Toussuire-1024x633-1-150x93.jpg 150w, https:\/\/la-toussuire.com\/wp-content\/uploads\/OTToussuire_Cyclisme_Evenements_TDA_2021_Presentation\u00a9OTToussuire@La_Toussuire-1024x633-1-768x475.jpg 768w\" sizes=\"auto, (max-width: 1024px) 100vw, 1024px\" \/><\/figure><\/div>\n<\/div><div class=\"block block-core-media-text align-wrap align-wrap-wide\">\n<div class=\"wp-block-media-text alignwide is-stacked-on-mobile\"><figure class=\"wp-block-media-text__media\"><img loading=\"lazy\" decoding=\"async\" width=\"1024\" height=\"585\" src=\"https:\/\/la-toussuire.com\/wp-content\/uploads\/\/OTToussuire_Cyclisme_Palmares_TDA_Vervaeke\u00a9OTToussuire@La_Toussuire-1024x585.jpg\" alt=\"\" class=\"wp-image-3726 size-full\" srcset=\"https:\/\/la-toussuire.com\/wp-content\/uploads\/OTToussuire_Cyclisme_Palmares_TDA_Vervaeke\u00a9OTToussuire@La_Toussuire-1024x585.jpg 1024w, https:\/\/la-toussuire.com\/wp-content\/uploads\/OTToussuire_Cyclisme_Palmares_TDA_Vervaeke\u00a9OTToussuire@La_Toussuire-300x171.jpg 300w, https:\/\/la-toussuire.com\/wp-content\/uploads\/OTToussuire_Cyclisme_Palmares_TDA_Vervaeke\u00a9OTToussuire@La_Toussuire-150x86.jpg 150w, https:\/\/la-toussuire.com\/wp-content\/uploads\/OTToussuire_Cyclisme_Palmares_TDA_Vervaeke\u00a9OTToussuire@La_Toussuire-768x438.jpg 768w, https:\/\/la-toussuire.com\/wp-content\/uploads\/OTToussuire_Cyclisme_Palmares_TDA_Vervaeke\u00a9OTToussuire@La_Toussuire-1536x877.jpg 1536w, https:\/\/la-toussuire.com\/wp-content\/uploads\/OTToussuire_Cyclisme_Palmares_TDA_Vervaeke\u00a9OTToussuire@La_Toussuire-2048x1169.jpg 2048w\" sizes=\"auto, (max-width: 1024px) 100vw, 1024px\" \/><\/figure><div class=\"wp-block-media-text__content\"><div class=\"block block-core-heading\">\n<h2 class=\"wp-block-heading\">2014<\/h2>\n<\/div>\n\n<div class=\"block block-core-paragraph\">\n<p><strong>Louis Vervaeke<\/strong><\/p>\n<\/div>\n\n<div class=\"block block-core-paragraph\">\n<p>30 August stage \u2013 Saint Michel de Maurienne \/ La Toussuire<\/p>\n<\/div><\/div><\/div>\n<\/div><div class=\"block block-core-heading\">\n<h2 class=\"wp-block-heading\" id=\"criterium-du-dauphine\">Criterium du Dauphin\u00e9<\/h2>\n<\/div><div class=\"block block-core-paragraph\">\n<p>The Crit\u00e9rium du Dauphin\u00e9, a <strong>race in stages<\/strong>, is renowned for its difficulty. Indeed, the race takes place in the former province of Dauphin\u00e9 <em>(south-east of France)<\/em>, and in the <strong>Alps<\/strong> in particular. The Crit\u00e9rium du Dauphin\u00e9 precedes the Tour de France by a few weeks, and cyclists often use it as an opportunity to prepare for this prestigious event.<\/p>\n<\/div><div class=\"block block-core-media-text align-wrap align-wrap-wide\">\n<div class=\"wp-block-media-text alignwide has-media-on-the-right is-stacked-on-mobile\"><div class=\"wp-block-media-text__content\"><div class=\"block block-core-heading\">\n<h2 class=\"wp-block-heading\">2011<\/h2>\n<\/div>\n\n<div class=\"block block-core-paragraph\">\n<p><strong>Joachim Rodriguez<\/strong><\/p>\n<\/div>\n\n<div class=\"block block-core-paragraph\">\n<p>Final stage of 12 June \u2013 Pontchara \/ La Toussuire<\/p>\n<\/div><\/div><figure class=\"wp-block-media-text__media\"><img loading=\"lazy\" decoding=\"async\" width=\"1024\" height=\"608\" src=\"https:\/\/la-toussuire.com\/wp-content\/uploads\/\/OTToussuire_Cyclisme_Palmares_CDD_Rodriguez\u00a9OTToussuire@La_Toussuire-1024x608.jpg\" alt=\"\" class=\"wp-image-3705 size-full\" srcset=\"https:\/\/la-toussuire.com\/wp-content\/uploads\/OTToussuire_Cyclisme_Palmares_CDD_Rodriguez\u00a9OTToussuire@La_Toussuire-1024x608.jpg 1024w, https:\/\/la-toussuire.com\/wp-content\/uploads\/OTToussuire_Cyclisme_Palmares_CDD_Rodriguez\u00a9OTToussuire@La_Toussuire-300x178.jpg 300w, https:\/\/la-toussuire.com\/wp-content\/uploads\/OTToussuire_Cyclisme_Palmares_CDD_Rodriguez\u00a9OTToussuire@La_Toussuire-150x89.jpg 150w, https:\/\/la-toussuire.com\/wp-content\/uploads\/OTToussuire_Cyclisme_Palmares_CDD_Rodriguez\u00a9OTToussuire@La_Toussuire-768x456.jpg 768w, https:\/\/la-toussuire.com\/wp-content\/uploads\/OTToussuire_Cyclisme_Palmares_CDD_Rodriguez\u00a9OTToussuire@La_Toussuire-1536x911.jpg 1536w, https:\/\/la-toussuire.com\/wp-content\/uploads\/OTToussuire_Cyclisme_Palmares_CDD_Rodriguez\u00a9OTToussuire@La_Toussuire-2048x1215.jpg 2048w\" sizes=\"auto, (max-width: 1024px) 100vw, 1024px\" \/><\/figure><\/div>\n<\/div><div class=\"block block-core-heading\">\n<h2 class=\"wp-block-heading\" id=\"haute-route\">Haute Route<\/h2>\n<\/div><div class=\"block block-core-paragraph\">\n<p><strong>Seven days of timed races<\/strong> for amateur cyclists, at the end of which a general ranking is established. Each of the Haute Route events covers more than <strong>800km<\/strong>, with <strong>20 mythical passes ascended<\/strong> in the heart of the most popular cycling world playgrounds.<\/p>\n<\/div><div class=\"block block-core-media-text align-wrap align-wrap-wide\">\n<div class=\"wp-block-media-text alignwide is-stacked-on-mobile\"><figure class=\"wp-block-media-text__media\"><img loading=\"lazy\" decoding=\"async\" width=\"1024\" height=\"683\" src=\"https:\/\/la-toussuire.com\/wp-content\/uploads\/\/OTToussuire_Cyclisme_Palmares_HR_Pouly\u00a9OTToussuire@La_Toussuire-1024x683.jpg\" alt=\"\" class=\"wp-image-3699 size-full\" srcset=\"https:\/\/la-toussuire.com\/wp-content\/uploads\/OTToussuire_Cyclisme_Palmares_HR_Pouly\u00a9OTToussuire@La_Toussuire-1024x683.jpg 1024w, https:\/\/la-toussuire.com\/wp-content\/uploads\/OTToussuire_Cyclisme_Palmares_HR_Pouly\u00a9OTToussuire@La_Toussuire-300x200.jpg 300w, https:\/\/la-toussuire.com\/wp-content\/uploads\/OTToussuire_Cyclisme_Palmares_HR_Pouly\u00a9OTToussuire@La_Toussuire-150x100.jpg 150w, https:\/\/la-toussuire.com\/wp-content\/uploads\/OTToussuire_Cyclisme_Palmares_HR_Pouly\u00a9OTToussuire@La_Toussuire-768x512.jpg 768w, https:\/\/la-toussuire.com\/wp-content\/uploads\/OTToussuire_Cyclisme_Palmares_HR_Pouly\u00a9OTToussuire@La_Toussuire-1536x1024.jpg 1536w, https:\/\/la-toussuire.com\/wp-content\/uploads\/OTToussuire_Cyclisme_Palmares_HR_Pouly\u00a9OTToussuire@La_Toussuire-2048x1365.jpg 2048w\" sizes=\"auto, (max-width: 1024px) 100vw, 1024px\" \/><\/figure><div class=\"wp-block-media-text__content\"><div class=\"block block-core-heading\">\n<h2 class=\"wp-block-heading\">2015<\/h2>\n<\/div>\n\n<div class=\"block block-core-paragraph\">\n<p><strong>Peter Pouilly<\/strong><\/p>\n<\/div>\n\n<div class=\"block block-core-paragraph\">\n<p>27 August stage \u2013 Les 2 Alpes \/ La Toussuire<\/p>\n<\/div><\/div><\/div>\n<\/div><div class=\"block block-core-heading\">\n<h2 class=\"wp-block-heading has-text-align-center\" id=\"partenaire-maillots\">Jersey sponsors<\/h2>\n<\/div><div class=\"block block-core-columns\">\n<div class=\"wp-block-columns is-layout-flex wp-container-core-columns-is-layout-9d6595d7 wp-block-columns-is-layout-flex\"><div class=\"block block-core-column\">\n<div class=\"wp-block-column is-layout-flow wp-block-column-is-layout-flow\" style=\"flex-basis:100%\"><div class=\"block block-core-columns\">\n<div class=\"wp-block-columns is-layout-flex wp-container-core-columns-is-layout-9d6595d7 wp-block-columns-is-layout-flex\"><div class=\"block block-core-column\">\n<div class=\"wp-block-column is-layout-flow wp-block-column-is-layout-flow\" style=\"flex-basis:100%\"><div class=\"block block-core-columns\">\n<div class=\"wp-block-columns is-layout-flex wp-container-core-columns-is-layout-9d6595d7 wp-block-columns-is-layout-flex\"><div class=\"block block-core-column\">\n<div class=\"wp-block-column is-layout-flow wp-block-column-is-layout-flow\"><div class=\"block block-core-image\">\n<figure class=\"wp-block-image size-large\"><img decoding=\"async\" src=\"https:\/\/la-toussuire.com\/wp-content\/uploads\/OTToussuire_Cyclisme_Palmares_Team_SMS_Cyclo&#xA9;OTToussuire@La_Toussuire-814x1024.png\" alt=\"\" class=\"wp-image-5962\"\/><figcaption class=\"wp-element-caption\">Partner of the SMS Cyclo Team Jersey since 2014<\/figcaption><\/figure>\n<\/div><\/div>\n<\/div>\n\n<div class=\"block block-core-column\">\n<div class=\"wp-block-column is-layout-flow wp-block-column-is-layout-flow\"><div class=\"block block-core-image\">\n<figure class=\"wp-block-image size-large\"><img decoding=\"async\" src=\"https:\/\/la-toussuire.com\/wp-content\/uploads\/OTToussuire_Cyclisme_Palmares_TSMB_Maillot_Grimpeur&#xA9;OTToussuire@La_Toussuire-814x1024.png\" alt=\"\" class=\"wp-image-5959\"\/><figcaption class=\"wp-element-caption\">Tour Savoie Mont-Blanc: Best Climber&#8217;s Jersey from 2010 to 2020<\/figcaption><\/figure>\n<\/div><\/div>\n<\/div>\n\n<div class=\"block block-core-column\">\n<div class=\"wp-block-column is-layout-flow wp-block-column-is-layout-flow\"><div class=\"block block-core-image\">\n<figure class=\"wp-block-image size-large\"><img decoding=\"async\" src=\"https:\/\/la-toussuire.com\/wp-content\/uploads\/OTToussuire_Cyclisme_Palmares_TSMB_Maillot_Leader&#xA9;OTToussuire@La_Toussuire-814x1024.jpg\" alt=\"\" class=\"wp-image-5956\"\/><figcaption class=\"wp-element-caption\">Tour Savoie Mont-Blanc: Leader&#8217;s Jersey since 2021<\/figcaption><\/figure>\n<\/div><\/div>\n<\/div><\/div>\n<\/div><\/div>\n<\/div><\/div>\n<\/div><\/div>\n<\/div><\/div>\n<\/div>","protected":false},"excerpt":{"rendered":"<p>From the Tour de France to local races, La Toussuire hosts cycling events of all levels. Tour de France The preserve of professional riders, &#8220;the big loop&#8221; celebrated its centenary in 2013. Broadcast in 190 countries, the Tour de France is followed every year by millions of viewers, not to mention the ever-increasing crowd supporting [&hellip;]<\/p>\n","protected":false},"author":3,"featured_media":6050,"parent":10788,"menu_order":3,"comment_status":"closed","ping_status":"closed","template":"page-template.php","meta":{"_acf_changed":false,"footnotes":""},"class_list":["post-16966","page","type-page","status-publish","has-post-thumbnail","hentry"],"acf":[],"yoast_head":"<!-- This site is optimized with the Yoast SEO plugin v27.1.1 - https:\/\/yoast.com\/product\/yoast-seo-wordpress\/ -->\n<title>Cycling hall of fame - La Toussuire<\/title>\n<meta name=\"description\" content=\"From the Tour de France to local races, La Toussuire hosts cycling events of all levels. Let&#039;s go back to the rankings.\" \/>\n<meta name=\"robots\" content=\"index, follow, max-snippet:-1, max-image-preview:large, max-video-preview:-1\" \/>\n<link rel=\"canonical\" href=\"https:\/\/la-toussuire.com\/en\/what-to-do-in-summer\/activities-on-summer\/cyclism\/cycling-hall-of-fame\/\" \/>\n<meta property=\"og:locale\" content=\"en_US\" \/>\n<meta property=\"og:type\" content=\"article\" \/>\n<meta property=\"og:title\" content=\"Cycling hall of fame - La Toussuire\" \/>\n<meta property=\"og:description\" content=\"From the Tour de France to local races, La Toussuire hosts cycling events of all levels. Let&#039;s go back to the rankings.\" \/>\n<meta property=\"og:url\" content=\"https:\/\/la-toussuire.com\/en\/what-to-do-in-summer\/activities-on-summer\/cyclism\/cycling-hall-of-fame\/\" \/>\n<meta property=\"og:site_name\" content=\"La Toussuire\" \/>\n<meta property=\"article:modified_time\" content=\"2024-01-09T13:19:02+00:00\" \/>\n<meta property=\"og:image\" content=\"https:\/\/la-toussuire.com\/wp-content\/uploads\/OTToussuire_Cyclisme_Palmares_TDF_Presentation\u00a9OTToussuire@La_Toussuire-scaled.jpg\" \/>\n\t<meta property=\"og:image:width\" content=\"2560\" \/>\n\t<meta property=\"og:image:height\" content=\"1149\" \/>\n\t<meta property=\"og:image:type\" content=\"image\/jpeg\" \/>\n<meta name=\"twitter:card\" content=\"summary_large_image\" \/>\n<meta name=\"twitter:label1\" content=\"Est. reading time\" \/>\n\t<meta name=\"twitter:data1\" content=\"2 minutes\" \/>\n<script type=\"application\/ld+json\" class=\"yoast-schema-graph\">{\"@context\":\"https:\/\/schema.org\",\"@graph\":[{\"@type\":\"WebPage\",\"@id\":\"https:\/\/la-toussuire.com\/en\/what-to-do-in-summer\/activities-on-summer\/cyclism\/cycling-hall-of-fame\/\",\"url\":\"https:\/\/la-toussuire.com\/en\/what-to-do-in-summer\/activities-on-summer\/cyclism\/cycling-hall-of-fame\/\",\"name\":\"Cycling hall of fame - La Toussuire\",\"isPartOf\":{\"@id\":\"https:\/\/la-toussuire.com\/en\/#website\"},\"primaryImageOfPage\":{\"@id\":\"https:\/\/la-toussuire.com\/en\/what-to-do-in-summer\/activities-on-summer\/cyclism\/cycling-hall-of-fame\/#primaryimage\"},\"image\":{\"@id\":\"https:\/\/la-toussuire.com\/en\/what-to-do-in-summer\/activities-on-summer\/cyclism\/cycling-hall-of-fame\/#primaryimage\"},\"thumbnailUrl\":\"https:\/\/la-toussuire.com\/wp-content\/uploads\/OTToussuire_Cyclisme_Palmares_TDF_Presentation\u00a9OTToussuire@La_Toussuire-scaled.jpg\",\"datePublished\":\"2023-03-22T14:26:50+00:00\",\"dateModified\":\"2024-01-09T13:19:02+00:00\",\"description\":\"From the Tour de France to local races, La Toussuire hosts cycling events of all levels. Let's go back to the rankings.\",\"breadcrumb\":{\"@id\":\"https:\/\/la-toussuire.com\/en\/what-to-do-in-summer\/activities-on-summer\/cyclism\/cycling-hall-of-fame\/#breadcrumb\"},\"inLanguage\":\"en-US\",\"potentialAction\":[{\"@type\":\"ReadAction\",\"target\":[\"https:\/\/la-toussuire.com\/en\/what-to-do-in-summer\/activities-on-summer\/cyclism\/cycling-hall-of-fame\/\"]}]},{\"@type\":\"ImageObject\",\"inLanguage\":\"en-US\",\"@id\":\"https:\/\/la-toussuire.com\/en\/what-to-do-in-summer\/activities-on-summer\/cyclism\/cycling-hall-of-fame\/#primaryimage\",\"url\":\"https:\/\/la-toussuire.com\/wp-content\/uploads\/OTToussuire_Cyclisme_Palmares_TDF_Presentation\u00a9OTToussuire@La_Toussuire-scaled.jpg\",\"contentUrl\":\"https:\/\/la-toussuire.com\/wp-content\/uploads\/OTToussuire_Cyclisme_Palmares_TDF_Presentation\u00a9OTToussuire@La_Toussuire-scaled.jpg\",\"width\":2560,\"height\":1149,\"caption\":\"Arriv\u00e9e du Tour de France \u00e0 la Toussuire en 2015\"},{\"@type\":\"BreadcrumbList\",\"@id\":\"https:\/\/la-toussuire.com\/en\/what-to-do-in-summer\/activities-on-summer\/cyclism\/cycling-hall-of-fame\/#breadcrumb\",\"itemListElement\":[{\"@type\":\"ListItem\",\"position\":1,\"name\":\"Home\",\"item\":\"https:\/\/la-toussuire.com\/en\/\"},{\"@type\":\"ListItem\",\"position\":2,\"name\":\"I&rsquo;m having fun\",\"item\":\"https:\/\/la-toussuire.com\/en\/what-to-do-in-summer\/\"},{\"@type\":\"ListItem\",\"position\":3,\"name\":\"Our summer activities\",\"item\":\"https:\/\/la-toussuire.com\/en\/what-to-do-in-summer\/activities-on-summer\/\"},{\"@type\":\"ListItem\",\"position\":4,\"name\":\"Cyclism\",\"item\":\"https:\/\/la-toussuire.com\/en\/what-to-do-in-summer\/activities-on-summer\/cyclism\/\"},{\"@type\":\"ListItem\",\"position\":5,\"name\":\"Cycling hall of fame\"}]},{\"@type\":\"WebSite\",\"@id\":\"https:\/\/la-toussuire.com\/en\/#website\",\"url\":\"https:\/\/la-toussuire.com\/en\/\",\"name\":\"La Toussuire\",\"description\":\"\",\"publisher\":{\"@id\":\"https:\/\/la-toussuire.com\/en\/#organization\"},\"potentialAction\":[{\"@type\":\"SearchAction\",\"target\":{\"@type\":\"EntryPoint\",\"urlTemplate\":\"https:\/\/la-toussuire.com\/en\/?s={search_term_string}\"},\"query-input\":{\"@type\":\"PropertyValueSpecification\",\"valueRequired\":true,\"valueName\":\"search_term_string\"}}],\"inLanguage\":\"en-US\"},{\"@type\":\"Organization\",\"@id\":\"https:\/\/la-toussuire.com\/en\/#organization\",\"name\":\"La Toussuire\",\"url\":\"https:\/\/la-toussuire.com\/en\/\",\"logo\":{\"@type\":\"ImageObject\",\"inLanguage\":\"en-US\",\"@id\":\"https:\/\/la-toussuire.com\/en\/#\/schema\/logo\/image\/\",\"url\":\"https:\/\/la-toussuire.com\/wp-content\/uploads\/cropped-Nouveau-LA-TOUSSUIRE_Logo_Plan-de-travail-1-02.png\",\"contentUrl\":\"https:\/\/la-toussuire.com\/wp-content\/uploads\/cropped-Nouveau-LA-TOUSSUIRE_Logo_Plan-de-travail-1-02.png\",\"width\":591,\"height\":591,\"caption\":\"La Toussuire\"},\"image\":{\"@id\":\"https:\/\/la-toussuire.com\/en\/#\/schema\/logo\/image\/\"}}]}<\/script>\n<!-- \/ Yoast SEO plugin. -->","yoast_head_json":{"title":"Cycling hall of fame - La Toussuire","description":"From the Tour de France to local races, La Toussuire hosts cycling events of all levels. Let's go back to the rankings.","robots":{"index":"index","follow":"follow","max-snippet":"max-snippet:-1","max-image-preview":"max-image-preview:large","max-video-preview":"max-video-preview:-1"},"canonical":"https:\/\/la-toussuire.com\/en\/what-to-do-in-summer\/activities-on-summer\/cyclism\/cycling-hall-of-fame\/","og_locale":"en_US","og_type":"article","og_title":"Cycling hall of fame - La Toussuire","og_description":"From the Tour de France to local races, La Toussuire hosts cycling events of all levels. Let's go back to the rankings.","og_url":"https:\/\/la-toussuire.com\/en\/what-to-do-in-summer\/activities-on-summer\/cyclism\/cycling-hall-of-fame\/","og_site_name":"La Toussuire","article_modified_time":"2024-01-09T13:19:02+00:00","og_image":[{"width":2560,"height":1149,"url":"https:\/\/la-toussuire.com\/wp-content\/uploads\/OTToussuire_Cyclisme_Palmares_TDF_Presentation\u00a9OTToussuire@La_Toussuire-scaled.jpg","type":"image\/jpeg"}],"twitter_card":"summary_large_image","twitter_misc":{"Est. reading time":"2 minutes"},"schema":{"@context":"https:\/\/schema.org","@graph":[{"@type":"WebPage","@id":"https:\/\/la-toussuire.com\/en\/what-to-do-in-summer\/activities-on-summer\/cyclism\/cycling-hall-of-fame\/","url":"https:\/\/la-toussuire.com\/en\/what-to-do-in-summer\/activities-on-summer\/cyclism\/cycling-hall-of-fame\/","name":"Cycling hall of fame - La Toussuire","isPartOf":{"@id":"https:\/\/la-toussuire.com\/en\/#website"},"primaryImageOfPage":{"@id":"https:\/\/la-toussuire.com\/en\/what-to-do-in-summer\/activities-on-summer\/cyclism\/cycling-hall-of-fame\/#primaryimage"},"image":{"@id":"https:\/\/la-toussuire.com\/en\/what-to-do-in-summer\/activities-on-summer\/cyclism\/cycling-hall-of-fame\/#primaryimage"},"thumbnailUrl":"https:\/\/la-toussuire.com\/wp-content\/uploads\/OTToussuire_Cyclisme_Palmares_TDF_Presentation\u00a9OTToussuire@La_Toussuire-scaled.jpg","datePublished":"2023-03-22T14:26:50+00:00","dateModified":"2024-01-09T13:19:02+00:00","description":"From the Tour de France to local races, La Toussuire hosts cycling events of all levels. Let's go back to the rankings.","breadcrumb":{"@id":"https:\/\/la-toussuire.com\/en\/what-to-do-in-summer\/activities-on-summer\/cyclism\/cycling-hall-of-fame\/#breadcrumb"},"inLanguage":"en-US","potentialAction":[{"@type":"ReadAction","target":["https:\/\/la-toussuire.com\/en\/what-to-do-in-summer\/activities-on-summer\/cyclism\/cycling-hall-of-fame\/"]}]},{"@type":"ImageObject","inLanguage":"en-US","@id":"https:\/\/la-toussuire.com\/en\/what-to-do-in-summer\/activities-on-summer\/cyclism\/cycling-hall-of-fame\/#primaryimage","url":"https:\/\/la-toussuire.com\/wp-content\/uploads\/OTToussuire_Cyclisme_Palmares_TDF_Presentation\u00a9OTToussuire@La_Toussuire-scaled.jpg","contentUrl":"https:\/\/la-toussuire.com\/wp-content\/uploads\/OTToussuire_Cyclisme_Palmares_TDF_Presentation\u00a9OTToussuire@La_Toussuire-scaled.jpg","width":2560,"height":1149,"caption":"Arriv\u00e9e du Tour de France \u00e0 la Toussuire en 2015"},{"@type":"BreadcrumbList","@id":"https:\/\/la-toussuire.com\/en\/what-to-do-in-summer\/activities-on-summer\/cyclism\/cycling-hall-of-fame\/#breadcrumb","itemListElement":[{"@type":"ListItem","position":1,"name":"Home","item":"https:\/\/la-toussuire.com\/en\/"},{"@type":"ListItem","position":2,"name":"I&rsquo;m having fun","item":"https:\/\/la-toussuire.com\/en\/what-to-do-in-summer\/"},{"@type":"ListItem","position":3,"name":"Our summer activities","item":"https:\/\/la-toussuire.com\/en\/what-to-do-in-summer\/activities-on-summer\/"},{"@type":"ListItem","position":4,"name":"Cyclism","item":"https:\/\/la-toussuire.com\/en\/what-to-do-in-summer\/activities-on-summer\/cyclism\/"},{"@type":"ListItem","position":5,"name":"Cycling hall of fame"}]},{"@type":"WebSite","@id":"https:\/\/la-toussuire.com\/en\/#website","url":"https:\/\/la-toussuire.com\/en\/","name":"La Toussuire","description":"","publisher":{"@id":"https:\/\/la-toussuire.com\/en\/#organization"},"potentialAction":[{"@type":"SearchAction","target":{"@type":"EntryPoint","urlTemplate":"https:\/\/la-toussuire.com\/en\/?s={search_term_string}"},"query-input":{"@type":"PropertyValueSpecification","valueRequired":true,"valueName":"search_term_string"}}],"inLanguage":"en-US"},{"@type":"Organization","@id":"https:\/\/la-toussuire.com\/en\/#organization","name":"La Toussuire","url":"https:\/\/la-toussuire.com\/en\/","logo":{"@type":"ImageObject","inLanguage":"en-US","@id":"https:\/\/la-toussuire.com\/en\/#\/schema\/logo\/image\/","url":"https:\/\/la-toussuire.com\/wp-content\/uploads\/cropped-Nouveau-LA-TOUSSUIRE_Logo_Plan-de-travail-1-02.png","contentUrl":"https:\/\/la-toussuire.com\/wp-content\/uploads\/cropped-Nouveau-LA-TOUSSUIRE_Logo_Plan-de-travail-1-02.png","width":591,"height":591,"caption":"La Toussuire"},"image":{"@id":"https:\/\/la-toussuire.com\/en\/#\/schema\/logo\/image\/"}}]}},"_links":{"self":[{"href":"https:\/\/la-toussuire.com\/en\/wp-json\/wp\/v2\/pages\/16966","targetHints":{"allow":["GET"]}}],"collection":[{"href":"https:\/\/la-toussuire.com\/en\/wp-json\/wp\/v2\/pages"}],"about":[{"href":"https:\/\/la-toussuire.com\/en\/wp-json\/wp\/v2\/types\/page"}],"author":[{"embeddable":true,"href":"https:\/\/la-toussuire.com\/en\/wp-json\/wp\/v2\/users\/3"}],"replies":[{"embeddable":true,"href":"https:\/\/la-toussuire.com\/en\/wp-json\/wp\/v2\/comments?post=16966"}],"version-history":[{"count":3,"href":"https:\/\/la-toussuire.com\/en\/wp-json\/wp\/v2\/pages\/16966\/revisions"}],"predecessor-version":[{"id":29110,"href":"https:\/\/la-toussuire.com\/en\/wp-json\/wp\/v2\/pages\/16966\/revisions\/29110"}],"up":[{"embeddable":true,"href":"https:\/\/la-toussuire.com\/en\/wp-json\/wp\/v2\/pages\/10788"}],"wp:featuredmedia":[{"embeddable":true,"href":"https:\/\/la-toussuire.com\/en\/wp-json\/wp\/v2\/media\/6050"}],"wp:attachment":[{"href":"https:\/\/la-toussuire.com\/en\/wp-json\/wp\/v2\/media?parent=16966"}],"curies":[{"name":"wp","href":"https:\/\/api.w.org\/{rel}","templated":true}]}}