{"id":10339,"date":"2022-08-11T17:44:17","date_gmt":"2022-08-11T15:44:17","guid":{"rendered":"https:\/\/la-toussuire.com\/discover-la-toussuire\/resort-champions\/girl-power-the-current-generation\/lorna-bonnel\/"},"modified":"2025-05-12T09:52:27","modified_gmt":"2025-05-12T07:52:27","slug":"lorna-bonnel","status":"publish","type":"page","link":"https:\/\/la-toussuire.com\/en\/discover-la-toussuire\/resort-champions\/girl-power-the-current-generation\/lorna-bonnel\/","title":{"rendered":"Lorna Bonnel"},"content":{"rendered":"<div class=\"block block-core-media-text align-wrap align-wrap-wide\">\n<div class=\"wp-block-media-text alignwide is-stacked-on-mobile is-image-fill-element\"><figure class=\"wp-block-media-text__media\"><img loading=\"lazy\" decoding=\"async\" width=\"1024\" height=\"683\" src=\"https:\/\/la-toussuire.com\/wp-content\/uploads\/OTToussuire_Champions_Girl_Power_Lorna_Bonnel\u00a9BarbaraCovarel@La_Toussuire.jpg\" alt=\"Lorna Bonnel, world ski mountaineering champion on a hike in the Sybelles ski area\" class=\"wp-image-8210 size-full\" style=\"object-position:64% 54%\" srcset=\"https:\/\/la-toussuire.com\/wp-content\/uploads\/OTToussuire_Champions_Girl_Power_Lorna_Bonnel\u00a9BarbaraCovarel@La_Toussuire.jpg 1024w, https:\/\/la-toussuire.com\/wp-content\/uploads\/OTToussuire_Champions_Girl_Power_Lorna_Bonnel\u00a9BarbaraCovarel@La_Toussuire-300x200.jpg 300w, https:\/\/la-toussuire.com\/wp-content\/uploads\/OTToussuire_Champions_Girl_Power_Lorna_Bonnel\u00a9BarbaraCovarel@La_Toussuire-150x100.jpg 150w, https:\/\/la-toussuire.com\/wp-content\/uploads\/OTToussuire_Champions_Girl_Power_Lorna_Bonnel\u00a9BarbaraCovarel@La_Toussuire-768x512.jpg 768w\" sizes=\"auto, (max-width: 1024px) 100vw, 1024px\" \/><\/figure><div class=\"wp-block-media-text__content\"><div class=\"block block-core-heading\">\n<h2 class=\"wp-block-heading has-text-align-center has-luminous-vivid-amber-color has-text-color has-link-color wp-elements-2973475530a2f43ed80ac012b7b524ee\">Twice Team World Champion with Axelle Mollaret<\/h2>\n<\/div>\n\n<div class=\"block block-core-paragraph\">\n<p class=\"has-text-align-center\">Lorna Bonnel is a ski instructor at ESF La Toussuire, and a medium mountain guide at La Toussuire Mountaineering Office. She started ski mountaineering in 2013 in the senior (adult) category and has since excelled in this sport.<\/p>\n<\/div>\n\n<div class=\"block block-core-paragraph\">\n<p class=\"has-text-align-center\">Follow her on social networks : <a href=\"https:\/\/www.facebook.com\/bonnellorna\/\">Facebook<\/a> and <a href=\"https:\/\/www.instagram.com\/lornabonnel\/?hl=fr\">Instagram<\/a><\/p>\n<\/div><\/div><\/div>\n<\/div><div class=\"block block-core-heading\">\n<h2 class=\"wp-block-heading has-text-align-center has-luminous-vivid-amber-color has-text-color has-link-color wp-elements-0c2bc61b09abc10606f39e1b4e8a4bb4\">Her record <\/h2>\n<\/div><div class=\"block block-core-media-text\">\n<div class=\"wp-block-media-text is-stacked-on-mobile\"><figure class=\"wp-block-media-text__media\"><img loading=\"lazy\" decoding=\"async\" width=\"1024\" height=\"1024\" src=\"https:\/\/la-toussuire.com\/wp-content\/uploads\/\/485084846_18075197005692514_2336318562226226952_n-1024x1024.jpg\" alt=\"\" class=\"wp-image-37152 size-full\" srcset=\"https:\/\/la-toussuire.com\/wp-content\/uploads\/485084846_18075197005692514_2336318562226226952_n-1024x1024.jpg 1024w, https:\/\/la-toussuire.com\/wp-content\/uploads\/485084846_18075197005692514_2336318562226226952_n-300x300.jpg 300w, https:\/\/la-toussuire.com\/wp-content\/uploads\/485084846_18075197005692514_2336318562226226952_n-150x150.jpg 150w, https:\/\/la-toussuire.com\/wp-content\/uploads\/485084846_18075197005692514_2336318562226226952_n-768x768.jpg 768w, https:\/\/la-toussuire.com\/wp-content\/uploads\/485084846_18075197005692514_2336318562226226952_n.jpg 1440w\" sizes=\"auto, (max-width: 1024px) 100vw, 1024px\" \/><\/figure><div class=\"wp-block-media-text__content\"><div class=\"block block-core-heading\">\n<h2 class=\"wp-block-heading has-text-align-center has-luminous-vivid-amber-color has-text-color has-link-color wp-elements-d25b17b8a8af8caf4a7aeb2b36a3a695\">2025<\/h2>\n<\/div>\n\n<div class=\"block block-core-paragraph\">\n<p class=\"has-text-align-center\"><strong>1st <\/strong>in the 39th edition of the famous<strong> Pierra Menta<\/strong> in a duet with Axelle Mollaret! <\/p>\n<\/div>\n\n<div class=\"block block-core-paragraph\">\n<p class=\"has-text-align-center\"><strong>4th <\/strong>in the <strong>Ski Mountaineering World Cup <\/strong>held in Shahdag.<\/p>\n<\/div><\/div><\/div>\n<\/div><div class=\"block block-core-media-text align-wrap align-wrap-wide\">\n<div class=\"wp-block-media-text alignwide has-media-on-the-right is-stacked-on-mobile\"><div class=\"wp-block-media-text__content\"><div class=\"block block-core-heading\">\n<h2 class=\"wp-block-heading has-text-align-center has-luminous-vivid-amber-color has-text-color has-link-color wp-elements-2405bc9b077b3a654bd3a366c9eb7d8e\">2021<\/h2>\n<\/div>\n\n<div class=\"block block-core-paragraph\">\n<p class=\"has-text-align-center\"><strong>Bronze medal at the Long Distance World Championships<\/strong>(Pierra Menta) with Axelle Gachet Mollaret.2nd at Adamello with Marianna Jagercikova (Great Races circuit).<\/p>\n<\/div>\n\n<div class=\"block block-core-paragraph\">\n<p class=\"has-text-align-center\"><strong>Ranked among the top 10 in all individual World Cup events<\/strong> (8th in Verbier, 9th in Flaine, 7th in Val Martello, 9th in Madonna di Campiglio) ; Ranked 8th overall in the individual World Cup events.<\/p>\n<\/div>\n\n<div class=\"block block-core-paragraph\">\n<p><strong>French sprint vice-champion.<\/strong><\/p>\n<\/div>\n\n<div class=\"block block-core-paragraph\">\n<p class=\"has-text-align-center\">Ranked 1st in Full Crossing of the Maurienne Valley in Ski Mountaineering.<\/p>\n<\/div>\n\n<div class=\"block block-core-heading\">\n<h2 class=\"wp-block-heading has-text-align-center has-luminous-vivid-amber-color has-text-color has-link-color wp-elements-698812ff8ec43f4b3924749c3ff25504\"><strong>2020<\/strong><\/h2>\n<\/div>\n\n<div class=\"block block-core-paragraph\">\n<p class=\"has-text-align-center\"><strong>2020 was incredibly curtailed, as many competitions were cancelled due to COVID<\/strong>.She finished <strong>4th in the sprint World Cup in Germany<\/strong>, and 5th in the individual events rankings (8 and 9 February) <\/p>\n<\/div>\n\n<div class=\"block block-core-paragraph\">\n<p class=\"has-text-align-center\">5th in the individual World Cup events in Andorra, and 13th in the vertical race (25 and 26 January) <\/p>\n<\/div>\n\n<div class=\"block block-core-paragraph\">\n<p class=\"has-text-align-center\"><strong>French Vice-Champion in individual events<\/strong> (18 January)<\/p>\n<\/div><\/div><figure class=\"wp-block-media-text__media\"><img loading=\"lazy\" decoding=\"async\" width=\"960\" height=\"640\" src=\"https:\/\/la-toussuire.com\/wp-content\/uploads\/OTToussuire_Champions_Girl_Power_Lorna_Bonnel_Axelle_Mollaret_02\u00a9OTToussuire@La_Toussuire.jpg\" alt=\"Photo prise en hiver de jour lors d'une comp\u00e9tition de ski alpinisme en \u00e9quipe. Nous pouvons voir Lorna Bonne et Axelle Mollaret en action lors de la manche par \u00e9quipe\" class=\"wp-image-8198 size-full\" srcset=\"https:\/\/la-toussuire.com\/wp-content\/uploads\/OTToussuire_Champions_Girl_Power_Lorna_Bonnel_Axelle_Mollaret_02\u00a9OTToussuire@La_Toussuire.jpg 960w, https:\/\/la-toussuire.com\/wp-content\/uploads\/OTToussuire_Champions_Girl_Power_Lorna_Bonnel_Axelle_Mollaret_02\u00a9OTToussuire@La_Toussuire-300x200.jpg 300w, https:\/\/la-toussuire.com\/wp-content\/uploads\/OTToussuire_Champions_Girl_Power_Lorna_Bonnel_Axelle_Mollaret_02\u00a9OTToussuire@La_Toussuire-150x100.jpg 150w, https:\/\/la-toussuire.com\/wp-content\/uploads\/OTToussuire_Champions_Girl_Power_Lorna_Bonnel_Axelle_Mollaret_02\u00a9OTToussuire@La_Toussuire-768x512.jpg 768w\" sizes=\"auto, (max-width: 960px) 100vw, 960px\" \/><\/figure><\/div>\n<\/div><div class=\"block block-core-media-text align-wrap align-wrap-wide\">\n<div class=\"wp-block-media-text alignwide is-stacked-on-mobile\"><figure class=\"wp-block-media-text__media\"><img loading=\"lazy\" decoding=\"async\" width=\"561\" height=\"533\" src=\"https:\/\/la-toussuire.com\/wp-content\/uploads\/OTToussuire_Champions_Girl_Power_Lorna_Bonnel_Axelle_Mollaret_04\u00a9OTToussuire@La_Toussuire.jpg\" alt=\"Arriv\u00e9e finale d'une comp\u00e9tition de ski d'alpinisme. Nous voyons Lorna Bonnel et Axelle Mollaret terminant premi\u00e8re de la comp\u00e9tition main dans la main\" class=\"wp-image-8204 size-full\" srcset=\"https:\/\/la-toussuire.com\/wp-content\/uploads\/OTToussuire_Champions_Girl_Power_Lorna_Bonnel_Axelle_Mollaret_04\u00a9OTToussuire@La_Toussuire.jpg 561w, https:\/\/la-toussuire.com\/wp-content\/uploads\/OTToussuire_Champions_Girl_Power_Lorna_Bonnel_Axelle_Mollaret_04\u00a9OTToussuire@La_Toussuire-300x285.jpg 300w, https:\/\/la-toussuire.com\/wp-content\/uploads\/OTToussuire_Champions_Girl_Power_Lorna_Bonnel_Axelle_Mollaret_04\u00a9OTToussuire@La_Toussuire-150x143.jpg 150w\" sizes=\"auto, (max-width: 561px) 100vw, 561px\" \/><\/figure><div class=\"wp-block-media-text__content\"><div class=\"block block-core-heading\">\n<h2 class=\"wp-block-heading has-text-align-center\"><strong>2019<\/strong><\/h2>\n<\/div>\n\n<div class=\"block block-core-paragraph\">\n<p class=\"has-text-align-center\"><strong><u>World Championships in Villars, Switzerland :<\/u><\/strong><\/p>\n<\/div>\n\n<div class=\"block block-core-paragraph\">\n<p class=\"has-text-align-center\"><strong>Team World Champion<\/strong> with Axelle Mollaret <\/p>\n<\/div>\n\n<div class=\"block block-core-paragraph\">\n<p class=\"has-text-align-center\"><strong>Relay World Champion<\/strong> with Axelle Mollaret and <a href=\"https:\/\/la-toussuire.com\/en\/discover-la-toussuire\/resort-champions\/girl-power-the-current-generation\/lena-bonnel\/\" target=\"_blank\" rel=\"noreferrer noopener\">L\u00e9na Bonnel<\/a> <\/p>\n<\/div>\n\n<div class=\"block block-core-paragraph\">\n<p class=\"has-text-align-center\"><strong>Bronze medal in individual events<\/strong> &#8211; <strong>Bronze medal in combined event<\/strong> <\/p>\n<\/div>\n\n<div class=\"block block-core-paragraph\">\n<p class=\"has-text-align-center\">7<sup>th<\/sup> in sprint <strong><u>World Cup :<\/u><\/strong><\/p>\n<\/div>\n\n<div class=\"block block-core-paragraph\">\n<p class=\"has-text-align-center\">10<sup>th<\/sup> in individual events, and 12<sup>th<\/sup> in sprint, Austria<\/p>\n<\/div>\n\n<div class=\"block block-core-paragraph\">\n<p class=\"has-text-align-center\"><strong>3<sup>rd<\/sup> in individual events<\/strong>, and 10<sup>th<\/sup> in vertical race, Andorra<\/p>\n<\/div>\n\n<div class=\"block block-core-paragraph\">\n<p><strong>3<sup>rd<\/sup> in sprint<\/strong> and <strong>4<sup>th<\/sup> in individual events<\/strong>, Super D\u00e9voluy, France<\/p>\n<\/div>\n\n<div class=\"block block-core-paragraph\">\n<p class=\"has-text-align-center\"><strong>2<sup>nd<\/sup>in individual events<\/strong>, and 10<sup>th<\/sup> in vertical race, Disentis, Switzerland<\/p>\n<\/div>\n\n<div class=\"block block-core-paragraph\">\n<p class=\"has-text-align-center\"><strong>3<sup>rd<\/sup> in individual events<\/strong>, and 6<sup>th<\/sup> in sprint, Madonna di Campiglio, Italy ; 4<sup>th<\/sup> in the world ranking (ranking season World Cups and World Championships).<\/p>\n<\/div>\n\n<div class=\"block block-core-paragraph\">\n<p class=\"has-text-align-center\"><strong>6<sup>th<\/sup><\/strong> in the overall World Cup rankings, <strong>5<sup>th<\/sup><\/strong> in individual events, <strong>6<sup>th<\/sup><\/strong> in sprint, and <strong>14<sup>th<\/sup><\/strong> in vertical race.<\/p>\n<\/div>\n\n<div class=\"block block-core-paragraph\">\n<p class=\"has-text-align-center\"><strong><u>Mezzalama<\/u> : Team victory<\/strong> with Alba De Silvestro and Axelle Mollaret (Long Distance World Championships support &#8211; La Grande Course circuit)<\/p>\n<\/div><\/div><\/div>\n<\/div><div class=\"block block-core-media-text align-wrap align-wrap-wide\">\n<div class=\"wp-block-media-text alignwide has-media-on-the-right is-stacked-on-mobile\"><div class=\"wp-block-media-text__content\"><div class=\"block block-core-paragraph\">\n<p><strong><u>French championships :<\/u><\/strong><\/p>\n<\/div>\n\n<div class=\"block block-core-paragraph\">\n<p><strong>French vice-champion in individual event<\/strong>s<\/p>\n<\/div>\n\n<div class=\"block block-core-paragraph\">\n<p><strong>French vice-champion in sprint<\/strong><\/p>\n<\/div>\n\n<div class=\"block block-core-paragraph\">\n<p><strong>3<sup>rd<\/sup>French competitor in vertical race<\/strong> <\/p>\n<\/div>\n\n<div class=\"block block-core-paragraph\">\n<p>Victory in the Transcavallo team events with Alba De Silvestro (famous 3-day race in Italy).<\/p>\n<\/div>\n\n<div class=\"block block-core-paragraph\">\n<p>Winner of La Toussuire sprint.<\/p>\n<\/div>\n\n<div class=\"block block-core-paragraph\">\n<p>Winner of Dynastar x 3 (best women&#8217;s ski touring time) with L\u00e9na and <a href=\"https:\/\/la-toussuire.com\/decouvrez-la-station\/les-ambassadeurs-de-la-station\/girl-power-la-generation-actuelle\/candice-bonnel\/\" target=\"_blank\" rel=\"noreferrer noopener\">Candice Bonnel.<\/a><\/p>\n<\/div>\n\n<div class=\"block block-core-quote\">\n<blockquote class=\"wp-block-quote is-layout-flow wp-block-quote-is-layout-flow\"><div class=\"block block-core-paragraph\">\n<p>A year of training and competitions in numbers: 560h of exercise (including 220h of skiing), 4,858 km covered, 274,340 metres of altitude difference or more (including 140,000 metres or more of skiing). As well as 25 days of winter skiing races, and 13 vertical kilometres and cycling races in the summer.<\/p>\n<\/div><\/blockquote>\n<\/div><\/div><figure class=\"wp-block-media-text__media\"><img loading=\"lazy\" decoding=\"async\" width=\"828\" height=\"520\" src=\"https:\/\/la-toussuire.com\/wp-content\/uploads\/OTToussuire_Champions_Girl_Power_Lorna_Bonnel_Laura_Deplanche\u00a9LornaBonnel@La_Toussuire.jpg\" alt=\"Portrait of two La Toussuire athletes: Laura Deplanche and Lorna Bonnel\" class=\"wp-image-8207 size-full\" srcset=\"https:\/\/la-toussuire.com\/wp-content\/uploads\/OTToussuire_Champions_Girl_Power_Lorna_Bonnel_Laura_Deplanche\u00a9LornaBonnel@La_Toussuire.jpg 828w, https:\/\/la-toussuire.com\/wp-content\/uploads\/OTToussuire_Champions_Girl_Power_Lorna_Bonnel_Laura_Deplanche\u00a9LornaBonnel@La_Toussuire-300x188.jpg 300w, https:\/\/la-toussuire.com\/wp-content\/uploads\/OTToussuire_Champions_Girl_Power_Lorna_Bonnel_Laura_Deplanche\u00a9LornaBonnel@La_Toussuire-150x94.jpg 150w, https:\/\/la-toussuire.com\/wp-content\/uploads\/OTToussuire_Champions_Girl_Power_Lorna_Bonnel_Laura_Deplanche\u00a9LornaBonnel@La_Toussuire-768x482.jpg 768w\" sizes=\"auto, (max-width: 828px) 100vw, 828px\" \/><\/figure><\/div>\n<\/div><div class=\"block block-core-media-text align-wrap align-wrap-wide\">\n<div class=\"wp-block-media-text alignwide is-stacked-on-mobile\"><figure class=\"wp-block-media-text__media\"><img loading=\"lazy\" decoding=\"async\" width=\"960\" height=\"640\" src=\"https:\/\/la-toussuire.com\/wp-content\/uploads\/OTToussuire_Champions_Girl_Power_Lorna_Bonnel_Axelle_Mollaret_03\u00a9OTToussuire@La_Toussuire.jpg\" alt=\"Photo prise en hiver de jour et en contre plong\u00e9e. nous pouvons voir Lorna Bonne et Axelle Mollaret en train d'enlever les peaux sous les skis\" class=\"wp-image-8201 size-full\" srcset=\"https:\/\/la-toussuire.com\/wp-content\/uploads\/OTToussuire_Champions_Girl_Power_Lorna_Bonnel_Axelle_Mollaret_03\u00a9OTToussuire@La_Toussuire.jpg 960w, https:\/\/la-toussuire.com\/wp-content\/uploads\/OTToussuire_Champions_Girl_Power_Lorna_Bonnel_Axelle_Mollaret_03\u00a9OTToussuire@La_Toussuire-300x200.jpg 300w, https:\/\/la-toussuire.com\/wp-content\/uploads\/OTToussuire_Champions_Girl_Power_Lorna_Bonnel_Axelle_Mollaret_03\u00a9OTToussuire@La_Toussuire-150x100.jpg 150w, https:\/\/la-toussuire.com\/wp-content\/uploads\/OTToussuire_Champions_Girl_Power_Lorna_Bonnel_Axelle_Mollaret_03\u00a9OTToussuire@La_Toussuire-768x512.jpg 768w\" sizes=\"auto, (max-width: 960px) 100vw, 960px\" \/><\/figure><div class=\"wp-block-media-text__content\"><div class=\"block block-core-heading\">\n<h2 class=\"wp-block-heading has-text-align-center has-luminous-vivid-amber-color has-text-color has-link-color wp-elements-29a12eceff9c126f9fef99eb573e2aad\"><strong>2018<\/strong><\/h2>\n<\/div>\n\n<div class=\"block block-core-paragraph\">\n<p class=\"has-text-align-center\">In 2018, despite a persistent flu that ruined much of her winter, Lorna&#8217;s results were more than excellent :<\/p>\n<\/div>\n\n<div class=\"block block-core-paragraph\">\n<p class=\"has-text-align-left\"><strong>5th in the Individual World Cup events at Madonna di Campiglio<\/strong> and 6th in the Sprint event <\/p>\n<\/div>\n\n<div class=\"block block-core-paragraph\">\n<p> 3rd in the Tour du Rutor with S\u00e9verine Pont Combe &#8211; Vice French Sprint Champion and 3rd in the Vertical Race event <\/p>\n<\/div>\n\n<div class=\"block block-core-paragraph\">\n<p><strong>Team ski mountaineering world champion with Axelle Mollaret in Piancavallo (Italy), 26 February 2017.<\/strong><\/p>\n<\/div>\n\n<div class=\"block block-core-heading\">\n<h2 class=\"wp-block-heading has-text-align-center has-luminous-vivid-amber-color has-text-color has-link-color wp-elements-23f049fc177c5dab81ca316dee3c6600\"><strong>2017<\/strong><\/h2>\n<\/div>\n\n<div class=\"block block-core-paragraph\">\n<p class=\"has-text-align-center\"><strong>Team ski mountaineering world champion with Axelle Mollaret in Piancavallo (Italy), 26 February 2017<\/strong> <\/p>\n<\/div>\n\n<div class=\"block block-core-paragraph\">\n<p class=\"has-text-align-center\"><strong>&#8211; 11th in Individual events, 11th in Sprint and 4th in Combined.<\/strong> <\/p>\n<\/div>\n\n<div class=\"block block-core-paragraph\">\n<p class=\"has-text-align-center\">Lorna and Axelle also finished 3rd in the Pierra Menta, in 2017. <\/p>\n<\/div>\n\n<div class=\"block block-core-paragraph\">\n<p class=\"has-text-align-center\"><strong>French championships :<\/strong> &#8211; 3rd place in the individual race &#8211; 6th in the sprint <\/p>\n<\/div>\n\n<div class=\"block block-core-paragraph\">\n<p class=\"has-text-align-center\">3rd in the Vertical Race &#8211; <strong>Albaron women&#8217;s record: 2h36&#8217;36&#8221;<\/strong><\/p>\n<\/div><\/div><\/div>\n<\/div><div class=\"block block-core-media-text align-wrap align-wrap-wide\">\n<div class=\"wp-block-media-text alignwide has-media-on-the-right is-stacked-on-mobile\" style=\"grid-template-columns:auto 47%\"><div class=\"wp-block-media-text__content\"><div class=\"block block-core-heading\">\n<h2 class=\"wp-block-heading has-text-align-center has-luminous-vivid-amber-color has-text-color has-link-color wp-elements-b0287388e87e3c973dfcf1fa2a0db0d3\"><strong>2016<\/strong><\/h2>\n<\/div>\n\n<div class=\"block block-core-paragraph\">\n<p class=\"has-text-align-center\"><strong>FFME French Team Champion (with Laetitia Roux)<\/strong> <\/p>\n<\/div>\n\n<div class=\"block block-core-paragraph\">\n<p class=\"has-text-align-center\"><strong>5th in the World Cup, individual event, Mondole.<\/strong> <\/p>\n<\/div>\n\n<div class=\"block block-core-paragraph\">\n<p class=\"has-text-align-center\"><strong>\u2013 7<sup>th<\/sup>in the individual events and 8<sup>th<\/sup> in the sprint : 3rd stage of the Transcavallo World Cup, Italy<\/strong> <\/p>\n<\/div>\n\n<div class=\"block block-core-paragraph\">\n<p class=\"has-text-align-center\"><strong>\u2013 12<sup>th<\/sup> in the individual event and 12<sup>th<\/sup> in sprint: 2nd stage of the World Cup Valtellina Orobie, Italy<\/strong> <\/p>\n<\/div>\n\n<div class=\"block block-core-paragraph\">\n<p class=\"has-text-align-center\">13<sup>th<\/sup>in the individual events at European Championships, and 16<sup>th<\/sup> in the sprint in Les Mar\u00e9cottes, Switzerland <\/p>\n<\/div>\n\n<div class=\"block block-core-paragraph\">\n<p class=\"has-text-align-center\">16<sup>th<\/sup> in the individual event and 18<sup>th<\/sup>in the vertical race: 1st stage of the World Cup in Andorra<\/p>\n<\/div>\n\n<div class=\"block block-core-heading\">\n<h2 class=\"wp-block-heading has-text-align-center has-luminous-vivid-amber-color has-text-color has-link-color wp-elements-9271b82ffa215961b0dc79c6a0e8cc68\">2015<\/h2>\n<\/div>\n\n<div class=\"block block-core-paragraph\">\n<p>FFME <strong>French Team Champion<\/strong> (with Laetitia Roux) <\/p>\n<\/div>\n\n<div class=\"block block-core-paragraph\">\n<p>FFCAM French Individual events and <strong>Team Champion<\/strong> <\/p>\n<\/div>\n\n<div class=\"block block-core-paragraph\">\n<p><strong>10<sup>th<\/sup><\/strong>at the Puy St Vincent Sprint World Cup <\/p>\n<\/div>\n\n<div class=\"block block-core-paragraph\">\n<p><strong>6<sup>th<\/sup><\/strong> at Adamello, Italy (with Valentine Fabre) (&#8220;Grande Course&#8221; race)<strong>.<\/strong> <\/p>\n<\/div>\n\n<div class=\"block block-core-paragraph\">\n<p><strong>8<sup>th<\/sup><\/strong> at Pierra Menta (with Candice Bonnel) (&#8220;Grande Course&#8221; race)<\/p>\n<\/div>\n\n<div class=\"block block-core-heading\">\n<h2 class=\"wp-block-heading has-text-align-center has-luminous-vivid-amber-color has-text-color has-link-color wp-elements-1ecabab747bd31013cbe4945524a66ef\">2014<\/h2>\n<\/div>\n\n<div class=\"block block-core-paragraph\">\n<p><strong>FFME French vice-champion<\/strong>, team event (with Blandine Ducrest) <\/p>\n<\/div>\n\n<div class=\"block block-core-paragraph\">\n<p>FFCAM<strong>French champion<\/strong>, team event (with Blandine Ducrest) <\/p>\n<\/div>\n\n<div class=\"block block-core-paragraph\">\n<p>FFCAM <strong>French Vice-champion<\/strong> <\/p>\n<\/div>\n\n<div class=\"block block-core-paragraph\">\n<p>9<sup>th<\/sup> at the Patrouille des Glaciers, Switzerland (&#8220;Grande Course&#8221; circuit) <\/p>\n<\/div>\n\n<div class=\"block block-core-paragraph\">\n<p><strong>1<sup>st<\/sup><\/strong> in the Transvanoise <\/p>\n<\/div>\n\n<div class=\"block block-core-heading\">\n<h2 class=\"wp-block-heading has-text-align-center has-luminous-vivid-amber-color has-text-color has-link-color wp-elements-89adb907801741974b6de12d6aaf70f7\">2013  <\/h2>\n<\/div>\n\n<div class=\"block block-core-paragraph\">\n<p><strong>9<sup>th<\/sup><\/strong> at the Mezzalama, Italy (&#8220;Grande Course&#8221; circuit), <\/p>\n<\/div>\n\n<div class=\"block block-core-paragraph\">\n<p>1<sup>st<\/sup> at the Grand B\u00e9al in 2013, 2014, 2015<\/p>\n<\/div><\/div><figure class=\"wp-block-media-text__media\"><img loading=\"lazy\" decoding=\"async\" width=\"684\" height=\"912\" src=\"https:\/\/la-toussuire.com\/wp-content\/uploads\/OTToussuire_Champions_Girl_Power_Galerie\u00a9CandiceBonnel@La_Toussuire.jpg\" alt=\"Photo au format vertical prise en hiver avec nos sportifs f\u00e9minines en ski alpinisme. Nous pouvons voir nos quatre sportives en tenue de l'\u00e9quipe de France. De gauche \u00e0 droite : Lorna Bonnel, Candice Bonnel, L\u00e9na Bonnel et Laura Deplanche\" class=\"wp-image-8157 size-full\" srcset=\"https:\/\/la-toussuire.com\/wp-content\/uploads\/OTToussuire_Champions_Girl_Power_Galerie\u00a9CandiceBonnel@La_Toussuire.jpg 684w, https:\/\/la-toussuire.com\/wp-content\/uploads\/OTToussuire_Champions_Girl_Power_Galerie\u00a9CandiceBonnel@La_Toussuire-225x300.jpg 225w, https:\/\/la-toussuire.com\/wp-content\/uploads\/OTToussuire_Champions_Girl_Power_Galerie\u00a9CandiceBonnel@La_Toussuire-113x150.jpg 113w\" sizes=\"auto, (max-width: 684px) 100vw, 684px\" \/><\/figure><\/div>\n<\/div>","protected":false},"excerpt":{"rendered":"<p>Twice Team World Champion with Axelle Mollaret Lorna Bonnel is a ski instructor at ESF La Toussuire, and a medium mountain guide at La Toussuire Mountaineering Office. She started ski mountaineering in 2013 in the senior (adult) category and has since excelled in this sport. Follow her on social networks : Facebook and Instagram Her [&hellip;]<\/p>\n","protected":false},"author":2,"featured_media":8215,"parent":10327,"menu_order":1,"comment_status":"closed","ping_status":"closed","template":"page-template.php","meta":{"_acf_changed":false,"footnotes":""},"class_list":["post-10339","page","type-page","status-publish","has-post-thumbnail","hentry"],"acf":[],"yoast_head":"<!-- This site is optimized with the Yoast SEO plugin v27.1.1 - https:\/\/yoast.com\/product\/yoast-seo-wordpress\/ -->\n<title>Lorna Bonnel - La Toussuire<\/title>\n<meta name=\"description\" content=\"Lorna Bonnel is our twice world champion of ski mountaineering (skimo), in the team and relay events with Axelle Mollaret\" \/>\n<meta name=\"robots\" content=\"index, follow, max-snippet:-1, max-image-preview:large, max-video-preview:-1\" \/>\n<link rel=\"canonical\" href=\"https:\/\/la-toussuire.com\/en\/discover-la-toussuire\/resort-champions\/girl-power-the-current-generation\/lorna-bonnel\/\" \/>\n<meta property=\"og:locale\" content=\"en_US\" \/>\n<meta property=\"og:type\" content=\"article\" \/>\n<meta property=\"og:title\" content=\"Lorna Bonnel - La Toussuire\" \/>\n<meta property=\"og:description\" content=\"Lorna Bonnel is our twice world champion of ski mountaineering (skimo), in the team and relay events with Axelle Mollaret\" \/>\n<meta property=\"og:url\" content=\"https:\/\/la-toussuire.com\/en\/discover-la-toussuire\/resort-champions\/girl-power-the-current-generation\/lorna-bonnel\/\" \/>\n<meta property=\"og:site_name\" content=\"La Toussuire\" \/>\n<meta property=\"article:modified_time\" content=\"2025-05-12T07:52:27+00:00\" \/>\n<meta property=\"og:image\" content=\"https:\/\/la-toussuire.com\/wp-content\/uploads\/OTToussuire_Champions_Girl_Power_Lorna_Bonnel_Presentation\u00a9BarbaraCovarel@La_Toussuire.jpg\" \/>\n\t<meta property=\"og:image:width\" content=\"1024\" \/>\n\t<meta property=\"og:image:height\" content=\"683\" \/>\n\t<meta property=\"og:image:type\" content=\"image\/jpeg\" \/>\n<meta name=\"twitter:card\" content=\"summary_large_image\" \/>\n<meta name=\"twitter:label1\" content=\"Est. reading time\" \/>\n\t<meta name=\"twitter:data1\" content=\"4 minutes\" \/>\n<script type=\"application\/ld+json\" class=\"yoast-schema-graph\">{\"@context\":\"https:\/\/schema.org\",\"@graph\":[{\"@type\":\"WebPage\",\"@id\":\"https:\/\/la-toussuire.com\/en\/discover-la-toussuire\/resort-champions\/girl-power-the-current-generation\/lorna-bonnel\/\",\"url\":\"https:\/\/la-toussuire.com\/en\/discover-la-toussuire\/resort-champions\/girl-power-the-current-generation\/lorna-bonnel\/\",\"name\":\"Lorna Bonnel - La Toussuire\",\"isPartOf\":{\"@id\":\"https:\/\/la-toussuire.com\/en\/#website\"},\"primaryImageOfPage\":{\"@id\":\"https:\/\/la-toussuire.com\/en\/discover-la-toussuire\/resort-champions\/girl-power-the-current-generation\/lorna-bonnel\/#primaryimage\"},\"image\":{\"@id\":\"https:\/\/la-toussuire.com\/en\/discover-la-toussuire\/resort-champions\/girl-power-the-current-generation\/lorna-bonnel\/#primaryimage\"},\"thumbnailUrl\":\"https:\/\/la-toussuire.com\/wp-content\/uploads\/OTToussuire_Champions_Girl_Power_Lorna_Bonnel_Presentation\u00a9BarbaraCovarel@La_Toussuire.jpg\",\"datePublished\":\"2022-08-11T15:44:17+00:00\",\"dateModified\":\"2025-05-12T07:52:27+00:00\",\"description\":\"Lorna Bonnel is our twice world champion of ski mountaineering (skimo), in the team and relay events with Axelle Mollaret\",\"breadcrumb\":{\"@id\":\"https:\/\/la-toussuire.com\/en\/discover-la-toussuire\/resort-champions\/girl-power-the-current-generation\/lorna-bonnel\/#breadcrumb\"},\"inLanguage\":\"en-US\",\"potentialAction\":[{\"@type\":\"ReadAction\",\"target\":[\"https:\/\/la-toussuire.com\/en\/discover-la-toussuire\/resort-champions\/girl-power-the-current-generation\/lorna-bonnel\/\"]}]},{\"@type\":\"ImageObject\",\"inLanguage\":\"en-US\",\"@id\":\"https:\/\/la-toussuire.com\/en\/discover-la-toussuire\/resort-champions\/girl-power-the-current-generation\/lorna-bonnel\/#primaryimage\",\"url\":\"https:\/\/la-toussuire.com\/wp-content\/uploads\/OTToussuire_Champions_Girl_Power_Lorna_Bonnel_Presentation\u00a9BarbaraCovarel@La_Toussuire.jpg\",\"contentUrl\":\"https:\/\/la-toussuire.com\/wp-content\/uploads\/OTToussuire_Champions_Girl_Power_Lorna_Bonnel_Presentation\u00a9BarbaraCovarel@La_Toussuire.jpg\",\"width\":1024,\"height\":683,\"caption\":\"Lorna Bonnel\"},{\"@type\":\"BreadcrumbList\",\"@id\":\"https:\/\/la-toussuire.com\/en\/discover-la-toussuire\/resort-champions\/girl-power-the-current-generation\/lorna-bonnel\/#breadcrumb\",\"itemListElement\":[{\"@type\":\"ListItem\",\"position\":1,\"name\":\"Home\",\"item\":\"https:\/\/la-toussuire.com\/en\/\"},{\"@type\":\"ListItem\",\"position\":2,\"name\":\"I&#8217;m exploring\",\"item\":\"https:\/\/la-toussuire.com\/en\/discover-la-toussuire\/\"},{\"@type\":\"ListItem\",\"position\":3,\"name\":\"Our champions\",\"item\":\"https:\/\/la-toussuire.com\/en\/discover-la-toussuire\/resort-champions\/\"},{\"@type\":\"ListItem\",\"position\":4,\"name\":\"GIRL POWER = The current generation\",\"item\":\"https:\/\/la-toussuire.com\/en\/discover-la-toussuire\/resort-champions\/girl-power-the-current-generation\/\"},{\"@type\":\"ListItem\",\"position\":5,\"name\":\"Lorna Bonnel\"}]},{\"@type\":\"WebSite\",\"@id\":\"https:\/\/la-toussuire.com\/en\/#website\",\"url\":\"https:\/\/la-toussuire.com\/en\/\",\"name\":\"La Toussuire\",\"description\":\"\",\"publisher\":{\"@id\":\"https:\/\/la-toussuire.com\/en\/#organization\"},\"potentialAction\":[{\"@type\":\"SearchAction\",\"target\":{\"@type\":\"EntryPoint\",\"urlTemplate\":\"https:\/\/la-toussuire.com\/en\/?s={search_term_string}\"},\"query-input\":{\"@type\":\"PropertyValueSpecification\",\"valueRequired\":true,\"valueName\":\"search_term_string\"}}],\"inLanguage\":\"en-US\"},{\"@type\":\"Organization\",\"@id\":\"https:\/\/la-toussuire.com\/en\/#organization\",\"name\":\"La Toussuire\",\"url\":\"https:\/\/la-toussuire.com\/en\/\",\"logo\":{\"@type\":\"ImageObject\",\"inLanguage\":\"en-US\",\"@id\":\"https:\/\/la-toussuire.com\/en\/#\/schema\/logo\/image\/\",\"url\":\"https:\/\/la-toussuire.com\/wp-content\/uploads\/cropped-Nouveau-LA-TOUSSUIRE_Logo_Plan-de-travail-1-02.png\",\"contentUrl\":\"https:\/\/la-toussuire.com\/wp-content\/uploads\/cropped-Nouveau-LA-TOUSSUIRE_Logo_Plan-de-travail-1-02.png\",\"width\":591,\"height\":591,\"caption\":\"La Toussuire\"},\"image\":{\"@id\":\"https:\/\/la-toussuire.com\/en\/#\/schema\/logo\/image\/\"}}]}<\/script>\n<!-- \/ Yoast SEO plugin. -->","yoast_head_json":{"title":"Lorna Bonnel - La Toussuire","description":"Lorna Bonnel is our twice world champion of ski mountaineering (skimo), in the team and relay events with Axelle Mollaret","robots":{"index":"index","follow":"follow","max-snippet":"max-snippet:-1","max-image-preview":"max-image-preview:large","max-video-preview":"max-video-preview:-1"},"canonical":"https:\/\/la-toussuire.com\/en\/discover-la-toussuire\/resort-champions\/girl-power-the-current-generation\/lorna-bonnel\/","og_locale":"en_US","og_type":"article","og_title":"Lorna Bonnel - La Toussuire","og_description":"Lorna Bonnel is our twice world champion of ski mountaineering (skimo), in the team and relay events with Axelle Mollaret","og_url":"https:\/\/la-toussuire.com\/en\/discover-la-toussuire\/resort-champions\/girl-power-the-current-generation\/lorna-bonnel\/","og_site_name":"La Toussuire","article_modified_time":"2025-05-12T07:52:27+00:00","og_image":[{"width":1024,"height":683,"url":"https:\/\/la-toussuire.com\/wp-content\/uploads\/OTToussuire_Champions_Girl_Power_Lorna_Bonnel_Presentation\u00a9BarbaraCovarel@La_Toussuire.jpg","type":"image\/jpeg"}],"twitter_card":"summary_large_image","twitter_misc":{"Est. reading time":"4 minutes"},"schema":{"@context":"https:\/\/schema.org","@graph":[{"@type":"WebPage","@id":"https:\/\/la-toussuire.com\/en\/discover-la-toussuire\/resort-champions\/girl-power-the-current-generation\/lorna-bonnel\/","url":"https:\/\/la-toussuire.com\/en\/discover-la-toussuire\/resort-champions\/girl-power-the-current-generation\/lorna-bonnel\/","name":"Lorna Bonnel - La Toussuire","isPartOf":{"@id":"https:\/\/la-toussuire.com\/en\/#website"},"primaryImageOfPage":{"@id":"https:\/\/la-toussuire.com\/en\/discover-la-toussuire\/resort-champions\/girl-power-the-current-generation\/lorna-bonnel\/#primaryimage"},"image":{"@id":"https:\/\/la-toussuire.com\/en\/discover-la-toussuire\/resort-champions\/girl-power-the-current-generation\/lorna-bonnel\/#primaryimage"},"thumbnailUrl":"https:\/\/la-toussuire.com\/wp-content\/uploads\/OTToussuire_Champions_Girl_Power_Lorna_Bonnel_Presentation\u00a9BarbaraCovarel@La_Toussuire.jpg","datePublished":"2022-08-11T15:44:17+00:00","dateModified":"2025-05-12T07:52:27+00:00","description":"Lorna Bonnel is our twice world champion of ski mountaineering (skimo), in the team and relay events with Axelle Mollaret","breadcrumb":{"@id":"https:\/\/la-toussuire.com\/en\/discover-la-toussuire\/resort-champions\/girl-power-the-current-generation\/lorna-bonnel\/#breadcrumb"},"inLanguage":"en-US","potentialAction":[{"@type":"ReadAction","target":["https:\/\/la-toussuire.com\/en\/discover-la-toussuire\/resort-champions\/girl-power-the-current-generation\/lorna-bonnel\/"]}]},{"@type":"ImageObject","inLanguage":"en-US","@id":"https:\/\/la-toussuire.com\/en\/discover-la-toussuire\/resort-champions\/girl-power-the-current-generation\/lorna-bonnel\/#primaryimage","url":"https:\/\/la-toussuire.com\/wp-content\/uploads\/OTToussuire_Champions_Girl_Power_Lorna_Bonnel_Presentation\u00a9BarbaraCovarel@La_Toussuire.jpg","contentUrl":"https:\/\/la-toussuire.com\/wp-content\/uploads\/OTToussuire_Champions_Girl_Power_Lorna_Bonnel_Presentation\u00a9BarbaraCovarel@La_Toussuire.jpg","width":1024,"height":683,"caption":"Lorna Bonnel"},{"@type":"BreadcrumbList","@id":"https:\/\/la-toussuire.com\/en\/discover-la-toussuire\/resort-champions\/girl-power-the-current-generation\/lorna-bonnel\/#breadcrumb","itemListElement":[{"@type":"ListItem","position":1,"name":"Home","item":"https:\/\/la-toussuire.com\/en\/"},{"@type":"ListItem","position":2,"name":"I&#8217;m exploring","item":"https:\/\/la-toussuire.com\/en\/discover-la-toussuire\/"},{"@type":"ListItem","position":3,"name":"Our champions","item":"https:\/\/la-toussuire.com\/en\/discover-la-toussuire\/resort-champions\/"},{"@type":"ListItem","position":4,"name":"GIRL POWER = The current generation","item":"https:\/\/la-toussuire.com\/en\/discover-la-toussuire\/resort-champions\/girl-power-the-current-generation\/"},{"@type":"ListItem","position":5,"name":"Lorna Bonnel"}]},{"@type":"WebSite","@id":"https:\/\/la-toussuire.com\/en\/#website","url":"https:\/\/la-toussuire.com\/en\/","name":"La Toussuire","description":"","publisher":{"@id":"https:\/\/la-toussuire.com\/en\/#organization"},"potentialAction":[{"@type":"SearchAction","target":{"@type":"EntryPoint","urlTemplate":"https:\/\/la-toussuire.com\/en\/?s={search_term_string}"},"query-input":{"@type":"PropertyValueSpecification","valueRequired":true,"valueName":"search_term_string"}}],"inLanguage":"en-US"},{"@type":"Organization","@id":"https:\/\/la-toussuire.com\/en\/#organization","name":"La Toussuire","url":"https:\/\/la-toussuire.com\/en\/","logo":{"@type":"ImageObject","inLanguage":"en-US","@id":"https:\/\/la-toussuire.com\/en\/#\/schema\/logo\/image\/","url":"https:\/\/la-toussuire.com\/wp-content\/uploads\/cropped-Nouveau-LA-TOUSSUIRE_Logo_Plan-de-travail-1-02.png","contentUrl":"https:\/\/la-toussuire.com\/wp-content\/uploads\/cropped-Nouveau-LA-TOUSSUIRE_Logo_Plan-de-travail-1-02.png","width":591,"height":591,"caption":"La Toussuire"},"image":{"@id":"https:\/\/la-toussuire.com\/en\/#\/schema\/logo\/image\/"}}]}},"_links":{"self":[{"href":"https:\/\/la-toussuire.com\/en\/wp-json\/wp\/v2\/pages\/10339","targetHints":{"allow":["GET"]}}],"collection":[{"href":"https:\/\/la-toussuire.com\/en\/wp-json\/wp\/v2\/pages"}],"about":[{"href":"https:\/\/la-toussuire.com\/en\/wp-json\/wp\/v2\/types\/page"}],"author":[{"embeddable":true,"href":"https:\/\/la-toussuire.com\/en\/wp-json\/wp\/v2\/users\/2"}],"replies":[{"embeddable":true,"href":"https:\/\/la-toussuire.com\/en\/wp-json\/wp\/v2\/comments?post=10339"}],"version-history":[{"count":5,"href":"https:\/\/la-toussuire.com\/en\/wp-json\/wp\/v2\/pages\/10339\/revisions"}],"predecessor-version":[{"id":37938,"href":"https:\/\/la-toussuire.com\/en\/wp-json\/wp\/v2\/pages\/10339\/revisions\/37938"}],"up":[{"embeddable":true,"href":"https:\/\/la-toussuire.com\/en\/wp-json\/wp\/v2\/pages\/10327"}],"wp:featuredmedia":[{"embeddable":true,"href":"https:\/\/la-toussuire.com\/en\/wp-json\/wp\/v2\/media\/8215"}],"wp:attachment":[{"href":"https:\/\/la-toussuire.com\/en\/wp-json\/wp\/v2\/media?parent=10339"}],"curies":[{"name":"wp","href":"https:\/\/api.w.org\/{rel}","templated":true}]}}